{"id":349,"date":"2024-12-01T12:05:58","date_gmt":"2024-12-01T11:05:58","guid":{"rendered":"https:\/\/demj.bplaced.net\/tv\/?page_id=349"},"modified":"2025-08-19T17:29:47","modified_gmt":"2025-08-19T15:29:47","slug":"liedertexte","status":"publish","type":"page","link":"https:\/\/demj.bplaced.net\/tv\/liedertexte\/","title":{"rendered":"Liedertexte"},"content":{"rendered":"\n<p><\/p>\n\n\n\n<p id=\"Inhaltsverzeichnis\"><strong>Inhaltsverzeichnis<\/strong><\/p>\n\n\n\n<p>1&nbsp;&nbsp;&nbsp;&nbsp; <a href=\"#1a\" data-type=\"internal\" data-id=\"#1a\">Turner, auf zum Streite<\/a><\/p>\n\n\n\n<p>&nbsp;&nbsp;&nbsp;&nbsp;&nbsp;&nbsp; <a href=\"#1b\" data-type=\"internal\" data-id=\"#1b\">Ein Ruf ist erklungen<\/a><\/p>\n\n\n\n<p>2&nbsp;&nbsp;&nbsp;&nbsp; <a href=\"#2a\" data-type=\"internal\" data-id=\"#2a\">Bin ein fahrender Gesell<\/a><\/p>\n\n\n\n<p>&nbsp;&nbsp;&nbsp;&nbsp;&nbsp;&nbsp; <a href=\"#2b\" data-type=\"internal\" data-id=\"#2b\">L\u00fctzows wilde Jagt<\/a><\/p>\n\n\n\n<p>3&nbsp;&nbsp;&nbsp;&nbsp; <a href=\"#3\" data-type=\"internal\" data-id=\"#3\">Wenn wir marschieren<\/a><\/p>\n\n\n\n<p>4&nbsp;&nbsp;&nbsp;&nbsp; <a href=\"#4a\" data-type=\"internal\" data-id=\"#4a\">Wilde Gesellen<\/a><\/p>\n\n\n\n<p>&nbsp;&nbsp;&nbsp;&nbsp;&nbsp;&nbsp; <a href=\"#4b\" data-type=\"internal\" data-id=\"#4b\">Es klappert der Huf am Stege<\/a><\/p>\n\n\n\n<p>5&nbsp;&nbsp;&nbsp;&nbsp; <a href=\"#5a\" data-type=\"internal\" data-id=\"#5a\">Aus grauer St\u00e4dte Mauern<\/a><\/p>\n\n\n\n<p>&nbsp;&nbsp;&nbsp;&nbsp;&nbsp;&nbsp; <a href=\"#5b\" data-type=\"internal\" data-id=\"#5b\">Wir ziehen \u00fcber die Stra\u00dfen<\/a><\/p>\n\n\n\n<p>6&nbsp;&nbsp;&nbsp;&nbsp; <a href=\"#6\" data-type=\"internal\" data-id=\"#6\">Wohl ist die Welt so gro\u00df und weit<\/a><\/p>\n\n\n\n<p>7&nbsp;&nbsp;&nbsp;&nbsp; <a href=\"#7a\" data-type=\"internal\" data-id=\"#7a\">Wir sind durch Deutschland gefahren<\/a><\/p>\n\n\n\n<p>&nbsp;&nbsp;&nbsp;&nbsp;&nbsp;&nbsp; <a href=\"#7b\" data-type=\"internal\" data-id=\"#7b\">Wenn die bunten Fahnen wehen<\/a><\/p>\n\n\n\n<p>8&nbsp;&nbsp;&nbsp;&nbsp; <a href=\"#8a\" data-type=\"internal\" data-id=\"#8a\">Das Sch\u00f6nste auf der Welt<\/a><\/p>\n\n\n\n<p>&nbsp;&nbsp;&nbsp;&nbsp;&nbsp;&nbsp; <a href=\"#8b\" data-type=\"internal\" data-id=\"#8b\">Lindenwirtin<\/a><\/p>\n\n\n\n<p>9&nbsp;&nbsp;&nbsp;&nbsp; <a href=\"#9a\" data-type=\"internal\" data-id=\"#9a\">Wenn wir erklimmen<\/a><\/p>\n\n\n\n<p>&nbsp;&nbsp;&nbsp;&nbsp;&nbsp;&nbsp; <a href=\"#9b\" data-type=\"internal\" data-id=\"#9b\">Schwarzbraun ist die Haselnuss<\/a><\/p>\n\n\n\n<p>&nbsp;&nbsp;&nbsp;&nbsp;&nbsp;&nbsp; <a href=\"#9c\" data-type=\"internal\" data-id=\"#9c\">Steig ich den Berg hinan<\/a><\/p>\n\n\n\n<p>10&nbsp;&nbsp; <a href=\"#10a\" data-type=\"internal\" data-id=\"#10a\">In Junkers Kneipe<\/a><\/p>\n\n\n\n<p>&nbsp;&nbsp;&nbsp;&nbsp;&nbsp;&nbsp; <a href=\"#10b\" data-type=\"internal\" data-id=\"#10b\">Westerwald<\/a><\/p>\n\n\n\n<p>&nbsp;&nbsp;&nbsp;&nbsp;&nbsp;&nbsp;<a href=\"#10c\" data-type=\"internal\" data-id=\"#10c\"> Die blauen Dragoner sie reiten<\/a><\/p>\n\n\n\n<p>11&nbsp;&nbsp; <a href=\"#11a\" data-type=\"internal\" data-id=\"#11a\">Der Weg zu mein Dirndl ist stoani<\/a><\/p>\n\n\n\n<p>&nbsp;&nbsp;&nbsp;&nbsp;&nbsp;&nbsp; <a href=\"#11b\" data-type=\"internal\" data-id=\"#11b\">Wir lieben die St\u00fcrme<\/a><\/p>\n\n\n\n<p>&nbsp;&nbsp;&nbsp;&nbsp;&nbsp;&nbsp; <a href=\"#11c\" data-type=\"internal\" data-id=\"#11c\">Hoch auf dem gelben Wagen<\/a><\/p>\n\n\n\n<p>12&nbsp;&nbsp; <a href=\"#12a\" data-type=\"internal\" data-id=\"#12a\">Steirischer Brauch<\/a><\/p>\n\n\n\n<p>&nbsp;&nbsp;&nbsp;&nbsp;&nbsp;&nbsp; <a href=\"#12b\" data-type=\"internal\" data-id=\"#12b\">Ade zur guten Nacht<\/a><\/p>\n\n\n\n<p>&nbsp;&nbsp;&nbsp;&nbsp;&nbsp;&nbsp; <a href=\"#12c\" data-type=\"internal\" data-id=\"#12c\">Gute Nacht Kameraden<\/a><\/p>\n\n\n\n<p>13&nbsp;&nbsp; <a href=\"#13a\" data-type=\"internal\" data-id=\"#13a\">Die sch\u00f6ne Burgenl\u00e4nderin<\/a><\/p>\n\n\n\n<p>&nbsp;&nbsp;&nbsp;&nbsp;&nbsp;&nbsp; <a href=\"#13b\" data-type=\"internal\" data-id=\"#13b\">Kein sch\u00f6ner Land<\/a><\/p>\n\n\n\n<p>&nbsp;&nbsp;&nbsp;&nbsp;&nbsp;&nbsp; <a href=\"#13c\">Lustig ist das Zigeunerleben<\/a><\/p>\n\n\n\n<p>14&nbsp;&nbsp; <a href=\"#14a\">Muss i denn<\/a><\/p>\n\n\n\n<p>&nbsp;&nbsp;&nbsp;&nbsp;&nbsp;&nbsp; <a href=\"#14b\">Der Wildsch\u00fctz<\/a><\/p>\n\n\n\n<p>15&nbsp;&nbsp; <a href=\"#15a\">Kameraden wir haben die Welt gesehn<\/a><\/p>\n\n\n\n<p>&nbsp;&nbsp;&nbsp;&nbsp;&nbsp;&nbsp; <a href=\"#15b\">Es zog ein Regiment vom Ungarland herauf<\/a><\/p>\n\n\n\n<p>&nbsp;&nbsp;&nbsp;&nbsp;&nbsp;&nbsp; <a href=\"#15c\">Eines Abends in der D\u00e4mmerstunde<\/a><\/p>\n\n\n\n<p>16&nbsp;&nbsp; <a href=\"#16a\">Schwer mit den Sch\u00e4tzen des Orients beladen<\/a><\/p>\n\n\n\n<p>&nbsp;&nbsp;&nbsp;&nbsp;&nbsp;&nbsp; <a href=\"#16b\">Vom Barette schwankt die Feder<\/a><\/p>\n\n\n\n<p>17&nbsp;&nbsp; <a href=\"#17a\">Wir lagen vor Madagaskar<\/a><\/p>\n\n\n\n<p>&nbsp;&nbsp;&nbsp;&nbsp;&nbsp;&nbsp; <a href=\"#17b\">Ja so warn\u2019s die Rittersleut<\/a><\/p>\n\n\n\n<p>18&nbsp;&nbsp; <a href=\"#18a\">Wir sind des Geyers Schwarzer Haufen<\/a><\/p>\n\n\n\n<p>&nbsp;&nbsp;&nbsp;&nbsp;&nbsp;&nbsp; <a href=\"#18b\">La Paloma<\/a><\/p>\n\n\n\n<p>19&nbsp;&nbsp; <a href=\"#19a\" data-type=\"internal\" data-id=\"#19a\">Ein Heller und ein Batzen<\/a><\/p>\n\n\n\n<p>&nbsp;&nbsp; &nbsp;&nbsp; &nbsp;<a href=\"#19b\" data-type=\"internal\" data-id=\"#19b\">O alte Burschenherrlichkeit<\/a><\/p>\n\n\n\n<p>&nbsp;&nbsp; &nbsp;&nbsp; &nbsp;<a href=\"#19c\" data-type=\"internal\" data-id=\"#19c\">Wir lieben die St\u00fcrme<\/a><\/p>\n\n\n\n<p>&nbsp;&nbsp; &nbsp;&nbsp; &nbsp;<a href=\"#19d\" data-type=\"internal\" data-id=\"#19d\">Bad moon a-risin&#8216;<\/a><\/p>\n\n\n\n<p>&nbsp;&nbsp; &nbsp;&nbsp; &nbsp;<a href=\"#20d\" data-type=\"internal\" data-id=\"#19d\">Es war net aufg&#8217;straht<\/a><\/p>\n\n\n\n<p><a href=\"#20\" data-type=\"internal\" data-id=\"#20\">Fotos mit Moosi und Demi<\/a><\/p>\n\n\n\n<hr class=\"wp-block-separator has-alpha-channel-opacity is-style-wide\"\/>\n\n\n\n<p class=\"has-medium-font-size\" id=\"1a\"><strong>Turner, auf zum Streite! (C)<\/strong><\/p>\n\n\n\n<ol class=\"wp-block-list\">\n<li><sup>C<\/sup>Turner, auf zum Streite!<br>Tretet in die <sup>G<\/sup>Bahn<br><sup>C<\/sup>Kraft und Mut ge<sup>F<\/sup>leite<br><sup>C<\/sup>uns zum <sup>G<\/sup>Sieg hin<sup>C<\/sup>an!<br><sup>G<\/sup>Ja, zum hehren <sup>C<\/sup>Ziel<br><sup>G<\/sup>f\u00fchret unser <sup>C<\/sup>Spiel<\/li>\n\n\n\n<li>Nicht mit fremden Waffen<br>schaffen wir uns Schutz<br>Was uns anerschaffen<br>ist uns Schutz und Trutz<br>Bleibt Natur uns treu,<br>stehn wir stark und frei!<\/li>\n\n\n\n<li>Wie zum Turnerspiele<br>ziehn wir in die Welt;<br>der gelangt zum Ziele,<br>der sich tapfer h\u00e4lt.<br>M\u00e4nnern, stark und wahr<br>strahlt der Himmel klar!<\/li>\n\n\n\n<li>Auf denn, Turner, ringet<br>pr\u00fcft der Sehnen Kraft<br>Doch zuvor umschlinget<br>euch als Bruderschaft<br>Gro\u00dfes Werk gedeiht<br>nur durch Einigkeit<\/li>\n<\/ol>\n\n\n\n<p id=\"1a\">Text: A. Heinrich Weissmann , 1841<br>Musik: Joseph Hartmann Stunz , um 1847<br>Dieses Lied wurde in Preu\u00dfen vor dem ersten Weltkrieg f\u00fcr den Schulunterricht empfohlen und diente der Kriegserziehung im Kaiserreich.<\/p>\n\n\n\n<p><a href=\"#Inhaltsverzeichnis\" data-type=\"internal\" data-id=\"#Inhaltsverzeichnis\">Zum Inhaltsverzeichnis<\/a><\/p>\n\n\n\n<hr class=\"wp-block-separator has-alpha-channel-opacity is-style-wide\"\/>\n\n\n\n<p id=\"1b\"><strong>Ein Ruf ist erklungen (C)<\/strong><\/p>\n\n\n\n<ol class=\"wp-block-list\">\n<li><sup>C<\/sup>Ein Ruf ist erklungen<br>durch Berg <sup>G<\/sup>und durch <sup>C<\/sup>Tal<br>her<sup>F<\/sup>aus ihr deutschen <sup>C<\/sup>Jungen<br>zum gr\u00fcnen <sup>G<\/sup>Waffen<sup>C<\/sup>saal<\/li>\n\n\n\n<li>Erwacht sind die Geister<br>aus schm\u00e4hlichem Tod<br>als uns der alte Meister<br>den deutschen Gru\u00df entbot<\/li>\n\n\n\n<li>Da brausten die Flammen<br>von tapferem Mut<br>Da schlugen sie zusammen<br>In einer Seele Glut.<\/li>\n\n\n\n<li>Und ist auch versunken<br>das flammende Wort<br>es gl\u00fcht ein guter Funken<br>noch in der Asche fort<\/li>\n\n\n\n<li>Uns flammt noch das Auge<br>von m\u00e4nnlicher Lust<br>uns gl\u00fcht vom Freiheitshauche<br>die freie, frohe Brust.<\/li>\n\n\n\n<li>Uns soll nicht vergehen<br>der Funken der Nacht<br>bis einst der Freiheit Wehen<br>zur Flamme ihn anfacht.<\/li>\n\n\n\n<li>Dann schweben uns wieder<br>die Geister voran<br>Und deine Burg bricht nieder<br>Du alter Meister Jahn.<\/li>\n<\/ol>\n\n\n\n<p>Text: vor 1844 ev. von Wilhelm <a href=\"https:\/\/www.volksliederarchiv.de\/lexikon\/hauff\/\">Hauff<\/a>; Musik nach \u201e<a href=\"http:\/\/www.volksliederarchiv.de\/ich-hab-mich-ergeben-mit-herz-und-mit-hand\/\">Ich hab mich ergeben mit Herz und mit Hand<\/a>\u201c<\/p>\n\n\n\n<p><a href=\"#Inhaltsverzeichnis\" data-type=\"internal\" data-id=\"#Inhaltsverzeichnis\">Zum Inhaltsverzeichnis<\/a><\/p>\n\n\n\n<hr class=\"wp-block-separator has-alpha-channel-opacity is-style-wide\"\/>\n\n\n\n<p id=\"2a\"><strong>Bin ein fahrender Gesell (G)<\/strong><\/p>\n\n\n\n<ol class=\"wp-block-list\">\n<li><sup>G<\/sup>Bin ein fahrender Gesell,<br>kenne keine <sup>C<\/sup>Sorgen,<br>labt mich heut&#8216; ein <sup>G<\/sup>Felsenquell,<br><sup>D<\/sup>tut\u2019s der Rheinwein morgen.<br><sup>G<\/sup>Bin ein Ritter lobesam,<br>reit&#8216; auf Schusters <sup>C<\/sup>Rappen,<br>fuhr&#8216; den lockren <sup>G<\/sup>Zeisighahn<br><sup>D<\/sup>und den Spruch im Wappen!<br>|: Nur immer <sup>G<\/sup> lustig Blut und <sup>C<\/sup>froher Sinn,<br><sup>D<\/sup>(ja) futsch ist futsch und <sup>G<\/sup>hin ist hin!&nbsp;\ud83d\ude10<\/li>\n\n\n\n<li>Zieh ich in ein St\u00e4dtchen ein,<br>sp\u00fcr ich&#8217;s im Gehirne,<br>wo man trifft den besten Wein<br>und die sch\u00f6nste Dirne.<br>Spielmann l\u00e4chelt wohlgemut,<br>streicht die Fidel schneller,<br>und ich werf ihm in den Hut<br>meinen letzten Heller.<br>Lustig Blut und froher Sinn,<br>hin ist hin, hin ist hin, Amen, Amen.<\/li>\n\n\n\n<li>Meister Wirt, darfst heut nicht ruhn,<br>schlag heraus den Zapfen!<br>Back, Frau Wirtin, mir ein Huhn<br>und zum Nachtisch Krapfen!<br>Was ich heut nicht zahlen kann,<br>zahlen will ich&#8217;s k\u00fcnftig,<br>darum schreib&#8217;s mit Kreide an,<br>Wirt, und denk vern\u00fcnftig:<br>Lustig Blut usw.<\/li>\n\n\n\n<li>Wein dir nicht die \u00c4uglein tr\u00fcb,<br>M\u00e4gdelein, vor Trauer!<br>Fahrender Gesellen Lieb<br>ist von kurzer Dauer.<br>Fahrender Gesellen Lieb<br>endet vor den Toren,<br>wein&#8216; dir nicht die \u00c4uglein tr\u00fcb:<br>hast nicht viel verloren.<br>Lustig Blut usw.<\/li>\n\n\n\n<li>Kommt ein Stern mit einem Schwanz,<br>will die Welt zertr\u00fcmmern,<br>f\u00fcrchtet euch vorm Totentanz,<br>mich soll&#8217;s wenig k\u00fcmmern.<br>Wird dem Weltenbrand zum Raub<br>Berg und Wald und Heide,<br>wird das Wirtshaus auch zu Staub,<br>schwarzes Brett und Kreide.<br>Lustig Blut usw.<\/li>\n<\/ol>\n\n\n\n<p>Text: Rudolf Baumbach (1840 \u2013 1905)<br>Musik: Ludwig Keller (1894) \u2013 bzw Ludolf Waldmann<\/p>\n\n\n\n<p><a href=\"#Inhaltsverzeichnis\" data-type=\"internal\" data-id=\"#Inhaltsverzeichnis\">Zum Inhaltsverzeichnis<\/a><\/p>\n\n\n\n<hr class=\"wp-block-separator has-alpha-channel-opacity is-style-wide\"\/>\n\n\n\n<p id=\"2b\"><strong>L\u00fctzows wilde Jagd! (C)<\/strong><strong><\/strong><\/p>\n\n\n\n<ol class=\"wp-block-list\">\n<li>Was gl\u00e4nzt dort vom Walde im Sonnenschein?<br>H\u00f6r&#8217;s n\u00e4her und n\u00e4her brausen.<br>Es zieht sich herunter in finsteren Reih&#8217;n,<br>und gellende H\u00f6rner schallen darein<br>und erf\u00fcllen die Seele mit Grausen.<br>Und wenn ihr die schwarzen Gesellen fragt:<br>Das ist |: das ist L\u00fctzows wilde Jagd!&nbsp;\ud83d\ude10<\/li>\n\n\n\n<li>Was zieht dort rasch durch den finsteren Wald<br>und streift von Bergen zu Bergen?<br>Es legt sich in n\u00e4chtlichen Hinterhalt,<br>das Hurra jauchzt und die B\u00fcchse knallt,<br>es fallen die fr\u00e4nkischen Schergen.<br>Und wenn ihr die schwarzen J\u00e4ger fragt:<br>Das ist |: das ist L\u00fctzows wilde Jagd!&nbsp;\ud83d\ude10<\/li>\n\n\n\n<li>Wo die Reben dort gl\u00fchen, dort braust der Rhein,<br>der W\u00fcterich geborgen sich meinte;<br>da naht es schnell mit Gewitterschein<br>und wirft sich mit r\u00fcst&#8217;gen Armen hinein<br>und springt ans Ufer der Feinde.<br>Und wenn ihr die schwarzen Schwimmer fragt:<br>Das ist |: das ist L\u00fctzows wilde Jagd!&nbsp;\ud83d\ude10<\/li>\n\n\n\n<li>Was braust dort im Thale die laute Schlacht,<br>was schlagen die Schwerter zusammen?<br>Wildherzige Reiter schlagen die Schlacht,<br>und der Funke der Freiheit ist gl\u00fchend erwacht<br>und lodert in blutigen Flammen.<br>Und wenn ihr die schwarzen Reiter fragt:<br>Das ist |: das ist L\u00fctzows wilde Jagd!:|<\/li>\n\n\n\n<li>Wer scheidet dort r\u00f6chelnd vom Sonnenlicht,<br>unter winselnde Feinde gebettet?<br>Es zuckt der Tod auf dem Angesicht,<br>doch die wackern Herzen erzittern nicht:<br>das Vaterland ist ja gerettet!<br>Und wenn ihr die schwarzen Gefall&#8217;nen fragt:<br>Das ist |: das ist L\u00fctzows wilde Jagd!&nbsp;\ud83d\ude10<\/li>\n\n\n\n<li>Die wilde Jagd und die deutsche Jagd<br>auf Henkersblut und Tyrannen!<br>Drum ihr, die ihr uns liebt, nicht geweint und geklagt;<br>das Land ist ja frei und der Morgen tagt,<br>wenn wir&#8217;s auch nur sterbend gewannen!<br>Und von Enkeln zu Enkeln sei&#8217;s nachgesagt:<br>Das war |: das war L\u00fctzows wilde Jagd!&nbsp;\ud83d\ude10<\/li>\n<\/ol>\n\n\n\n<p>Text: Theodor K\u00f6rner \u2013 24. 4. 1813 \u2013 zuerst in: Zw\u00f6lf freie deutsche Gedichte ( Leipzig , 1813)<br>Musik: Carl Maria v. Weber \u2013 13. September 1814 (1786 \u2013 1826)<\/p>\n\n\n\n<p><a href=\"#Inhaltsverzeichnis\" data-type=\"internal\" data-id=\"#Inhaltsverzeichnis\">Zum Inhaltsverzeichnis<\/a><\/p>\n\n\n\n<hr class=\"wp-block-separator has-alpha-channel-opacity is-style-wide\"\/>\n\n\n\n<p id=\"3\"><strong>Wenn wir marschieren (G)<\/strong><\/p>\n\n\n\n<ol class=\"wp-block-list\">\n<li><sup>G<\/sup>Wenn wir marsch<sup>C<\/sup>ieren<br><sup>D<\/sup>ziehn wir zum <sup>G<\/sup>deutschen Tor hinaus,<br>schwarzbraunes <sup>C<\/sup>Madel<br><sup>D<\/sup>du bleibst zu<sup>G<\/sup>haus.<br>Drum Madel, <sup>D<\/sup>wink, wink, wink<br>unter einer gr\u00fcnen <sup>G<\/sup>Lialind<br>sitzt ein kleiner <sup>C<\/sup>Fink, Fink, Fink<br><sup>D<\/sup>singt&nbsp;nur immer: Madel, <sup>G<\/sup>wink<\/li>\n\n\n\n<li>Wenn wir einkehren<br>kehr\u00b4n wir im Schwarzen Adler ein<br>schwarzbraunes M\u00e4del<br>du schenkst uns ein<br>Drum Madel,&nbsp;wink, wink, wink<br>unter einer gr\u00fcnen Lialind<br>sitzt ein kleiner Fink, Fink, Fink<br>singt&nbsp;nur immer: Madel, wink<\/li>\n\n\n\n<li>Der Wirt mu\u00df borgen<br>er&nbsp;darf nicht rappelk\u00f6pfig sein<br>sonst kehr\u00b4n wir morgen<br>beim andern ein.<br>Drum Madel,&nbsp;wink, wink, wink<br>unter einer gr\u00fcnen Lialind<br>sitzt ein kleiner Fink, Fink, Fink<br>singt&nbsp;nur immer: Madel, wink<\/li>\n\n\n\n<li>Der Wirtin Tochter<br>die tr\u00e4gt ein blaukariertes Kleid<br>Die tr\u00e4gt das blaue<br>zum Zeitvertreib<br>Drum Madel,&nbsp;wink, wink, wink<br>unter einer gr\u00fcnen Lialind<br>sitzt ein kleiner Fink, Fink, Fink<br>singt&nbsp;nur immer: Madel, wink<\/li>\n\n\n\n<li>Mein lieber Schwager<br>ihr seht so angegriffen aus<br>elend und mager<br>wo soll das \u00b4naus<br>Drum Madel,&nbsp;wink, wink, wink<br>unter einer gr\u00fcnen Lialind<br>sitzt ein kleiner Fink, Fink, Fink<br>singt&nbsp;nur immer: Madel, wink<br><\/li>\n\n\n\n<li>Weg mit den Sorgen<br>weg mit der Widerw\u00e4rtigkeit<br>morgen ist morgen<br>heute ist heut<br>Drum Madel,&nbsp;wink, wink, wink<br>unter einer gr\u00fcnen Lialind<br>sitzt ein kleiner Fink, Fink, Fink<br>singt&nbsp;nur immer: Madel, wink<\/li>\n\n\n\n<li>Weg mit den Grillen,<br>Weg mit der Widerw\u00e4rtigkeit!<br>Ich schw\u00f6r\u2019s im stillen:<br>Du wirst mein Weib.<br>Drum Madel,&nbsp;wink, wink, wink<br>unter einer gr\u00fcnen Lialind<br>sitzt ein kleiner Fink, Fink, Fink<br>singt&nbsp;nur immer: Madel, wink<\/li>\n\n\n\n<li>Jetzt woll\u00b4n wir sprechen<br>So manches angenehme Wort<br>Woll\u00b4n Rosen brechen<br>Schatz, ich mu\u00df fort<br>Drum&nbsp; Madel,&nbsp;wink, wink, wink<br>unter einer gr\u00fcnen Lialind<br>sitzt ein kleiner Fink, Fink, Fink<br>singt&nbsp;nur immer: Madel, wink<\/li>\n\n\n\n<li>Wenn wir heimkehren<br>ziehn wir durchs deutsche Tor herein<br>schwarzbraunes Madel<br>dann wirst du mein<br>Drum Madel,&nbsp;wink, wink, wink<br>unter einer gr\u00fcnen Lialind<br>sitzt ein kleiner Fink, Fink, Fink<br>singt&nbsp;nur immer: Madel, wink<\/li>\n\n\n\n<li>Wir ziehn von dannen<br>wie liegt die Welt so weit, so weit<br>du bleibst mein Madel<br>zu aller Zeit<br>Ja drum Madel wink\u2026..<\/li>\n<\/ol>\n\n\n\n<p>Text und Musik: Verfasser unbekannt \u2013 etwa seit 1910 ?<br>u.a. in Schw\u00e4bisches Soldaten-Liederbuch (ca. 1900) \u2014 Albvereins-Liederbuch (ca. 1900, Ausgabe 1927: 1,3,4,6) \u2014 Es braust ein Ruf \u2014 Kriegsliederbuch f\u00fcr das Deutsche Heer (1914) \u2014 Stolz ziehn wir in die Schlacht (1915) \u2013 Berg Frei (1919)<\/p>\n\n\n\n<p><a href=\"#Inhaltsverzeichnis\" data-type=\"internal\" data-id=\"#Inhaltsverzeichnis\">Zum Inhaltsverzeichnis<\/a><\/p>\n\n\n\n<hr class=\"wp-block-separator has-alpha-channel-opacity is-style-wide\"\/>\n\n\n\n<p id=\"4a\"><strong>Wilde Gesellen (G)<\/strong><strong><\/strong><\/p>\n\n\n\n<ol class=\"wp-block-list\">\n<li><sup>G<\/sup>Wilde Gesellen vom <sup>C<\/sup>Sturmwind durchweht,<br><sup>D<\/sup>F\u00fcrsten in Lumpen und Lod<sup>G<\/sup>en,<br>Ziehn wir dahin bis das <sup>C<\/sup>Herze uns steht,<br><sup>D<\/sup>Ehrlos bis unter den Bod<sup>G<\/sup>en.<br><sup>C<\/sup>Fidel <sup>G<\/sup>Gewand in <sup>D<\/sup>farbiger <sup>G<\/sup>Pracht<br><sup>D<\/sup>Trefft keinen Zeisig ihr bunt<sup>G<\/sup>er,<br><sup>D<\/sup>Ob uns auch <sup>G<\/sup>Speier und <sup>D<\/sup>Sp\u00f6tter ver<sup>G<\/sup>lacht,<br><sup>D<\/sup>Uns geht die Sonne nicht <sup>G<\/sup>unter.<\/li>\n\n\n\n<li>Ziehn wir dahin durch Braus und durch Brand,<br>Klopfen bei Veit und Velten.<br>Huldiges Herze und helfende Hand<br>Sind ja so selten, so selten.<br>Weiter uns wirbelnd auf staubiger Stra\u00df<br>Immer nur hurtig und munter;<br>Ob uns der eigene Bruder verga\u00df,<br>Uns geht die Sonne nicht unter.<\/li>\n\n\n\n<li>Aber da drau\u00dfen am Wegesrand,<br>Dort bei dem K\u00f6nig der Dornen,<br>Klingen die Fiedeln ins weite Land,<br>Klagen dem Herrn unser Carmen.<br>Und der Gekr\u00f6nte sendet im Tau<br>Tr\u00f6stende Tr\u00e4nen herunter.<br>Fort geht die Fahrt durch den wilden Verhau,<br>Uns geht die Sonne nicht unter!<\/li>\n\n\n\n<li>Bleibt auch dereinst das Herz uns stehn<br>Niemand wird Tr\u00e4nen uns weinen.<br>Leis wird der Sturmwind sein Klagelied wehn<br>Tr\u00fcber die Sonne wird scheinen.<br>Aus ist ein Leben voll farbiger Pracht,<br>Z\u00fcgellos dr\u00fcber und drunter.<br>Speier und Sp\u00f6tter, ihr habt uns verlacht,<br>Uns geht die Sonne nicht unter.<\/li>\n<\/ol>\n\n\n\n<p>Text und Melodie: Fritz Sotke 1927\/28 &#8211; (1902-1970)<br>Trotzig-pubert\u00e4re sentimentale Selbstbehauptung im schicksalhaft erlebten Bewegungs- und Entwicklungsprozess ist im Lied &#8222;Wilde Gesellen&#8220; der sp\u00e4ten b\u00fcndischen Jugend repr\u00e4sentiert. Der fr\u00fcheste Nachweis findet sich im Arbeiterjugend-Liederbuch von 1929, was eine Entstehung um 1927\/28 nahelegt.<\/p>\n\n\n\n<p><a href=\"#Inhaltsverzeichnis\" data-type=\"internal\" data-id=\"#Inhaltsverzeichnis\">Zum Inhaltsverzeichnis<\/a><\/p>\n\n\n\n<hr class=\"wp-block-separator has-alpha-channel-opacity is-style-wide\"\/>\n\n\n\n<p id=\"4b\"><strong>Es klappert der Huf am Stege (D)<\/strong><strong><\/strong><\/p>\n\n\n\n<ol class=\"wp-block-list\">\n<li><sup>D<\/sup>Es klappert der Huf am <sup>G<\/sup>Steg<sup>D<\/sup>e,<br>Wir<sup>A<\/sup> ziehn mit dem F\u00e4hnlein ins <sup>D<\/sup>Feld;<br>Blut\u00b4ger Kampf aller<sup>G<\/sup>wege,<br>Da<sup>D<\/sup>zu sind auch <sup>A<\/sup>wir be<sup>D<\/sup>stellt.<br>Wir <sup>G<\/sup>reiten und reiten und <sup>D<\/sup>singen,<br>Im <sup>A<\/sup>Herzen die bitterste <sup>D<\/sup>Not.<br>Die Sehnsucht <sup>A<\/sup>will uns be<sup>D<\/sup>zwingen<br>Doch wir <sup>G<\/sup>reiten die <sup>A<\/sup>Sehnsucht <sup>D<\/sup>tot.<\/li>\n\n\n\n<li>D\u00f6rfer und St\u00e4dte flogen<br>Vor\u00fcber an unserem Blick.<br>Wir sind immer weiter gezogen,<br>F\u00fcr uns gibt es kein Zur\u00fcck.<br>Wir reiten durch T\u00e4ler und H\u00fcgel,<br>Wo der Sommer in Bl\u00fcte steht;<br>Es knirschen Zaumzeug und Z\u00fcgel,<br>Der Wimpel hoch \u00fcber uns weht.<\/li>\n\n\n\n<li>Leis sinkt der Abend nieder,<br>Uns wird das Herz so schwer<br>Leiser werden die Lieder<br>Wir sehn keine Heimat mehr<br>Wir reiten und reiten und reiten<br>Und h\u00f6ren von fern schon die Schlacht<br>Herr, la\u00df uns stark sein im Streiten<br>Dann sei unser Leben vollbracht.<\/li>\n<\/ol>\n\n\n\n<p>Text: Hans Riedel<br>Musik: Robert G\u00f6tz , 1920<br>in: Liederbuch der Fallschirmj\u00e4ger (1983)<br>War das das Lebensgef\u00fchl junger M\u00e4nner nach dem ersten Weltkrieg; \u201cKeine Heimat mehr?\u201d Wie viele davon waren in den Freikorps und schlugen im M\u00e4rz 1920 den ersten Generalstreik in der deutschen Geschichte blutig nieder: \u201cWir reiten die Sehnsucht tot!\u201d<\/p>\n\n\n\n<p><a href=\"#Inhaltsverzeichnis\" data-type=\"internal\" data-id=\"#Inhaltsverzeichnis\">Zum Inhaltsverzeichnis<\/a><\/p>\n\n\n\n<hr class=\"wp-block-separator has-alpha-channel-opacity is-style-wide\"\/>\n\n\n\n<p id=\"5a\"><strong>Aus grauer St\u00e4dte Mauern (C)<\/strong><strong><\/strong><\/p>\n\n\n\n<ol class=\"wp-block-list\">\n<li><sup>C<\/sup>Aus grauer St\u00e4dte Mauern<br>Ziehn <sup>G<\/sup>wir durch Wald und <sup>C<\/sup>Feld.<br>Wer bleibt, der mag versauern,<br>Wir <sup>G<\/sup>fahren in die <sup>C<\/sup>Welt.<br>Halli hallo, wir fahren,<br>Wir <sup>G<\/sup>fahren in die <sup>C<\/sup>Welt<\/li>\n\n\n\n<li>Der Wald ist uns\u2019re Liege,<br>Der Himmel unser Zelt.<br>Ob heiter oder tr\u00fcbe,<br>Wir fahren in die Welt.<br>Halli hallo, wir fahren,<br>Wir fahren in die Welt<\/li>\n\n\n\n<li>Ein Heil dem deutschen Walde,<br>Zu dem wir uns gesellt.<br>Hell klingt\u2019s durch Berg und Halde,<br>Wir fahren in die Welt.<br>Halli hallo, wir fahren,<br>Wir fahren in die Welt<\/li>\n\n\n\n<li>Die Sommerv\u00f6gel ziehen<br>Wohl \u00fcber Wald und Feld.<br>Da hei\u00dft es Abschied nehmen,<br>Wir fahren in die Welt.<br>Halli hallo, wir fahren,<br>Wir fahren in die Welt<\/li>\n<\/ol>\n\n\n\n<p>Text: Hans Riedel, etwa 1910, im Alter von etwa 21 Jahren, 4. Strophe: Hermann L\u00f6ns, 1914<\/p>\n\n\n\n<p>Melodie: Robert G\u00f6tz (1892-1978),&nbsp; Musiklehrer in Dortmund , 1920<\/p>\n\n\n\n<p>Hans Riedel war 1925 der erste Leiter der \u201cRinggemeinschaft deutscher Pfadfinder\u201d.<\/p>\n\n\n\n<p><a href=\"#Inhaltsverzeichnis\" data-type=\"internal\" data-id=\"#Inhaltsverzeichnis\">Zum Inhaltsverzeichnis<\/a><\/p>\n\n\n\n<hr class=\"wp-block-separator has-alpha-channel-opacity is-style-wide\"\/>\n\n\n\n<p id=\"5b\"><strong>Wir ziehen \u00fcber die Stra\u00dfen (C)<\/strong><\/p>\n\n\n\n<p>Refrain nach jeder Strophe:<br>Don di ri, don di ri<br>Di ri di ri don, di ri don.<br>Don di ri, don di ri,<br>Di ri di ri don.<\/p>\n\n\n\n<ol class=\"wp-block-list\">\n<li><sup>C<\/sup>Wir ziehen \u00fcber die Stra\u00dfen<br>in <sup>G<\/sup>schweren Schritt und <sup>C<\/sup>Tritt,<br>und \u00fcber uns die Fahne,<br>sie <sup>G<\/sup>knallt und flattert <sup>C<\/sup>mit.<\/li>\n\n\n\n<li>Voran der Trommelbube,<br>er schl\u00e4gt die Trommel gut,<br>er wei\u00df noch nichts von Liebe,<br>wei\u00df nicht, wie Scheiden tut.<\/li>\n\n\n\n<li>Er trommelt schon manchen<br>ins Blut und in sein Grab,<br>und dennoch liebt ein jeder,<br>den frohen Trommelknab.<\/li>\n\n\n\n<li>Vielleicht bin ich es morgen,<br>der sterben mu\u00df im Blut,<br>der Knab wei\u00df nicht, wie Liebn,<br>wei\u00df nicht wie Sterben tut.<\/li>\n<\/ol>\n\n\n\n<p>Text: A. Knott \u2013<br>Musik: Robert <a href=\"https:\/\/www.volksliederarchiv.de\/lexikon\/goetz\/\">G\u00f6tz<\/a> \u2013 1921<br>in: <a href=\"https:\/\/www.volksliederarchiv.de\/lexikon\/die-weisse-trommel\/\">Die wei\u00dfe Trommel<\/a> (1934)<br>Das \u201cDon don &nbsp;diri don\u201d greift auf einen alten Landsknechtchoral \u201cMatona mia cara\u201d von Orlando di Lasso (1532 \u2013 1594) zur\u00fcck. Es findet sich auch in anderen Landsknechtliedern<\/p>\n\n\n\n<p><a href=\"#Inhaltsverzeichnis\" data-type=\"internal\" data-id=\"#Inhaltsverzeichnis\">Zum Inhaltsverzeichnis<\/a><\/p>\n\n\n\n<hr class=\"wp-block-separator has-alpha-channel-opacity is-style-wide\"\/>\n\n\n\n<p id=\"6\"><strong>Wohl ist die Welt so gro\u00df und weit (G)<\/strong><\/p>\n\n\n\n<ol class=\"wp-block-list\">\n<li><sup>G<\/sup>Wohl ist die Welt so gro\u00df und weit<br>und <sup>D<\/sup>voller Sonnen<sup>G<\/sup>schein,<br>das <sup>C<\/sup>allersch\u00f6nste St\u00fcck davon<br>ist <sup>D<\/sup>doch die Heimat <sup>G<\/sup>mein.<br>Dort <sup>D<\/sup>wo aus schmaler <sup>G<\/sup>Felsenkluft<br>der <sup>D<\/sup>Eisack springt her<sup>G<\/sup>aus,<br>von <sup>C<\/sup>Sigmundskron der Etsch entlang<br>bis <sup>D<\/sup>zur Salurnerklaus.<br>Hei<sup>G<\/sup>di, heidi, heido, heida,<\/li>\n\n\n\n<li>Wo K\u00f6nig Ortler seine Stirn<br>hoch in die L\u00fcfte reckt,<br>bis zu des Haunolds Alpenreich,<br>das tausend Bl\u00fcmlein deckt;<br>das ist mein liebes Heimatland<br>mit seinem schweren Leid,<br>mit seinen stolzen Bergesh\u00f6h&#8217;n,<br>mit seiner gro\u00dfen Freud.<br>Heidi, heidi &#8230;<\/li>\n\n\n\n<li>Im Fr\u00fchling, wenn&#8217;s im Tal entlang<br>aus allen Knospen sprie\u00dft,<br>wenn auf dem Schlern am Sonnenhang<br>der Winterschnee zerflie\u00dft,<br>da f\u00fchl ein eigen Sehnen ich<br>und halt es nicht mehr aus,<br>es ruft so laut die Heimat mich,<br>ich wandre froh hinaus.<br>Heidi, heidi &#8230;<\/li>\n\n\n\n<li>Wenn in der Sommersonnwendnacht<br>das Feuer still verglimmt,<br>wei\u00df jeder, und das Herz ihm lacht,<br>die Kletterzeit beginnt.<br>Von K\u00f6nig Laurins Felsenburg<br>so stolz und k\u00fchn gebaut,<br>hab wohl von jeder Zinne oft<br>die Heimat ich geschaut.<br>Heidi, heidi &#8230;<\/li>\n\n\n\n<li>Dann kommt mit seiner Herrlichkeit<br>der Herbst ins Land herein<br>und alle Keller f\u00fcllen sich<br>mit Heimatfeuerwein.<br>Man sitzt beim vollen Glase dann<br>und singt ein frohes Lied,<br>wenn in des Abends D\u00e4mmerschein<br>der Rosengarten gl\u00fcht.<br>Heidi heidi &#8230;<\/li>\n\n\n\n<li>Drum auf und sto\u00dft die Gl\u00e4ser an!<br>Es leb&#8216; die Heimat mein:<br>die Berge hoch, das gr\u00fcne Tal,<br>das Vaterhaus, der Wein!<br>Und wenn dann einst, so leid mir&#8217;s tut<br>mein Lebenslicht erlischt,<br>freu&#8216; ich mich, dass der Himmel auch<br>sch\u00f6n wie die Heimat ist!<br>Heidi,heidi ..<\/li>\n\n\n\n<li>Das Jahr vergeht, die Zeit verrinnt<br>und leise \u00fcber Nacht<br>deckt&#8217;s Heimatland in Berg und Tal<br>des Winters wei\u00dfe Pracht.<br>Zu einem kleinen H\u00fcttlein<br>f\u00fchrt die Spur von meinem Ski,<br>und abends t\u00f6nt vom Berg ins TaI<br>ganz leis die Melodie.<br>Heidi, heidi &#8230;<\/li>\n<\/ol>\n\n\n\n<p>Das Bozner Bergsteigerlied, auch bekannt als S\u00fcdtiroler Heimatlied (mit der Anfangszeile \u201eWohl ist die Welt so gro\u00df und weit \u2026\u201c), gilt neben dem Andreas-Hofer-Lied als inoffizielle Hymne der S\u00fcdtiroler. Der Text, 7 Strophen verbunden mit jeweils demselben Refrain, wurde 1926 von Karl Felderer zu der Melodie eines alten Tiroler Handwerkerliedes geschrieben. Im Gasthaus Weber im Moos am Ritten, wo Felderer das Lied schrieb, ist eine entsprechende Gedenktafel angebracht.<\/p>\n\n\n\n<p>Hintergrund: Das Lied wurde in der Zeit der st\u00e4rksten Italianisierung der nicht-italienischsprachigen Bev\u00f6lkerung S\u00fcdtirols verfasst. Vermutlich hat es deshalb so schnell einen solch hohen Stellenwert im Selbstverst\u00e4ndnis der S\u00fcdtiroler erhalten.<\/p>\n\n\n\n<p>Das Lied nennt S\u00fcdtirol (eine Bezeichnung, die zu verwenden 1926 verboten war) nicht explizit. Stattdessen wird S\u00fcdtirols geographische Ausbreitung beschrieben: In der ersten Strophe wird mit der Eisackquelle und der Salurner Klause die Nord-S\u00fcd-Ausdehnung dargestellt, in der zweiten Strophe mit dem Ortler und den Sextner Dolomiten (Haunold) die West-Ost-Ausdehnung. In den folgenden Strophen werden verschiedene Wahrzeichen S\u00fcdtirols beschrieben (beispielsweise der Schlern und der Rosengarten).<\/p>\n\n\n\n<p><a href=\"#Inhaltsverzeichnis\" data-type=\"internal\" data-id=\"#Inhaltsverzeichnis\">Zum Inhaltsverzeichnis<\/a><\/p>\n\n\n\n<hr class=\"wp-block-separator has-alpha-channel-opacity is-style-wide\"\/>\n\n\n\n<p id=\"7a\"><strong>Wir sind durch Deutschland gefahren (C)<\/strong><strong><\/strong><\/p>\n\n\n\n<ol class=\"wp-block-list\">\n<li><sup>C<\/sup>Wir sind durch Deutschland ge<sup>G<\/sup>fahr<sup>C<\/sup>en,<br>Vom <sup>G<\/sup>Meer bis zum Alpen<sup>C<\/sup>schnee,<br>Wir <sup>F<\/sup>haben noch Wind in den <sup>C<\/sup>Haaren,<br>Den <sup>G<\/sup>Wind von Bergen und <sup>C<\/sup>Seen,<br>Wir <sup>F<\/sup>haben noch Wind in den <sup>C<\/sup>Haaren,<br>Den <sup>G<\/sup>Wind von Bergen und <sup>C<\/sup>Seen.<\/li>\n\n\n\n<li>In den Ohren das Brausen vom Strome,<br>Der W\u00e4lder raunender Sang,<br>Das Gel\u00e4ut von den Glocken der Dome,<br>Der Felder Lerchengesang,<br>Das Gel\u00e4ut von den Glocken der Dome,<br>Der Felder Lerchengesang.<\/li>\n\n\n\n<li>In den Augen das Leuchten der Sterne,<br>Das Flimmern der Heidsonnenglut.<br>Und tief in der Seele das Ferne,<br>Das Sehnen das nimmermehr ruht,<br>Und tief in der Seele das Ferne,<br>Das Sehnen das nimmermehr ruht.<\/li>\n\n\n\n<li>Und du, Kamerad, mir zur Seite,<br>So fahren wir durch das Land,<br>Wir fahren die L\u00e4ng und die Breite<br>Durch Regen und Sonnenbrand,<br>Wir fahren die L\u00e4ng und die Breite<br>Durch Regen und Sonnenbrand.<\/li>\n\n\n\n<li>So sind wir durch Deutschland gefahren,<br>Vom Meer bis zum Alpenschnee,<br>Wir werden noch weiter fahren,<br>Um neue Lande zu sehn,<br>Wir werden noch weiter fahren,<br>Um neue Lande zu sehn!<\/li>\n<\/ol>\n\n\n\n<p>Text und Melodie: aus der Zeit der Jugendbewegung um 1930, eventuell von Walter G\u00e4ttke (1896-1967)<\/p>\n\n\n\n<p><a href=\"#Inhaltsverzeichnis\" data-type=\"internal\" data-id=\"#Inhaltsverzeichnis\">Zum Inhaltsverzeichnis<\/a><\/p>\n\n\n\n<hr class=\"wp-block-separator has-alpha-channel-opacity is-style-wide\"\/>\n\n\n\n<p id=\"7b\"><strong>Wenn die bunten Fahnen wehen (E)<\/strong><strong><\/strong><\/p>\n\n\n\n<ol class=\"wp-block-list\">\n<li><sup>E<\/sup>Wenn die bunten Fahnen wehen,<br><sup>H<\/sup>geht die Fahrt wohl \u00fcbers <sup>E<\/sup>Meer,<br>wollen ferne Lande sehen,<br><sup>H<\/sup>f\u00e4llt der Abschied uns nicht <sup>E<\/sup>schwer.<br>Strahlet die <sup>A<\/sup>Sonn<sup>E<\/sup>e,<br><sup>H<\/sup>ziehen die <sup>E<\/sup>Wolken,<br>klingen die <sup>A<\/sup>Lied<sup>E<\/sup>er<br><sup>H<\/sup>weit \u00fcbers <sup>E<\/sup>Meer.<\/li>\n\n\n\n<li>Sonnenschein ist unsre Wonne,<br>sieh&#8216; er lacht am hellen Tag,<br>doch es geht auch ohne Sonne,<br>wenn sie mal nicht scheinen mag.<br>Brausen die St\u00fcrme,<br>toben die Wellen,<br>singen wir mit dem Sturm<br>unser Lied.<\/li>\n\n\n\n<li>Hei, die wilden Wanderv\u00f6gel<br>ziehen wieder durch die Nacht,<br>schmettern ihre alten Lieder,<br>da\u00df die Welt vom Schlaf erwacht.<br>Kommt dann der Morgen,<br>sind sie schon weiter,<br>\u00fcber die Berge<br>wer wei\u00df wohin.<\/li>\n\n\n\n<li>Wo die blauen Gipfel ragen,<br>lockt so mancher steile Pfad,<br>immer vorw\u00e4rts ohne zagen,<br>bald sind wir dem Ziel genaht.<br>Schneefelder blinken,<br>schimmern von ferne her,<br>Lande versinken<br>im Wolkenmeer.<\/li>\n<\/ol>\n\n\n\n<p>Text und Musik: Alfred Zschiesche \u2013 ca. 1932-1933 (1908-?)<br>in: \u2014 Liederbuch der Bundeswehr (1976) \u2014 Liederbuch SPD Hildesheim (ca. 1990)<\/p>\n\n\n\n<p><a href=\"#Inhaltsverzeichnis\" data-type=\"internal\" data-id=\"#Inhaltsverzeichnis\">Zum Inhaltsverzeichnis<\/a><\/p>\n\n\n\n<hr class=\"wp-block-separator has-alpha-channel-opacity is-style-wide\"\/>\n\n\n\n<p id=\"8a\"><strong>Das Sch\u00f6nste auf der Welt (A)<\/strong><strong><\/strong><\/p>\n\n\n\n<ol class=\"wp-block-list\">\n<li><sup>A<\/sup>Das Sch\u00f6nste auf der Welt<br>ist mein Tiroler<sup>E<\/sup>land,<br>Mit seinen steilen H\u00f6hen,<br>mit seiner Felsen<sup>A<\/sup>wand.<br>Hollaria, hollaro, hollaria, hollaro,<br>hoch <sup>E<\/sup>droben auf der <sup>A<\/sup>Alm.<br>Tirolerland, wie bist du <sup>D<\/sup>sch\u00f6n, so sch\u00f6n<br>wer wei\u00df, ob wir uns wieder<sup>A<\/sup>sehn<\/li>\n\n\n\n<li>Des Morgens in der Fr\u00fch\u00b4<br>steig ich so hoch hinauf<br>Da geht so wundersch\u00f6n<br>die liebe Sonne auf.<br>Valeri juvalera, juvaleri juvalera,<br>Hoch droben auf der Alm.<br>Tirolerland, wie bist du sch\u00f6n, so sch\u00f6n<br>Wer wei\u00df, ob wir uns wiedersehn!<\/li>\n\n\n\n<li>Des Nachts, wenn alles schl\u00e4ft<br>Nur ich allein bin wach<br>Dann steig ich auf die Alm hinauf<br>Und jag dem Gamsbock nach.<br>Valeri juvalera, juvaleri juvalera,<br>Hoch droben auf der Alm<br>Tirolerland, wie bist du sch\u00f6n, so sch\u00f6n,<br>Wer wei\u00df, ob wir uns wiedersehn!<\/li>\n\n\n\n<li>Die ich nicht leiden mag<br>Die seh ich alle Tag<br>Und die mein Herz erfreut<br>Die ist so weit, so weit<br>Valeri juvalera, juvaleri juvalera,<br>Hoch droben auf der Alm.<br>Tirolerland, wie bist du sch\u00f6n, so sch\u00f6n,<br>Wer wei\u00df, ob wir uns wiedersehn<\/li>\n\n\n\n<li>Wenn ich gestorben bin,<br>So tragt mich hoch hinauf,<br>Begrabt ihr mich im Tale,<br>Dann steig ich selber nauf<br>Valeri juvalera, juvaleri juvalera,<br>Hoch droben auf der Alm.<br>Tirolerland, wie bist du sch\u00f6n, so sch\u00f6n,<br>Wer wei\u00df, ob wir uns wiedersehn!<\/li>\n<\/ol>\n\n\n\n<p>Text und Musik: unbekannt \u2013 aus Tirol ?<br>besonders bei Soldaten beliebtes Marschlied \u2013 die <a href=\"https:\/\/www.volksliederarchiv.de\/lexikon\/soldatenlieder-sammlung\/\">Soldatenlieder-Sammlung<\/a> des Deutschen Volksliedarchivs<\/p>\n\n\n\n<p><a href=\"#Inhaltsverzeichnis\" data-type=\"internal\" data-id=\"#Inhaltsverzeichnis\">Zum Inhaltsverzeichnis<\/a><\/p>\n\n\n\n<hr class=\"wp-block-separator has-alpha-channel-opacity is-style-wide\"\/>\n\n\n\n<p id=\"8b\"><strong>Keinen Tropfen im Becher mehr (A)<\/strong><\/p>\n\n\n\n<ol class=\"wp-block-list\">\n<li><sup>A<\/sup>Keinen Tropfen im <sup>D<\/sup>Becher mehr<br>Und der Beutel <sup>A<\/sup>schlaff und leer,<br><sup>E<\/sup>Lechzend Herz und Zun<sup>A<\/sup>ge,<br><sup>E<\/sup>Angetan hat&#8217;s <sup>A<\/sup>mir dein Wein,<br><sup>E<\/sup>Deiner \u00c4uglein <sup>A<\/sup>heller Schein<br>|: <sup>D<\/sup>Lindenwirtin, du <sup>A<\/sup>junge! \ud83d\ude10<\/li>\n\n\n\n<li>Und die Wirtin lacht und spricht:<br>&#8222;In der Linde gibt es nicht,<br>Kreid&#8216; und Kerbholz leider;<br>Hast du keinen Heller mehr,<br>Gib zum Pfand dein R\u00e4nzel her,<br>|: Aber trinke weiter.&#8220; \ud83d\ude10<\/li>\n\n\n\n<li>Tauscht der Bursch sein R\u00e4nzel ein,<br>Gegen einen Krug voll Wein,<br>T\u00e4t&#8216; zum Geh&#8217;n sich wenden.<br>Spricht die Wirtin: &#8222;Junges Blut,<br>Hast du Mantel, Stab und Hut,<br>|: Trink und la\u00df dich pf\u00e4nden.&#8220; \ud83d\ude10<\/li>\n\n\n\n<li>Da vertrank der Wanderknab&#8216;<br>Mantel, Hut und Wanderstab,<br>Sprach betr\u00fcbt: &#8222;Ich scheide.<br>Fahre wohl du k\u00fchler Trank,<br>Lindenwirtin jung und schlank,<br>|: Sch\u00f6nste Augenweide.&#8220; \ud83d\ude10<\/li>\n\n\n\n<li>Spricht zu ihm das sch\u00f6ne Weib:<br>&#8222;Hast ja noch ein Herz im Leib,<br>Lass&#8216; es mir zum Pfande!&#8220;<br>Was geschah, ich tu&#8217;s euch kund:<br>Auf der Wirtin rotem Mund<br>|: Hei\u00df ein andrer brannte! \ud83d\ude10<\/li>\n\n\n\n<li>Der dies neue Lied erdacht,<br>Sang&#8217;s in einer Sommernacht<br>Lustig in die Winde.<br>Vor ihm stand ein volles Glas,<br>Neben ihm Frau Wirtin sa\u00df<br>|: Unter der bl\u00fchenden Linde \ud83d\ude10<\/li>\n<\/ol>\n\n\n\n<p>Text: Rudolf Baumbach \u2013 1876<br>Musik: Franz Abt \u2013 1878<br>Diese Geschichte wird nach dem ersten Weltkrieg noch in einem Fussballlied aufgegriffen.<\/p>\n\n\n\n<p><a href=\"#Inhaltsverzeichnis\" data-type=\"internal\" data-id=\"#Inhaltsverzeichnis\">Zum Inhaltsverzeichnis<\/a><\/p>\n\n\n\n<hr class=\"wp-block-separator has-alpha-channel-opacity is-style-wide\"\/>\n\n\n\n<p id=\"9a\"><strong>Wenn wir erklimmen (E)<\/strong><\/p>\n\n\n\n<ol class=\"wp-block-list\">\n<li><sup>E<\/sup>Wenn wir erklimmen schwindelnde H\u00f6hen,<br><sup>H<\/sup>steigen dem Gipfelkranz <sup>E<\/sup>zu,<br>in unsern Herzen brennt eine Sehnsucht,<br><sup>H<\/sup>die l\u00e4\u00dft uns nimmermehr <sup>E<\/sup>Ruh.<br><sup>A<\/sup>Herrliche Berge, <sup>E<\/sup>sonnige H\u00f6hen,<br><sup>H<\/sup>Bergvagabunden sind <sup>E<\/sup>wir.<\/li>\n\n\n\n<li>Mit Seil und Haken, alles zu wagen*,<br>h\u00e4ngen wir an der steilen Wand.<br>Herzen ergl\u00fchen, Edelwei\u00df bl\u00fchen,<br>vorbei geht\u00b4s mit sicherer Hand.<br>Herrliche Berge, sonnige H\u00f6hen,<br>Bergvagabunden sind wir.<br>*oder: &#8222;den Tod im Nacken&#8220;<\/li>\n\n\n\n<li>Fels ist bezwungen, frei atmen Lungen,<br>ach, wie so sch\u00f6n ist die Welt.<br>Handschlag, ein L\u00e4cheln, M\u00fchen vergessen,<br>alles aufs Beste bestellt.<br>Herrliche Berge, sonnige H\u00f6hen,<br>Bergvagabunden sind wir.<\/li>\n\n\n\n<li>Beim Alpengl\u00fchen heimw\u00e4rts wir ziehen,<br>Berge, die leuchten so rot.<br>Wir kommen wieder, denn wir sind Br\u00fcder,<br>Br\u00fcder auf Leben und Tod.<br>Lebt wohl ihr Berge, sonnige H\u00f6hen,<br>Bergvagabunden sind treu.<\/li>\n<\/ol>\n\n\n\n<p>Text: Erich Hartinger 20. Jahrhundert<\/p>\n\n\n\n<p>Melodie: Hans Kolesa 20. Jahrhundert<strong><\/strong><\/p>\n\n\n\n<p><a href=\"#Inhaltsverzeichnis\" data-type=\"internal\" data-id=\"#Inhaltsverzeichnis\">Zum Inhaltsverzeichnis<\/a><\/p>\n\n\n\n<hr class=\"wp-block-separator has-alpha-channel-opacity is-style-wide\"\/>\n\n\n\n<p id=\"9b\"><strong>Schwarzbraun ist die Haselnu\u00df (C)<\/strong><\/p>\n\n\n\n<ol class=\"wp-block-list\">\n<li><sup>C<\/sup>Schwarzbraun ist die <sup>G<\/sup>Haselnu\u00df,<br>schwarzbraun bin auch <sup>C<\/sup>ich, ja ich,<br>schwarzbraun mu\u00df mein <sup>F<\/sup>M\u00e4del sein<br><sup>G<\/sup>gerade so wie <sup>C<\/sup>ich.<\/li>\n\n\n\n<li>Sch\u00e4tzerl hat mir&#8217;n Busserl geb&#8217;n,<br>hat mich sehr gekr\u00e4nkt, sehr gekr\u00e4nkt,<br>hab&#8216; ich ihr&#8217;s gleich wiedergegeb&#8217;n,<br>ich nehm&#8216; ja nichts geschenkt!<\/li>\n\n\n\n<li>Sch\u00e4tzerl hat kein Heiratsgut,<br>Sch\u00e4tzerl hat kein Geld, kein Geld,<br>doch ich geb es nicht heraus,<br>f\u00fcr alles in der Welt.<\/li>\n\n\n\n<li>Schwarzbraun ist die Haselnu\u00df,<br>schwarzbraun bin auch ich, ja ich,<br>wer mein Sch\u00e4tzerl werden will,<br>der mu\u00df so sein wie ich.<\/li>\n<\/ol>\n\n\n\n<p id=\"9c\"><a href=\"#Inhaltsverzeichnis\" data-type=\"internal\" data-id=\"#Inhaltsverzeichnis\">Zum Inhaltsverzeichnis<\/a><\/p>\n\n\n\n<hr class=\"wp-block-separator has-alpha-channel-opacity is-style-wide\"\/>\n\n\n\n<p><strong>Steig ich den Berg hinan (E)<\/strong><\/p>\n\n\n\n<ol class=\"wp-block-list\">\n<li><sup>E<\/sup>Steig ich den Berg hinan,<br>das macht mir Freude.<br>Ein sch\u00f6nes <sup>H<\/sup>M\u00e4del an der Hand,<br>das mag ich <sup>E<\/sup>gern.<br>Sie hat zwei <sup>H<\/sup>wunderwundersch\u00f6ne blaue <sup>E<\/sup>Augen,<br>und einen <sup>H<\/sup>rosaroten Mund, den k\u00fcss ich <sup>E<\/sup>gern.<\/li>\n\n\n\n<li>Kennst du dem Auerhahn<br>sein sch\u00f6n Gefieder?<br>Kennst du dem Auerhahn<br>sein\u2019 sch\u00f6nen Schweif?<br>Ja so eine Auerauerfeder tr\u00e4gt ein jeder gern,<br>Sogar die feinen Herrn in der Kasern<\/li>\n\n\n\n<li>Geh ich auf\u2019d Hahnenbalz<br>fr\u00fch in die Berge<br>seh einen Auerhahn<br>dort im Geb\u00fcsch<br>Ich la\u00df mich niederfalln und meine B\u00fcchse knallt<br>und als ich aufgeschaut, war er schon tot<\/li>\n\n\n\n<li>Steig ich den Berg hinan<br>das macht mir Freude.<br>Mein M\u00e4del hab\u2019 ich gern,<br>das macht mir Lust.<br>Sie dr\u00fcckt und fa\u00dft zum Abschied, Abschied mir die H\u00e4nde,<br>dieweil ich scheiden mu\u00df von ihrer Brust.<\/li>\n<\/ol>\n\n\n\n<p>Text und Musik: <a href=\"https:\/\/www.volksliederarchiv.de\/lexikon\/anonym\/\">anonym<\/a><br>verbreitet als Marschlied unter Soldaten im 20. Jahrhundert<\/p>\n\n\n\n<p><a href=\"#Inhaltsverzeichnis\" data-type=\"internal\" data-id=\"#Inhaltsverzeichnis\">Zum Inhaltsverzeichnis<\/a><\/p>\n\n\n\n<hr class=\"wp-block-separator has-alpha-channel-opacity is-style-wide\"\/>\n\n\n\n<p id=\"10a\"><strong>In Junkers Kneipe (C)<\/strong><strong><\/strong><\/p>\n\n\n\n<ol class=\"wp-block-list\">\n<li><sup>C<\/sup>In Junkers Kneipe,<br>bei Bier und Pfeife,<br>da sa\u00dfen wir bei<sup>G<\/sup>samm.<br>Ein k\u00fchler Tropfen,<br>vom besten Hopfen<br>uns durch die Kehle <sup>C<\/sup>rann.<br><br>Ja, wenn die <sup>F<\/sup>Burschen singen<br>und <sup>C<\/sup>Klampfen klingen<br>und die Madel fallen <sup>G<\/sup>ein<br>Hei, <sup>C<\/sup>was kann das Leben<br>sch\u00f6neres geben?<br><sup>G<\/sup>Wir wollen gl\u00fccklich <sup>C<\/sup>sein!<\/li>\n\n\n\n<li>Die alten Zeiten<br>vor\u00fcber gleiten<br>und drau\u00dfen tobt die Nacht.<br>Und immer wieder<br>singen wir die Lieder<br>die uns so froh gemacht.<br><br>Ja, wenn die Burschen singen\u2026.<\/li>\n\n\n\n<li>Es ist so sp\u00e4t schon,<br>der Wirt, der schl\u00e4ft schon,<br>das Bier wird langsam schal.<br>Doch eh\u2019 wir gehen<br>zum Schlaf uns legen,<br>da singen wir nochmal.<br><br>Ja, wenn die Burschen singen\u2026<\/li>\n<\/ol>\n\n\n\n<p>Um 1933<\/p>\n\n\n\n<p><a href=\"#Inhaltsverzeichnis\" data-type=\"internal\" data-id=\"#Inhaltsverzeichnis\">Zum Inhaltsverzeichnis<\/a><\/p>\n\n\n\n<hr class=\"wp-block-separator has-alpha-channel-opacity is-style-wide\"\/>\n\n\n\n<p id=\"10b\"><strong>Westerwald (G)<\/strong><\/p>\n\n\n\n<ol class=\"wp-block-list\">\n<li><sup>G<\/sup>Heute wollen wir marschieren<br><sup>D<\/sup>einen neuen Marsch probieren<br><sup>C<\/sup>in dem sch\u00f6nen <sup>G<\/sup>Westerwald<br>ja da <sup>D<\/sup>pfeift der Wind so kalt.<br><sup>G<\/sup>Oh du sch\u00f6ner <sup>C<\/sup>Wester<sup>G<\/sup>wald<br>\u00dcber deine H\u00f6hen pfeift der <sup>D<\/sup>Wind so kalt<br>jedoch der kleinste <sup>G<\/sup>Sonnenschein<br>dringt <sup>D<\/sup>tief in\u00b4s Herz hin<sup>G<\/sup>ein<\/li>\n\n\n\n<li>Und die Gretel und der Hans<br>gehn des Sonntags gern zum Tanz<br>weil das Tanzen Freude macht<br>und das Herz im Leibe lacht<br>Oh du sch\u00f6ner Westerwald\u2026<\/li>\n\n\n\n<li>Ist das Tanzen dann vorbei<br>gibt\u00b4s gew\u00f6hnlich Keilerei<br>und vom Bursch den das nicht freut<br>sagt man \u201cDer hat kein Schneid.\u201d<br>Oh du sch\u00f6ner Westerwald\u2026<\/li>\n<\/ol>\n\n\n\n<p>Text: <a href=\"https:\/\/www.volksliederarchiv.de\/lexikon\/anonym\/\">anonym<\/a> , \u00e4lteres Westerw\u00e4lder Volkslied<br>Musik: 1935 von Josef <a href=\"https:\/\/www.volksliederarchiv.de\/lexikon\/neuhaeuser\/\">Neuh\u00e4user<\/a> nach einem Volkslied aus dem Westerwald<\/p>\n\n\n\n<p><a href=\"#Inhaltsverzeichnis\" data-type=\"internal\" data-id=\"#Inhaltsverzeichnis\">Zum Inhaltsverzeichnis<\/a><\/p>\n\n\n\n<hr class=\"wp-block-separator has-alpha-channel-opacity is-style-wide\"\/>\n\n\n\n<p id=\"10c\"><strong>Die blauen Dragoner, sie reiten (C)<\/strong><\/p>\n\n\n\n<ol class=\"wp-block-list\">\n<li><sup>C<\/sup>Die blauen Dra<sup>F<\/sup>goner, sie <sup>C<\/sup>reit<sup>F<\/sup>en<br><sup>C<\/sup>Mit <sup>G<\/sup>klingendem Spiel durch das <sup>C<\/sup>Tor,<br>Fanfaren sie begleiten<br>Hell zu den <sup>G<\/sup>H\u00fcgeln em<sup>C<\/sup>por.<\/li>\n\n\n\n<li>Die wiehernden Rosse, sie stampfen,<br>Die Birken, die wiegen sich lind,<br>Die F\u00e4hnlein auf den Lanzen<br>Flattern im Morgenwind.<\/li>\n\n\n\n<li>Morgen, da m\u00fcssen sie reiten,<br>Mein Liebster wird bei ihnen sein.<br>Morgen in alle Weiten<br>Morgen, da bin ich allein.<\/li>\n\n\n\n<li>Die blauen Dragoner, sie reiten<br>Mit klingendem Spiel durch das Tor,<br>Fanfaren sie begleiten<br>Hell zu den H\u00fcgeln empor.<\/li>\n<\/ol>\n\n\n\n<p>Text: G.W. <a href=\"https:\/\/www.volksliederarchiv.de\/lexikon\/harmssen\/\">Harmssen<\/a> , 1914<br>Musik: Hans Hertel ,1929<\/p>\n\n\n\n<p><a href=\"#Inhaltsverzeichnis\" data-type=\"internal\" data-id=\"#Inhaltsverzeichnis\">Zum Inhaltsverzeichnis<\/a><\/p>\n\n\n\n<hr class=\"wp-block-separator has-alpha-channel-opacity is-style-wide\"\/>\n\n\n\n<p id=\"11a\"><strong>Der Weg zu mein Dirndl is stoani (G)<\/strong><\/p>\n\n\n\n<ol class=\"wp-block-list\">\n<li><sup>G<\/sup>Der Weg zu mein Dirndl is stoani,<br>is <sup>D<\/sup>stoani, is <sup>G<\/sup>stoani!<br>Drum geh i am liabstn alloani,<br><sup>D<\/sup>alloani bei da <sup>G<\/sup>Nacht!<br>Ja <sup>C<\/sup>weil, ja weil i <sup>G<\/sup>harb bin auf sie,<br>weil i <sup>D<\/sup>harb bin auf si, weil i <sup>G<\/sup>harb bin auf sie!<br>Ja <sup>C<\/sup>weil, ja weil i <sup>G<\/sup>harb bin auf sie,<br>weil i <sup>D<\/sup>harb bin auf sie bei da <sup>G<\/sup>Nacht!<\/li>\n\n\n\n<li>Mei Muatta kocht Kn\u00f6dl so kloani,<br>so kloani, so kloani.<br>Drum i\u00df i&#8217;s am liabstn alloani,<br>alloani bei da Nacht.<br>Ja weil, ja weil, &#8230;<\/li>\n\n\n\n<li>Woa\u00df net, sollt i auffi, sollt i abi,<br>sollt i auffi, sollt i abi,<br>woa\u00df net, sollt i auffi, sollt i abi,<br>oder sollt i den mittlern Weg geh.<br>&#8230;<\/li>\n\n\n\n<li>Der Weg zu meim Dirndl is asphaltiert,<br>is asphaltiert, is asphaltiert,<br>drum fahr i&#8217;s am liabastn motorisiert,<br>ja motorisiert, bei da Nacht.<br>&#8230;<\/li>\n<\/ol>\n\n\n\n<p>In ganz Altbayern und den angrenzenden Gebieten verbreitetes, beliebtes, wohl aus K\u00e4rnten gekommenes Tanzlied<\/p>\n\n\n\n<p><a href=\"#Inhaltsverzeichnis\" data-type=\"internal\" data-id=\"#Inhaltsverzeichnis\">Zum Inhaltsverzeichnis<\/a><\/p>\n\n\n\n<hr class=\"wp-block-separator has-alpha-channel-opacity is-style-wide\"\/>\n\n\n\n<p id=\"11b\"><strong>Wir lieben die St\u00fcrme (E)<\/strong><\/p>\n\n\n\n<p>1. <sup>E<\/sup>Wir lieben die St\u00fcrme, die <sup>H<\/sup>brausenden <sup>E<\/sup>Wogen,<br>der <sup>A<\/sup>eiskalten <sup>E<\/sup>Winde rauhes Ge<sup>E<\/sup>sicht.<br>Wir sind schon der Meere so <sup>H<\/sup>viele ge<sup>E<\/sup>zogen,<br>und <sup>A<\/sup>dennoch <sup>E<\/sup>sank unsre <sup>H<\/sup>Fahne <sup>E<\/sup>nicht.<br>l: Hei-o, hei-o, hei-o. Hei-o hei-o-ho, hei-o, hei-o-ho, hei-o :l<\/p>\n\n\n\n<p>2. Unser Schiff gleited stolz durch die sch\u00e4umenden Wogen,<br>es strafft der Wind unsre Segel mit Macht.<br>Seht ihr hoch oben die Fahne sich wenden,<br>die blutrote Fahne? Ihr Seeleut, habt acht!<br>Hei-o &#8230;<\/p>\n\n\n\n<p>3. Wir treiben die Beute mit fliegenden Segeln,<br>wir jagen sie weit auf das endlose Meer.<br>Wir st\u00fcrzen and Deck, und wir k\u00e4mpfen wie L\u00f6wen,<br>hei, unser der Sieg, viel Feinde, viel Ehr!<br>Hei-o &#8230;<\/p>\n\n\n\n<p>4. Ja, wir sind Piraten und fahren zu Meere;<br>wir f\u00fcrchten nicht Tod und den Teufel dazu.<br>Wir lachen der Feinde und aller Gefahren,<br>am Grunde des Meeres erst finden wir Ruh.<br>Hei-o &#8230;<\/p>\n\n\n\n<p><a href=\"#Inhaltsverzeichnis\" data-type=\"internal\" data-id=\"#Inhaltsverzeichnis\">Zum Inhaltsverzeichnis<\/a><\/p>\n\n\n\n<hr class=\"wp-block-separator has-alpha-channel-opacity is-style-wide\"\/>\n\n\n\n<p id=\"11c\"><strong>Hoch auf dem gelben Wagen (C)<\/strong><\/p>\n\n\n\n<ol class=\"wp-block-list\">\n<li><sup>C<\/sup>Hoch auf dem gelben <sup>G<\/sup>Wa<sup>C<\/sup>gen<br>sitz ich beim Schwa<sup>G<\/sup>ger <sup>C<\/sup>vorn.<br>Vorw\u00e4rts die Rosse <sup>G<\/sup>trab<sup>C<\/sup>en<br><sup>G<\/sup>lustig schmettert das Horn.<br><sup>F<\/sup>Felder und Wiesen und <sup>C<\/sup>Auen<br><sup>G<\/sup>wogendes \u00c4hren<sup>C<\/sup>gold.<br>Ich <sup>F<\/sup>m\u00f6chte ja so gern noch <sup>C<\/sup>bleiben,<br>aber der <sup>G<\/sup>Wagen, der <sup>C<\/sup>rollt.<\/li>\n\n\n\n<li>Postillon in der Schenke<br>f\u00fcttert die Rosse im Flug.<br>Sch\u00e4umendes Gerstengetr\u00e4nke<br>reicht mir der Wirt im Krug.<br>Hinter den Fensterscheiben<br>lacht ein Gesicht so hold.<br>Ich m\u00f6chte ja so gerne noch bleiben,<br>aber der Wagen, der rollt.<\/li>\n\n\n\n<li>Fl\u00f6ten h\u00f6r\u00b4 ich und Geigen<br>lustiges Ba\u00dfgebrumm.<br>Junges Volk im Reigen<br>tanzt um die <a href=\"https:\/\/www.volksliederarchiv.de\/lexikon\/linde\/\">Linde<\/a> herum,<br>wirbelt wie Bl\u00e4tter im Winde<br>jauchzet und lacht und tollt.<br>Ich bliebe ja so gerne bei der Linde,<br>aber der Wagen, der rollt.<\/li>\n\n\n\n<li>Sitzt einmal ein Gerippe<br>dort beim Schwager vorn,<br>schwenkt statt der Peitsche die Hippe<br>Stundenglas statt des Horns,<br>sag ich: \u201eAde nun, ihr Lieben<br>die ihr nicht mitfahren wollt.<br>Ich w\u00e4re ja so gern noch geblieben,<br>aber der Wagen, der rollt.<\/li>\n<\/ol>\n\n\n\n<p><em>Text<\/em>: Rudolf <a href=\"https:\/\/www.volksliederarchiv.de\/lexikon\/baumbach\/\">Baumbach<\/a> (1841-1905), 1879<br>Musik: Heinz <a href=\"https:\/\/www.volksliederarchiv.de\/lexikon\/hoehne\/\">H\u00f6hne<\/a> , 1922 (Im Dritten Reich war Heinz H\u00f6hne jahrelang als Kreiskulturamtsleiter des Kreises VIII f\u00fcr die NSDAP aktiv.)<\/p>\n\n\n\n<p><a href=\"#Inhaltsverzeichnis\" data-type=\"internal\" data-id=\"#Inhaltsverzeichnis\">Zum Inhaltsverzeichnis<\/a><\/p>\n\n\n\n<hr class=\"wp-block-separator has-alpha-channel-opacity is-style-wide\"\/>\n\n\n\n<p id=\"12a\"><strong>Steirischer Brauch (G)<\/strong><\/p>\n\n\n\n<ol class=\"wp-block-list\">\n<li><sup>G<\/sup>Sechts, Leitl&#8217;n, so geht holt der steirische Brauch, holloder<sup>D<\/sup>o,<br>a Hackl ins Kreiz und a Messer in&#8216; Bauch,<br>holloder<sup>G<\/sup>o.<\/li>\n\n\n\n<li>Sechts, Leitl&#8217;n, so geht holt der steirische Brauch,<br>hollodoro.<br>Fix! Oasch! Hollodero, hollodero, hollodero,<br>Fix! Oasch! Hollodero, sechts, Leitl&#8217;n, so geht unser Brauch.<\/li>\n\n\n\n<li>Schei\u00df zube, schei\u00df zube, schei\u00df zube zum Zaun,<br>hollodero,<br>r\u00fchr um mit die Finger, werd&#8217;n d&#8217;N\u00e4gel schen braun,<br>hollodero.<br>Sechts, Leitl&#8217;n, so geht holt der steirische Brauch, hollodero. Fix&#8230;<\/li>\n\n\n\n<li>I schei\u00df und i schei\u00df und i schei\u00df ohne End&#8216;,<br>hollodero,<br>jetzt schei\u00df i auf&#8217;s Schei\u00dfen,<br>weil&#8217;s Arschloch schon brennt, hollodero.<br>Sechts, Leitl&#8217;n, so geht holt der steirische Brauch, hollodero. Fix&#8230;<\/li>\n\n\n\n<li>Mei Voter is Schuaster und Schuaster bin i, hollodero,<br>mei Voter mocht&#8216; Schuach, ober schuastern tua i,<br>hollodero.<br>Sechts, Leitl&#8217;n, so geht holt der steirische Brauch,<br>hollodero. Fix&#8230;<\/li>\n\n\n\n<li>Mei Voter hot g&#8217;sogt, i soll&#8217;s Heu obetrog&#8217;n,<br>hollodero,<br>i hob&#8217;s falsch verstanden, hob&#8217;s Keubl derschlog&#8217;n,<br>hollodero.<br>Sechts, Leitl&#8217;n, so geht holt der steirische Brauch,<br>hollodero. Fix&#8230;<\/li>\n\n\n\n<li>Mei Voter hot g&#8217;sogt, i soll V\u00f6gel fonga,<br>hollodero,<br>i hob&#8217;s falsch verstanden, bin v\u00f6geln gonga,<br>hollodero.<br>Sechts, Leitl&#8217;n, so geht holt der steirische Brauch,<br>hollodero. Fix&#8230;<\/li>\n<\/ol>\n\n\n\n<p><a href=\"#Inhaltsverzeichnis\" data-type=\"internal\" data-id=\"#Inhaltsverzeichnis\">Zum Inhaltsverzeichnis<\/a><\/p>\n\n\n\n<hr class=\"wp-block-separator has-alpha-channel-opacity is-style-wide\"\/>\n\n\n\n<p id=\"12b\"><strong>Ade nun zur guten Nacht (C)<\/strong><strong><\/strong><\/p>\n\n\n\n<ol class=\"wp-block-list\">\n<li><sup>C<\/sup>Ade zur guten Nacht!<br>Jetzt wird der Schlu\u00df gemacht,<br>da\u00df ich mu\u00df <sup>G<\/sup>schei<sup>C<\/sup>den.<br>Im Sommer da <sup>F<\/sup>w\u00e4chst der Klee,<br>im <sup>G<\/sup>Winter da <sup>C<\/sup>schneit\u2019s den Schnee,<br>da komm ich <sup>G<\/sup>wie<sup>C<\/sup>der.<\/li>\n\n\n\n<li>Es trauern Berg und Tal<br>wo ich viel tausendmal<br>bin dr\u00fcber gegangen.<br>Das hat deine Sch\u00f6nheit gemacht,<br>die hat mich zum Lieben gebracht<br>mit gro\u00dfem Verlangen.<\/li>\n\n\n\n<li>Das Br\u00fcnnlein rinnt und rauscht<br>wohl unterm Holderstrauch<br>wo wir gesessen.<br>So manchen Glockenschlag<br>da Herz bei Herzen lag<br>das hast du vergessen.<\/li>\n\n\n\n<li>Die M\u00e4dchen in der Welt<br>sind falscher als das Geld<br>mit ihren Lieben.<br>Ade nun zur guten Nacht<br>Jetzt wird der Schlu\u00df gemacht<br>da\u00df ich mu\u00df scheiden.<\/li>\n<\/ol>\n\n\n\n<p>Das deutsche Lied Ade zur guten Nacht ist seit der Mitte des 19. Jahrhunderts in Deutschland, \u00d6sterreich und der Schweiz bekannt.<\/p>\n\n\n\n<p><a href=\"#Inhaltsverzeichnis\" data-type=\"internal\" data-id=\"#Inhaltsverzeichnis\">Zum Inhaltsverzeichnis<\/a><\/p>\n\n\n\n<hr class=\"wp-block-separator has-alpha-channel-opacity is-style-wide\"\/>\n\n\n\n<p id=\"12c\"><strong>Gute Nacht Kameraden (C)<\/strong><\/p>\n\n\n\n<ol class=\"wp-block-list\">\n<li><sup>C<\/sup>Gute Nacht Kamer<sup>G<\/sup>aden,<br>Be<sup>C<\/sup>wahrt euch <sup>G<\/sup>diesen <sup>C<\/sup>Tag,<br>Die Sterne r\u00fccken aus den <sup>G<\/sup>Tannen<br>Em<sup>C<\/sup>por ins <sup>G<\/sup>blaue <sup>C<\/sup>Zelt<br>Und <sup>F<\/sup>funkeln, funkeln <sup>G<\/sup>auf die <sup>C<\/sup>Welt,<br>Die Dunkel<sup>G<\/sup>heit zu <sup>C<\/sup>bannen.<\/li>\n\n\n\n<li>Gute Nacht, Kameraden,<br>Bewahrt ein festes Herz,<br>Und Fr\u00f6hlichkeit in euren Augen,<br>Denn fr\u00f6hlich kommt der Tag<br>Daher wie Glockenschlag,<br>Und f\u00fcr ihn sollt ihr taugen.<\/li>\n<\/ol>\n\n\n\n<p>Text und Musik: Hans <a href=\"https:\/\/www.volksliederarchiv.de\/lexikon\/baumann\/\">Baumann<\/a> , 1938 \u2013 mitten in der Zeit des Nationalsozialismus<\/p>\n\n\n\n<p><a href=\"#Inhaltsverzeichnis\" data-type=\"internal\" data-id=\"#Inhaltsverzeichnis\">Zum Inhaltsverzeichnis<\/a><\/p>\n\n\n\n<hr class=\"wp-block-separator has-alpha-channel-opacity is-style-wide\"\/>\n\n\n\n<p><strong>Die sch\u00f6ne Burgenl\u00e4nderin (G)<\/strong><\/p>\n\n\n\n<ol class=\"wp-block-list\">\n<li>|: <sup>G<\/sup>Drunt im Burgenland<br>Steht ein <sup>D<\/sup>Bauernhaus<br>So h\u00fcbsch und <sup>G<\/sup>fein. \ud83d\ude10<br>|: <sup>C<\/sup>Drin wohnt ein <sup>C<\/sup>M\u00e4gdelein,<br>Sie soll mein <sup>G<\/sup>eigen sein,<br>Die sch\u00f6ne Burgen<sup>D<\/sup>l\u00e4nder<sup>G<\/sup>in \ud83d\ude10<\/li>\n\n\n\n<li>|: Einmal kommt der Tag<br>Wo man Hochzeit macht<br>Im Burgenland. \ud83d\ude10<br>|: Sie ist mir anvertraut,<br>Sie ist ja meine Braut,<br>Die sch\u00f6ne Burgenl\u00e4nderin \ud83d\ude10<\/li>\n\n\n\n<li>|: Hoch von Bergesh\u00f6hn<br>Kann man St\u00e4dte sehn<br>Im Burgenland. \ud83d\ude10<br>|: Wo meine Wiege stand,<br>Dort ist mein Heimatland,<br>Im wundersch\u00f6nen Burgenland. \ud83d\ude10<\/li>\n<\/ol>\n\n\n\n<p><a href=\"#Inhaltsverzeichnis\" data-type=\"internal\" data-id=\"#Inhaltsverzeichnis\">Zum Inhaltsverzeichnis<\/a><\/p>\n\n\n\n<hr class=\"wp-block-separator has-alpha-channel-opacity is-style-wide\"\/>\n\n\n\n<p id=\"13b\"><strong>Kein sch\u00f6ner Land (E)<\/strong><\/p>\n\n\n\n<ol class=\"wp-block-list\">\n<li><sup>E<\/sup>Kein sch\u00f6ner Land in dieser <sup>H<\/sup>Zeit<br>als hier das <sup>E<\/sup>uns\u00b4re weit und <sup>H<\/sup>breit<br>wo <sup>E<\/sup>wir uns finden<br>wohl unter <sup>H<\/sup>Linden<br>zur <sup>H<\/sup>Abends<sup>E<\/sup>zeit<\/li>\n\n\n\n<li>Da haben wir so manche Stund\u00b4<br>gesessen da in froher Rund<br>Und taten singen<br>die Lieder klingen<br>im Eichengrund<\/li>\n\n\n\n<li>Da\u00df wir uns hier in diesem Tal<br>noch treffen so viel hundertmal<br>Gott mag es schenken<br>Gott mag es lenken<br>er hat die Gnad<\/li>\n\n\n\n<li>Nun Br\u00fcder eine gute Nacht<br>der Herr im hohen Himmel wacht<br>in seiner G\u00fcte<br>uns zu beh\u00fcten<br>ist Er bedacht<\/li>\n<\/ol>\n\n\n\n<p><a href=\"#Inhaltsverzeichnis\" data-type=\"internal\" data-id=\"#Inhaltsverzeichnis\">Zum Inhaltsverzeichnis<\/a><\/p>\n\n\n\n<hr class=\"wp-block-separator has-alpha-channel-opacity is-style-wide\"\/>\n\n\n\n<p id=\"13c\"><strong>Lustig ist das Zigeunerleben (C)<\/strong><\/p>\n\n\n\n<ol class=\"wp-block-list\">\n<li>Lustig ist das Zigeunerleben,<br>fario, fariofum.<br>Brauch&#8217;n dem Kaiser kein Zins zu geben,<br>fario, fariofum.<br>Lustig ist&#8217;s im gr\u00fcnen Wald,<br>wo des Zigeuners Aufenthalt.<br>Fario, fario, fario,<br>fario, fario, fariofum.<\/li>\n\n\n\n<li>Sollt&#8216; uns mal der Hunger plagen,<br>fario, fariofum.<br>gehn wir, uns ein Hirschlein jagen.<br>fario, fariofum.<br>Hirschlein nimm dich wohl in acht,<br>wenn des J\u00e4gers B\u00fcchse kracht.<br>Fario, fario, fario,<br>fario, fario, fariofum.<\/li>\n\n\n\n<li>Soll&#8216; uns mal der Durst sehr qu\u00e4len,<br>fario, fariofum.<br>gehn wir hin zu Wasserquellen,<br>fario, fariofum.<br>trinken das Wasser wie Moselwein,<br>meinen, es d\u00fcrfte Champagner sein.<br>Fario, fario, fario,<br>fario, fario, fariofum.<\/li>\n\n\n\n<li>Wenn uns tut der Beutel hexen,<br>fario, fariofum.<br>lassen wir unsre Taler wechseln,<br>fario, fariofum.<br>treiben die Zigeunerkunst,<br>da kommen die Taler wieder all zu uns.<br>Fario, fario, fario,<br>fario, fario, fariofum.<\/li>\n\n\n\n<li>Wenn wir auch kein Federbett haben,<br>fario, fariofum.<br>tun wir uns ein Loch ausgraben,<br>fario, fariofum.<br>legen Moos und Reisig nein,<br>das soll unser Federbett sein.<br>Fario, fario, fario,<br>fario, fario, fariofum.<\/li>\n<\/ol>\n\n\n\n<p>Das Lied entstand um 1800 in Tirol und wurde nat\u00fcrlich nicht von Zigeunern gesungen, sondern von sesshaften B\u00fcrgern, die sich nach einem \u201efreien\u201c Leben sehnten.<\/p>\n\n\n\n<p><a href=\"#Inhaltsverzeichnis\" data-type=\"internal\" data-id=\"#Inhaltsverzeichnis\">Zum Inhaltsverzeichnis<\/a><\/p>\n\n\n\n<hr class=\"wp-block-separator has-alpha-channel-opacity is-style-wide\"\/>\n\n\n\n<p id=\"14a\"><strong>Muss i denn (C)<\/strong><\/p>\n\n\n\n<ol class=\"wp-block-list\">\n<li>Muss i denn, muss i denn<br>zum St\u00e4dtele hinaus, St\u00e4dtele hinaus,<br>Und du, mein Schatz, bleibst hier?<br>Wenn i komm\u2019, wenn i komm\u2019,<br>wenn i wiedrum komm\u2019,<br>Kehr\u2019 i ein, mein Schatz, bei dir.<br><br>Kann i glei net allweil bei dir sein,<br>Han i doch mein Freud\u2019 an dir!<br>Wenn i komm\u2019, wenn i komm\u2019,<br>wenn i wiedrum komm\u2019,<br>Kehr\u2019 i ein, mein Schatz, bei dir.<\/li>\n\n\n\n<li>Wie du weinst, wie du weinst,<br>Dass i wandere muss, wandere muss,<br>Wie wenn d\u2019 Lieb\u2019 jetzt w\u00e4r\u2019 vorbei!<br>Sind au drauss, sind au drauss<br>Der M\u00e4dele viel, M\u00e4dele viel,<br>Lieber Schatz, i bleib dir treu.<br><br>Denk du net, wenn i \u2019ne Andre seh\u2019,<br>No sei mein\u2019 Lieb\u2019 vorbei;<br>Sind au drauss, sind au drauss<br>Der M\u00e4dele viel, M\u00e4dele viel,<br>Lieber Schatz, i bleib dir treu.<\/li>\n\n\n\n<li>\u00dcber\u2019s Jahr, \u00fcber\u2019s Jahr,<br>Wenn me Tr\u00e4ubele schneid\u2019t, Tr\u00e4ubele schneid\u2019t,<br>Stell\u2019 i hier mi wiedrum ein;<br>Bin i dann, bin i dann<br>Dein Sch\u00e4tzele noch, Sch\u00e4tzele noch,<br>So soll die Hochzeit sein.<br><br>\u00dcber\u2019s Jahr, do ist mein\u2019 Zeit vorbei,<br>Da g\u2019h\u00f6r\u2019 i mein und dein;<br>Bin i dann, bin i dann<br>Dein Sch\u00e4tzele noch, Sch\u00e4tzele noch,<br>So soll die Hochzeit sein.<\/li>\n<\/ol>\n\n\n\n<p><a href=\"#Inhaltsverzeichnis\" data-type=\"internal\" data-id=\"#Inhaltsverzeichnis\">Zum Inhaltsverzeichnis<\/a><\/p>\n\n\n\n<hr class=\"wp-block-separator has-alpha-channel-opacity is-style-wide\"\/>\n\n\n\n<p id=\"14b\"><strong>Der Wildsch\u00fctz (G)<\/strong><\/p>\n\n\n\n<ol class=\"wp-block-list\">\n<li>(D) An einem Sonntag (G) Morgen,<br>Recht (D) zeitig in der (G) Fr\u00fch,<br>(D) Nimmt der Wildsch\u00fctz sein (G) Stutzerl,<br>Steigt dem (D) Gamsgebirg (G) zu.<br>|: (D) Er woas ja, den (G) Weg so schian,<br>(C) Wo die schien (G) Gamslen stehn,<br>Drom (D) auf da (G) Alm. \ud83d\ude10<\/li>\n\n\n\n<li>A Gamserl hat er gschossen,<br>Hoch droben in der Wand,<br>iatz will er&#8217;s auswoaden,<br>H\u00e4lt&#8217;s Messer in der Hand.<br>|: Der Jager hot ihm long zuagschaut,<br>Hot sich nie zu traut,<br>Bis da\u00df er schloft. \ud83d\ude10<\/li>\n\n\n\n<li>Dann hat er holt gschlofen,<br>Iatz hat er sich traut,<br>Nimmt dem Wildsch\u00fctz sein Stutzerl,<br>Hat sakrisch zuakaut.<br>|: Der Wildsch\u00fctz springt auf vom Schlof,<br>St\u00fcrzt \u00fcber die Felsenwand<br>In ein Geb\u00fcsch. \ud83d\ude10<\/li>\n\n\n\n<li>Dem Jager druckt&#8217;s Gwissen,<br>Dem Wildsch\u00fctz sein jung&#8217;s Blut,<br>Er m\u00f6chte holt gern wissen,<br>Was der Wildsch\u00fctz do unten tuat.<br>|: Oh Jager, liebster Jager mein,<br>Bind mir&#8217;s die Wunden ein<br>Und still mein Blut. \ud83d\ude10<\/li>\n\n\n\n<li>Die Wunden sein bunden,<br>Und gstillt isch dein Blut,<br>Iatz muesch holt mit mir gian,<br>In&#8217;s Salzkammerguat.<br>Bevor i mit an Jager geh,<br>|: Verla\u00df i mein Leib und Seel<br>Und mein jung&#8217;s Blut,<br>Im Salzkammerguat. \ud83d\ude10<\/li>\n<\/ol>\n\n\n\n<p><a href=\"#Inhaltsverzeichnis\" data-type=\"internal\" data-id=\"#Inhaltsverzeichnis\">Zum Inhaltsverzeichnis<\/a><\/p>\n\n\n\n<hr class=\"wp-block-separator has-alpha-channel-opacity is-style-wide\"\/>\n\n\n\n<p id=\"15a\"><strong>Kameraden, wir haben die Welt gesehn\u2019<\/strong><\/p>\n\n\n\n<p>Kameraden, wir haben die Welt gesehn\u2019 ,<br>Paris und das heilige Land,<br>Wir haben unsre Seelen in das Meer gekotzt,<br>Bei Australien, da schwimmen sie noch.<\/p>\n\n\n\n<p>Kameraden, die Welt ist so wundersch\u00f6n,<br>was gibt es f\u00fcr uns noch zu sehn,<br>als in Ham&#8212;burg an der Elbe,<br>gleich hinter dem Ozean.<\/p>\n\n\n\n<p>Ein M\u00e4deeel von St. Pauli,<br>Eine Hure von der Reeperbahn,<br>am Rio de Janeiro,<br>in einer wirklich kleinen Hafenstadt,<br>sa\u00df ein braun gebrannter Kautscho,<br>mit pechschwarzem Haar.<\/p>\n\n\n\n<p>Jo um Dolores zu &#8211; vergessen,<br>die seine Liebste war \u2013 gewesen,<br>sprach er zur Don, Philibo<br>dem alten Spelunkenwirt<\/p>\n\n\n\n<p>Karamba, Karacho, ein Whisky, gluck, gluck,<br>Karamba, Karacho, ein Gin, verflucht<br>verflucht, Sakramento, Dolores, Amores<br>und alles ist wieder hin<\/p>\n\n\n\n<p>Wurde in \u00e4hnlicher Form von Fredy Quinn und Heino gesungen.<\/p>\n\n\n\n<p><a href=\"#Inhaltsverzeichnis\" data-type=\"internal\" data-id=\"#Inhaltsverzeichnis\">Zum Inhaltsverzeichnis<\/a><\/p>\n\n\n\n<hr class=\"wp-block-separator has-alpha-channel-opacity is-style-wide\"\/>\n\n\n\n<p id=\"15b\"><strong>Es zog ein Regiment vom Ugarland herauf! (G)<\/strong><\/p>\n\n\n\n<p>1. \/: Es zog ein Regiment vom Ungarland herauf, :\/<br>\/: ein Regiment zu Fu\u00df, ein Regiment zu Pferd, ein Bataillon Soldaten. :\/<\/p>\n\n\n\n<p>2. \/: Bei einer Frau Wirtin, da kehrten sie ein, :\/<br>\/: da kehrten sie ein, bei Bier und bei Wein; ein schwarzbraunes M\u00e4del schenkte ein. :\/<\/p>\n\n\n\n<p>3. \/: &#8218;Ach, schwarzbraunes M\u00e4del, warum weinest du so sehr ?&#8216; :\/<br>\/: &#8218;Ein junger Offizier aus dem Regimente vier hat mir die Ehr&#8216; genommen.&#8216; :\/<\/p>\n\n\n\n<p>4. \/: Der Hauptmann war ein gar strenger, strenger Mann, :\/<br>\/: er lie\u00df die Trommel r\u00fchren, Soldaten aufmarschieren, den Leutnant lie\u00df er h\u00e4ngen.<\/p>\n\n\n\n<p>Die ersten drei Strophen des Lieds stammen ver\u00e4ndert aus einem 1854 von Heinrich von Reder ver\u00f6ffentlichten Gedicht, die vierte und f\u00fcnfte Strophe wurden um 1930 zugedichtet.<\/p>\n\n\n\n<p><a href=\"#Inhaltsverzeichnis\" data-type=\"internal\" data-id=\"#Inhaltsverzeichnis\">Zum Inhaltsverzeichnis<\/a><\/p>\n\n\n\n<hr class=\"wp-block-separator has-alpha-channel-opacity is-style-wide\"\/>\n\n\n\n<p id=\"15c\"><strong>Eines Abends in der D\u00e4mmerstunde<\/strong><\/p>\n\n\n\n<ol class=\"wp-block-list\">\n<li>Eines Abends in der D\u00e4mmerstunde<br>Sah ich zwei junge J\u00e4ger steh&#8217;n.<br>Und sie sangen so sch\u00f6n,<br>Dass ein M\u00e4del blieb steh&#8217;n.<br>|: J\u00e4ger, du alleine,<br>Du allein sollst meine Liebe sein,<br>Bei Tag und Nacht. \ud83d\ude10<\/li>\n\n\n\n<li>Und sie gingen in ein K\u00e4mmerlein,<br>Worin kein einzig Fenster war.<br>Und was darin geschah,<br>Das war jedem wohl klar.<br>|: J\u00e4ger, du alleine,<br>Du allein sollst meine Liebe sein,<br>Bei Tag und Nacht. \ud83d\ude10<\/li>\n\n\n\n<li>Und als ein dreiviertel Jahr um war,<br>War der junge J\u00e4ger da,<br>Und die Freude war gro\u00df,<br>Denn der Bengel war famos.<br>|: J\u00e4ger, du alleine,<br>Du allein sollst meine Liebe sein,<br>Bei Tag und Nacht. \ud83d\ude10<\/li>\n\n\n\n<li>|: Eines Abends in der D\u00e4mmerstunde<br>Sah ich zwei Segelflieger steh&#8217;n \ud83d\ude10<br>|: Und sie sangen so sch\u00f6n,<br>Da\u00df ein M\u00e4del blieb steh&#8217;n \ud83d\ude10<br>|: Flieger Du alleine,<br>Du allein&#8216; sollst meine Freude sein. \ud83d\ude10<\/li>\n\n\n\n<li>|: Und sie nahm mich auf ihr K\u00e4mmerlein<br>Darin kein einzig Fenster war. \ud83d\ude10<br>|: Und was darin geschah,<br>Das ward keiner gewahr. \ud83d\ude10<br>|: Flieger Du alleine,<br>Du allein&#8216; sollst meine Freude sein. \ud83d\ude10<\/li>\n\n\n\n<li>|: Doch nach kaum dreiviertel Jahren,<br>Da war ein kleiner Flieger da. \ud83d\ude10<br>|: Und was damals geschah,<br>Das ward jeder gewahr. \ud83d\ude10<br>|: Flieger Du alleine,<br>Du allein&#8216; sollst meine Freude sein. \ud83d\ude10<\/li>\n<\/ol>\n\n\n\n<p><a href=\"#Inhaltsverzeichnis\" data-type=\"internal\" data-id=\"#Inhaltsverzeichnis\">Zum Inhaltsverzeichnis<\/a><\/p>\n\n\n\n<hr class=\"wp-block-separator has-alpha-channel-opacity is-style-wide\"\/>\n\n\n\n<p id=\"16a\"><strong>Schwer mit den Sch\u00e4tzen (E)<\/strong><\/p>\n\n\n\n<p>1. Schwer mit den Sch\u00e4tzen des Orients beladen,<br>ziehet ein Schifflein am Horizont dahin.<br>Sitzet ein Maderl am Ufer des Meeres,<br>fl\u00fcstert der Wind ihr ganz leise was ins Ohr:<br>&#8222;Frage doch das Meer, ob es Liebe kann scheiden,<br>frage doch das Herz, ob es Treue brechen kann!&#8220;<\/p>\n\n\n\n<p>In meiner Heimat,<br>ja da bl\u00fchen die Rosen,<br>in meiner Heimat ist es wunder-wundersch\u00f6n.<br>Ich m\u00f6cht\u00b4 so gerne,<br>ja mein Maderl liebkosen<br>und nur ein St\u00fcndlein mit ihr gl\u00fccklich sein.<br>Mich trieb die Sehnsucht fort von diesem sch\u00f6nen Ort,<br>wo ich zum erstenmal das Licht der Welt erblickt.<br>In meiner Heimat, ja da bl\u00fchen die Rosen,<br>in meiner Heimat ist es wunder-wundersch\u00f6n!<\/p>\n\n\n\n<p>2. Schifflein, sie kamen und Schifflein sie fuhren,<br>einst kam die Nachricht aus fernem, fernem Land.<br>Aber es waren nur wenige Zeilen, dass eine andere er auserkoren hat.<br>Frage doch das Meer, ob es Liebe kann scheiden,<br>frage doch das Herz, ob es Treue brechen kann!&#8220;<\/p>\n\n\n\n<p>In meiner Heimat,<br>ja da bl\u00fchen die Rosen,<br>in meiner Heimat ist es wunder-wundersch\u00f6n.<br>Ich m\u00f6cht\u00b4 so gerne,<br>ja mein Maderl liebkosen<br>und nur ein St\u00fcndlein mit ihr gl\u00fccklich sein.<br>Mich trieb die Sehnsucht fort von diesem sch\u00f6nen Ort,<br>wo ich zum erstenmal das Licht der Welt erblickt.<br>In meiner Heimat, ja da bl\u00fchen die Rosen,<br>in meiner Heimat ist es wunder-wundersch\u00f6n!<\/p>\n\n\n\n<p>Volkslied aus dem 19. Jahrundert; 1976 im Liederbuch der Bundeswehr, 1983 Lied der Fallschirmj\u00e4ger<\/p>\n\n\n\n<p><a href=\"#Inhaltsverzeichnis\" data-type=\"internal\" data-id=\"#Inhaltsverzeichnis\">Zum Inhaltsverzeichnis<\/a><\/p>\n\n\n\n<hr class=\"wp-block-separator has-alpha-channel-opacity is-style-wide\"\/>\n\n\n\n<p id=\"16b\"><strong>Vom Barette schwankt die Feder (E)<\/strong><\/p>\n\n\n\n<p>1. <sup>E<\/sup>Vom Barette schwankt die Feder,<br>wiegt und biegt im <sup>H<\/sup>Winde sich.<br>Unser Wams von B\u00fcffelleder ist zerfetzt von Hieb und <sup>E<\/sup>Stich. Ja<br>\/: Stich und Hieb <sup>A<\/sup>und ein Lieb mu\u00df ein, ja <sup>E<\/sup>mu\u00df ein Landsknecht <sup>H<\/sup>ha<sup>E<\/sup>ben. :\/<\/p>\n\n\n\n<p>2. Unsre Linke an dem Schwerte,<br>in der Rechten einen Spie\u00df, k\u00e4mpfen wir,<br>so weit die Erde, bald f\u00fcr das und bald f\u00fcr dies.<br>\/: Ja dies und das, Suff und Fra\u00df mu\u00df ein, ja mu\u00df ein Landsknecht haben. :\/<\/p>\n\n\n\n<p>3. Ruhm und Beute zu gewinnen,<br>zieh&#8217;n wir mutig in die Schlacht; einmal m\u00fcssen wir von hinnen,<br>lustig drum bei Tag und Nacht.<br>\/: Bei Nacht und Tag, was er mag, mu\u00df ein, ja mu\u00df ein Landsknecht haben. :\/<\/p>\n\n\n\n<p>4. Landsknechtleben, lustig Leben in der Schenk&#8216; bei Tag und Nacht!<br>Sitzt ein fader Kerl daneben, der nicht singt und der nicht lacht.<br>\/: Ja schmei\u00dft ich ihn &#8218;raus, reines Haus, mu\u00df ein, ja mu\u00df ein Landsknecht haben! :\/<\/p>\n\n\n\n<p>5. Sollte ich einst liegen bleiben in der blutdurchtr\u00e4nkten Schlacht,<br>sollt ihr mir ein Kreuzlein schreiben \u00fcber dem tiefen, dunklen Schacht.<\/p>\n\n\n\n<p>\/: Mit Trommelspiel, Pfeifen viel, sollt ihr, ja sollt ihr mich begraben. :\/<\/p>\n\n\n\n<p>Text: Heinrich von Reder (1824-1909)<br>Musik: Hein Thum (um 1893)<br>&nbsp;auf die gleiche Melodie wird gesungen<br>Kurz vor dem Massensterben im ersten Weltkrieg \u00fcbten sich hier zwei \u201eK\u00fcnstler\u201c aus dem Kaiserreich in Kriegsromantik: Der Forstwissenschaftler und zum Adel erhobene Generalmajor im Ruhestand Heinrich von Reder war vor allem eines: kein Knecht!<\/p>\n\n\n\n<p>in: Da flattern die gr\u00fcnen Standarten (1914) \u2014 Liederbuch des jungdeutschen Ordens (ca. 1921) \u2014 St. Georg Liederbuch deutscher Jugend (1935) \u2014&nbsp; Liederbuch der Fallschirmj\u00e4ger (1983)<\/p>\n\n\n\n<p><a href=\"#Inhaltsverzeichnis\" data-type=\"internal\" data-id=\"#Inhaltsverzeichnis\">Zum Inhaltsverzeichnis<\/a><\/p>\n\n\n\n<hr class=\"wp-block-separator has-alpha-channel-opacity is-style-wide\"\/>\n\n\n\n<p id=\"17a\"><strong>Wir lagen vor Madagaskar<\/strong><\/p>\n\n\n\n<ol class=\"wp-block-list\">\n<li>Wir lagen vor Madagaskar<br>Und hatten die Pest an Bord.<br>In den Kesseln, da faulte das Wasser,<br>Und t\u00e4glich ging einer \u00fcber Bord.<\/li>\n<\/ol>\n\n\n\n<p>(Refrain A)<br>Ahoi, Kameraden, ahoi, ahoi.<br>Leb wohl kleines M\u00e4del, leb wohl, leb wohl.<\/p>\n\n\n\n<p>(Refrain B)<br>Ja, wenn das Schifferklavier an Bord ert\u00f6nt,<br>Ja, da sind die Matrosen so still,<br>Weil ein jeder nach seiner Heimat sich sehnt,<br>Die er gerne einmal wiedersehen will.<\/p>\n\n\n\n<p>(Refrain C)<br>Und sein kleines M\u00e4del, das w\u00fcnscht er sich her,<br>Das zu Haus so hei\u00df ihn gek\u00fcsst!<br>Und dann schaut er hinaus auf das weite Meer,<br>Wo fern seine Heimat ist.<\/p>\n\n\n\n<ol class=\"wp-block-list\">\n<li>Wir lagen schon vierzehn Tage,<br>Kein Wind in die Segel uns pfiff.<br>Der Durst war die gr\u00f6\u00dfte Plage,<br>Dann liefen wir auf ein Riff.<br>Ahoi, Kameraden&#8230;<\/li>\n\n\n\n<li>Der Langbein der war der erste,<br>Der soff von dem faulen Nass.<br>Die Pest gab ihm das Letzte,<br>Und wir ihm ein Seemannsgrab.<br>Ahoi, Kameraden&#8230;<\/li>\n\n\n\n<li>Und endlich nach 30 Tagen,<br>Da kam ein Schiff in Sicht,<br>Jedoch es fuhr vor\u00fcber<br>Und sah uns Tote nicht.<br>Ahoi, Kameraden&#8230;<\/li>\n\n\n\n<li>Kameraden, wann sehn wir uns wieder,<br>Kameraden, wann kehren wir zur\u00fcck,<br>Und setzen zum Trunke uns nieder<br>Und genie\u00dfen das ferne Gl\u00fcck.<br>Ahoi, Kameraden&#8230;<\/li>\n<\/ol>\n\n\n\n<p>Gilt als Seemannslied, ist in den 1930er-Jahren auch als Fahrtenlied bekannt gewesen. Es erschien auch in den Liederb\u00fcchern der von den Nazis verbotenen b\u00fcndischen Jugend (Edelwei\u00dfpiraten), wodurch es in das Visier der Gestapo gerieten.<\/p>\n\n\n\n<p><a href=\"#Inhaltsverzeichnis\" data-type=\"internal\" data-id=\"#Inhaltsverzeichnis\">Zum Inhaltsverzeichnis<\/a><\/p>\n\n\n\n<hr class=\"wp-block-separator has-alpha-channel-opacity is-style-wide\"\/>\n\n\n\n<p id=\"17b\"><strong>Ja so warn&#8217;s die alten Rittersleut<\/strong><\/p>\n\n\n\n<p><strong>Refrain nach jeder Strophe:<br><\/strong>Ja so warn&#8217;s, ja so warn&#8217;s, ja so warn&#8217;s<br>Ja so warn&#8217;s, ja so warn&#8217;s, ja die alten Rittersleut<br>Ja so warn&#8217;s, ja so warn&#8217;s<br>Ja so warn&#8217;s, ja so warn&#8217;s die alten Rittersleut<\/p>\n\n\n\n<ol class=\"wp-block-list\">\n<li>Ging ein Ritter mal auf Reisen, legte er seine Frau in Eisen<br>Doch sein Knappe Friederich hatte einen Dieterich.<\/li>\n\n\n\n<li>Und der Ritter Alexander rutscht mal \u00fcbers Stiegenglander<br>Unten stand ein Nagel vor, seitdem singt er im Knabenchor.<\/li>\n\n\n\n<li>Und der Ritter Dawidudl hat ein morzdrum langes Schwert,<br>und wenn es ihm beim Reiten st\u00f6rt, setzt er sich verkehrt auf&#8217;s Pferd.<\/li>\n\n\n\n<li>Bei einem Kreuzzug hat Ritter Franze, glaubt mirs Leud mit seiner Lanze, in einem Harem in einer Nacht, 15 ledige Kinder gemacht.<\/li>\n\n\n\n<li>Und die Rittersfrau Johanna, war von einem Neger schwanger, ihr war es wurscht, ob schwarz oder wei\u00df, die Hauptsach isch, es ischt koin Preus.<\/li>\n\n\n\n<li>Auf dem alten Schloss dadroben, hams gar manche Nummer gschobn<br>Und das Ritterfr\u00e4ulein Emma, isch gar nemma zum austeha kemma.<\/li>\n\n\n\n<li>Und das Ritterfr\u00e4ulein Hilde, mein Gott nochamol war des a Wilde<br>Anstatt die Bruckn runter&#8217;zlassen, hats die Ritter dr\u00fcber&#8217;glassen.<\/li>\n\n\n\n<li>Und der Ritter Kunigul, harrgott nochamol war der Deifel schwul,<br>der hat sich hinten an Draht neibaut, damit abundzu der Blitz &#8218;eihaut.<\/li>\n\n\n\n<li>Und der Ritter Franz von Stein, schlief des Nachts im Schei\u00dfhaus ein<br>da kam die alte Frau vom Kunzn, und sagt &#8222;geh aussa&#8220;, lass mi a mal brunzn.<\/li>\n\n\n\n<li>Wollt ein Ritter einmal schnackseln, musste er aus der R\u00fcstung krackseln, dabei war ihm seine Lust verdorben, drum sind sie jetzt auch ausgestorben.<\/li>\n<\/ol>\n\n\n\n<p>Version von Fredl Fesl<\/p>\n\n\n\n<p><a href=\"#Inhaltsverzeichnis\" data-type=\"internal\" data-id=\"#Inhaltsverzeichnis\">Zum Inhaltsverzeichnis<\/a><\/p>\n\n\n\n<hr class=\"wp-block-separator has-alpha-channel-opacity is-style-wide\"\/>\n\n\n\n<p id=\"18a\"><strong>Wir sind des Geyers schwarzer Haufen<\/strong><\/p>\n\n\n\n<p><strong>Refrain nach jeder Strophe<\/strong>:<br><sup>C<\/sup>Spie\u00df voran, drauf und dran,<br>setzt auf\u2019s Klosterdach den roten Hahn!<\/p>\n\n\n\n<ol class=\"wp-block-list\">\n<li>Wir sind des Geyers schwarzer Haufen, heia hoho,<br>und wollen mit Tyrannen raufen, heia hoho.<\/li>\n\n\n\n<li>Wir wollens dem Herrn im Himmel klagen, kyrieleys,<br>da\u00df wir den Pfaffen nicht d\u00fcrfen totschlagen, kyrieleys.<\/li>\n\n\n\n<li>Uns f\u00fchrt der Florian Geyer an, trotz Acht und Bann,<br>den Bundschuh f\u00fchrt er in der Fahn\u2019, hat Helm und Harnisch an.<\/li>\n\n\n\n<li>Als Adam grub und Eva spann, kyrieleys,<br>wo war denn da der Edelmann? kyrieleys.<\/li>\n\n\n\n<li>Des Edelmannes Kindelein, heia hoho,<br>das schicken wir in die H\u00f6ll\u2019 hinein, heia hoho.<\/li>\n\n\n\n<li>Des Edelmannes T\u00f6chterlein, heia hoho,<br>soll heute uns\u2019re Buhle sein, heia hoho.<\/li>\n\n\n\n<li>Nun gilt es Schlo\u00df, Abtei und Stift, heia hoho,<br>uns gilt nichts als die Heil\u2019ge Schrift, heia hoho.<\/li>\n\n\n\n<li>Das Reich und der Kaiser h\u00f6ren uns nicht, heia hoho,<br>wir halten selber das Gericht, heia hoho.<\/li>\n\n\n\n<li>Ein gleich\u2019 Gesetz das wollen wir han\u2019, heia hoho,<br>vom F\u00fcrsten bis zum Bauersmann, heia hoho.<\/li>\n\n\n\n<li>Wir woll\u2019n nicht l\u00e4nger sein ein Knecht, heia hoho,<br>Leibeigen, fr\u00f6nig, ohne Recht, heia hoho.<\/li>\n\n\n\n<li>Bei Weinsberg setzt es Brand und Stank, heia hoho,<br>gar mancher \u00fcber die Klinge sprang, heia hoho.<\/li>\n\n\n\n<li>Sie schlugen uns mit Pr\u00fcgeln platt, heia hoho,<br>und machten uns mit Hunger satt, heia hoho.<\/li>\n\n\n\n<li>Geschlagen ziehen wir nach Haus, heia hoho,<br>uns\u2019re Enkel fechten\u2019s besser aus, heia hoho.<\/li>\n<\/ol>\n\n\n\n<p>Ist ein nach dem Ersten Weltkrieg entstandenes Fahrtenlied, das von verschiedenen Gruppierungen als politisches Kampflied instrumentalisiert wurde und die Taten des Florian Geyer und seines Schwarzen Haufens, einer Odenw\u00e4lder Bauernarmee, w\u00e4hrend der Bauernkriege des 16. Jahrhunderts zum Thema hat<\/p>\n\n\n\n<p><a href=\"#Inhaltsverzeichnis\" data-type=\"internal\" data-id=\"#Inhaltsverzeichnis\">Zum Inhaltsverzeichnis<\/a><\/p>\n\n\n\n<hr class=\"wp-block-separator has-alpha-channel-opacity is-style-wide\"\/>\n\n\n\n<p id=\"18b\"><strong>La Paloma (G)<\/strong><\/p>\n\n\n\n<p>Ein Wind weht von S\u00fcd<br>Und zieht mich hinaus auf See,<br>Mein Kind, sei nicht traurig<br>Tut auch der Abschied weh.<br>Mein Herz geht an Bord,<br>Und fort muss die Reise gehn.<br>Dein Schmerz wird vergehn,<br>Und sch\u00f6n wird das Wiedersehn.<br>Mich tr\u00e4gt die Sehnsucht fort<br>In die blaue Ferne<br>Unter mir Meer,<br>Und \u00fcber mir Nacht und Sterne.<br>Vor mir die Welt,<br>So treibt mich der Wind des Lebens<br>Wein nicht, mein Kind,<br>Die Tr\u00e4nen, die sind vergebens.<\/p>\n\n\n\n<p>Auf Matrosen oh\u00e9!<br>Einmal muss es vorbei sein<br>Nur Erinnerung an Stunden der Liebe<br>Bleibt noch an Land zur\u00fcck.<br>Seemanns Braut ist die See.<br>Und nur ihr kann er treu sein<br>Wenn der Sturmwind sein Lied singt,<br>Schon winkt mir<br>Der gro\u00dfen Freiheit Gl\u00fcck.<\/p>\n\n\n\n<p>Wie blau ist das Meer<br>Wie gro\u00df kann der Himmel sein.<br>Ich schau hoch vom Mastkorb<br>Weit in die Welt hinein.<br>Nach vorn geht mein Blick,<br>Zur\u00fcck darf kein Seemann schauen,<br>Kap Horn liegt auf Lee<br>Jetzt hei\u00dft es auf Gott vertrau&#8217;n.<\/p>\n\n\n\n<p>Seemann gib Acht<br>denn strahlt auch als Gru\u00df des Friedens<br>Hell durch die Nacht<br>Das leuchtende Kreuz des S\u00fcdens<br>Schroff ist ein Riff<br>Und schnell geht ein Schiff zugrunde<br>Fr\u00fch oder sp\u00e4t schl\u00e4gt<br>Jedem von uns die Stunde<\/p>\n\n\n\n<p>Auf Matrosen oh\u00e9! &#8230;<br>La Paloma ade<br>Auf Matrosen, ohe! Ohe!<br>Ade.<\/p>\n\n\n\n<p><a href=\"#Inhaltsverzeichnis\" data-type=\"internal\" data-id=\"#Inhaltsverzeichnis\">Zum Inhaltsverzeichnis<\/a><\/p>\n\n\n\n<hr class=\"wp-block-separator has-alpha-channel-opacity is-style-wide\"\/>\n\n\n\n<p id=\"19a\"><strong>Ein Heller und ein Batzen<\/strong> (C)  <a href=\"https:\/\/www.lieder-archiv.de\/ein_heller_und_ein_batzen-notenblatt_300681.html\" data-type=\"link\" data-id=\"https:\/\/www.lieder-archiv.de\/ein_heller_und_ein_batzen-notenblatt_300681.html\">Melodie<\/a><\/p>\n\n\n\n<ol class=\"wp-block-list\">\n<li>Ein Heller und ein Batzen, die waren beide mein.<br>Der Heller ward zu Wasser, der Batzen ward zu Wein.<br>Ja, der Heller ward zu Wasser, der Batzen ward zu Wein.<br>Heidi, heido, heida, heidi, heido, heida,<br>heidi, heido, heida da da da da da da da.<\/li>\n\n\n\n<li>Die Wirtsleut und die M\u00e4del, die rufen beid: Oh weh!<br>Die Wirtsleut, wenn ich komme, die M\u00e4del, wenn ich geh.<br>Heidi, Heido&#8230;<\/li>\n\n\n\n<li>Meine Str\u00fcmpfe sind zerrissen, meine Stiefel sind entzwei<br>und drau\u00dfen auf der Heiden, da singt der Vogel frei.<br>Heidi, Heido&#8230;<\/li>\n\n\n\n<li>Und g\u00e4b&#8217;s kein Landstra\u00df nirgend, da s\u00e4\u00df ich still zu Haus,<br>und g\u00e4b&#8217;s kein Loch im Fasse, da tr\u00e4nk ich gar nicht draus.<br>Heidi, Heido&#8230;<\/li>\n\n\n\n<li>War das &#8217;ne gro\u00dfe Freude, als ihn der Herrgott schuf,<br>ein Kerl, wie Samt und Seide, nur schade, dass er suff.<br>Heidi, Heido&#8230;<\/li>\n<\/ol>\n\n\n\n<p>Das Gedicht <strong>Ein Heller und ein Batzen<\/strong> verfasste der deutsch-baltische Dichter Albert von Schlippenbach (1800\u20131886) in den 1820er Jahren, w\u00e4hrend seiner Zeit als Student in G\u00f6ttingen, wo er seit 1819 Rechtswissenschaften studierte. So war es denn auch zun\u00e4chst ein reines Studentenlied, das aber auch als soldatisches Marschlied auf verschiedene Melodien gesungen wurde. Im Jahr 1930 schuf der Komponist und Dichter Franz Kugler (1808-1858) die heute \u00fcbliche Melodie.<\/p>\n\n\n\n<p><a href=\"#Inhaltsverzeichnis\" data-type=\"internal\" data-id=\"#Inhaltsverzeichnis\">Zum Inhaltsverzeichnis<\/a><\/p>\n\n\n\n<hr class=\"wp-block-separator has-alpha-channel-opacity is-style-wide\"\/>\n\n\n\n<p id=\"19b\"><strong>O alte Burschenherrlichkeit<\/strong> (C) <a href=\"https:\/\/www.lieder-archiv.de\/o_alte_burschenherrlichkeit-notenblatt_300668.html\" data-type=\"link\" data-id=\"https:\/\/www.lieder-archiv.de\/o_alte_burschenherrlichkeit-notenblatt_300668.html\">Melodie<\/a><\/p>\n\n\n\n<ol class=\"wp-block-list\">\n<li>O alte Burschenherrlichkeit,<br>wohin bist du entschwunden?<br>Nie kehrst du wieder, goldne Zeit,<br>so froh und ungebunden!<br>Vergebens sp\u00e4he ich umher,<br>ich finde deine Spur nicht mehr,<br>o jerum, jerum, jerum, o quae mutatio rerum.<\/li>\n\n\n\n<li>Den Burschenhut bedeckt der Staub,<br>es sank der Flaus in Tr\u00fcmmer,<br>der Schl\u00e4ger ward des Rostes Raub,<br>erblichen ist sein Schimmer,<br>verklungen der Kommersgesang,<br>verhallt Rapier- und Sporenklang,<br>o jerum, o quae mutatio rerum.<\/li>\n\n\n\n<li>Wo sind sie, die vom breiten Stein<br>nicht wankten und nicht wichen,<br>die ohne Moos bei Scherz und Wein<br>den Herr&#8217;n der Erde glichen?<br>Sie zogen mit gesenktem Blick<br>in das Philisterland zur\u00fcck,<br>o jerum, o quae mutatio rerum.<\/li>\n\n\n\n<li>Da schreibt mit finsterm Amtsgesicht<br>der eine Relationen,<br>der andre seufzt beim Unterricht,<br>und der macht Rezensionen,<br>der schilt die s\u00fcnd&#8217;ge Seele aus<br>und der flickt ihr verfall&#8217;nes Haus,<br>o jerum, o quae mutatio rerum.<\/li>\n\n\n\n<li>Allein das rechte Burschenherz<br>kann nimmermehr erkalten;<br>im Ernste wird, wie hier im Scherz,<br>der rechte Sinn stets walten;<br>die alte Schale nur ist fern,<br>geblieben ist uns doch der Kern,<br>und den la\u00dft fest uns halten.<\/li>\n\n\n\n<li>Drum, Freunde, reichet euch die Hand,<br>damit es sich erneure,<br>der alten Freundschaft heil&#8217;ges Band,<br>das alte Band der Treue.<br>Klingt an und hebt die Gl\u00e4ser hoch,<br>die alten Burschen leben noch,<br>noch lebt die alte Treue.<\/li>\n<\/ol>\n\n\n\n<p>Um die Urheberschaft des Studentenlieds <strong>O alte Burschenherrlichkeit<\/strong> gab es die letzten knapp 200 Jahre diverse Dispute. Klar ist letztlich nur, dass die Urheberschaft des Arztes und Burschenschafters Eugen H\u00f6fling (1808\u20131880) widerlegt ist. Denn die \u00e4lteste bekannte Ver\u00f6ffentlichung des Textes stammt aus dem Jahr 1825 und erschien unter dem Titel \u00bbR\u00fcckblick eines alten Burschen\u00ab in der Berliner Zeitschrift \u00bbDer Freim\u00fctige oder Unterhaltungsblatt f\u00fcr gebildete, unbefangene Leser\u00ab, herausgegeben von Dr. August Kuhn.<\/p>\n\n\n\n<p>Im Jahr 1877 beanspruchte der sp\u00e4tere Sanit\u00e4tsrat und Burschenschafter Eugen H\u00f6fling (1808\u20131880) die Urheberschaft. Allerdings gilt es als unwahrscheinlich, dass er das Text als 16-j\u00e4hriger Gymnasiast verfasst hat. Die Melodie ist als Volksweise seit Anfang des 19. Jahrhunderts bekannt.<\/p>\n\n\n\n<p>Das Lied <strong>O alte Burschenherrlichkeit<\/strong> blieb bis heute ein fester Bestandteil des von Studentenverbindungen gesungenen Liederrepertoires. Aufgrund seiner Popularit\u00e4t, vor allem im 19. und 20. Jahrhundert, entwickelte sich die erste Textzeile, die heute auch als Liedtitel betrachtet wird, zu einem gefl\u00fcgelten Wort, das die Sehnsucht nach der sch\u00f6nen, freien Jugendzeit als Student ausdr\u00fcckt. Denn mit den Worten \u00bbO alte Burschenherrlichkeit, wohin bist du entschwunden?\u00ab blickt ein \u00e4lterer Mann zur\u00fcck auf seine Jugendjahre, die weit zur\u00fcck liegen. Damals als junger Bursche war er \u00bbso froh und ungebunden\u00ab.<\/p>\n\n\n\n<p><a href=\"#Inhaltsverzeichnis\" data-type=\"internal\" data-id=\"#Inhaltsverzeichnis\">Zum Inhaltsverzeichnis<\/a><\/p>\n\n\n\n<hr class=\"wp-block-separator has-alpha-channel-opacity is-style-wide\"\/>\n\n\n\n<p id=\"19c\"><strong>Wir lieben die St\u00fcrme<\/strong> (G) <a href=\"https:\/\/www.lieder-archiv.de\/wir_lieben_die_stuerme-notenblatt_300180.html\" data-type=\"link\" data-id=\"https:\/\/www.lieder-archiv.de\/wir_lieben_die_stuerme-notenblatt_300180.html\">Melodie<\/a><\/p>\n\n\n\n<ol class=\"wp-block-list\">\n<li>Wir lieben die St\u00fcrme, die brausenden Wogen,<br>der eiskalten Winde rauhes Gesicht.<br>Wir sind schon der Meere so viele gezogen,<br>und dennoch sank uns&#8217;re Fahne nicht.<br>Heijo, heijo, heijo, heijo, heijoho, heijo, heijoho, heijo!<\/li>\n\n\n\n<li>Unser Schiff gleitet stolz durch die sch\u00e4umenden Wogen,<br>jetzt strafft der Wind uns&#8217;re Segel mit Macht.<br>Seht ihr hoch droben die Fahne sich wenden,<br>die blutrote Fahne, ihr Seeleut, habt acht.<\/li>\n\n\n\n<li>Wir treiben die Beute mit fliegenden Segeln,<br>wir jagen sie weit auf das endlose Meer.<br>Wir st\u00fcrzen auf Deck, und wir k\u00e4mpfen wie L\u00f6wen,<br>hei, unser der Sieg, viel Feinde, viel Ehr!<\/li>\n\n\n\n<li>Ja, wir sind Piraten und fahren zu Meere,<br>wir f\u00fcrchten nicht Tod und den Teufel dazu,<br>wir lachen der Feinde und aller Gefahren,<br>am Grunde des Meeres erst finden wir Ruh.<\/li>\n<\/ol>\n\n\n\n<p>Das deutsche Volkslied <strong>Wir lieben die St\u00fcrme<\/strong> stammt von unbekannten Autoren, die das Lied vermutlich um die Zeit der Jahrhundertwende 1900 geschaffen haben.<\/p>\n\n\n\n<p><a href=\"#Inhaltsverzeichnis\" data-type=\"internal\" data-id=\"#Inhaltsverzeichnis\">Zum Inhaltsverzeichnis<\/a><\/p>\n\n\n\n<hr class=\"wp-block-separator has-alpha-channel-opacity is-style-wide\"\/>\n\n\n\n<p id=\"19d\"><strong>Bad moon a-risin&#8216;<\/strong> (E)<\/p>\n\n\n\n<p>I see the bad moon a-risin&#8216;<br>I see trouble on the way<br>I see earthquakes and lightnin&#8216;<br>I see bad times today<\/p>\n\n\n\n<p>Don&#8217;t go around tonight<br>Well it&#8217;s bound to take your life<br>There&#8217;s a bad moon on the rise<\/p>\n\n\n\n<p>I hear hurricanes a-blowin&#8216;<br>I know the end is comin&#8216; soon<br>I fear rivers over flowin&#8216;<br>I hear the voice of rage and ruin<\/p>\n\n\n\n<p>Don&#8217;t go around tonight<br>Well it&#8217;s bound to take your life<br>There&#8217;s a bad moon on the rise, alright<\/p>\n\n\n\n<p>Hope you got your things together<br>Hope you are quite prepared to die<br>Looks like we&#8217;re in for nasty weather<br>One eye is taken for an eye<\/p>\n\n\n\n<p>Well don&#8217;t go around tonight<br>Well it&#8217;s bound to take your life<br>There&#8217;s a bad moon on the rise<\/p>\n\n\n\n<p>Don&#8217;t come around tonight<br>Well it&#8217;s bound to take your life<br>There&#8217;s a bad moon on the rise<\/p>\n\n\n\n<p>John Fogerty, der Frontmann und Leadgitarrist der Rockband Creedence Clearwater Revival (CCR) hat diesen Song 1969 geschrieben. Mit dem &#8222;aufsteigenden b\u00f6sen Mond&#8220; wollte er den Vietnamkrieg und soziale Konflikte thematisieren, ohne explizit darauf einzugehen. So gesehen passt dieser Song auch in unsere Zeit.<\/p>\n\n\n\n<p><a href=\"#Inhaltsverzeichnis\" data-type=\"internal\" data-id=\"#Inhaltsverzeichnis\">Zum Inhaltsverzeichnis<\/a><\/p>\n\n\n\n<hr class=\"wp-block-separator has-alpha-channel-opacity is-style-wide\"\/>\n\n\n\n<p id=\"20d\"><strong>Es war net aufg\u2019straht<\/strong> (Den fetten Text singen alle. Unterstrichene Silben geh\u00f6ren betont.)<\/p>\n\n\n\n<p><a href=\"https:\/\/www.youtube.com\/watch?v=5kWIyktPf8I\">https:\/\/www.youtube.com\/watch?v=5kWIyktPf8I<\/a>&nbsp;&nbsp;&nbsp;&nbsp;&nbsp; in C<\/p>\n\n\n\n<p><a href=\"https:\/\/open.spotify.com\/intl-de\/track\/6QFvgAeicB1VW8yXLnRo3q\">https:\/\/open.spotify.com\/intl-de\/track\/6QFvgAeicB1VW8yXLnRo3q<\/a>&nbsp;&nbsp; in D<\/p>\n\n\n\n<p><em>Zwischenspiel (Am Anfang als Vorspiel zum Mitsummen der Melodie der ersten vier Textzeilen)<\/em><\/p>\n\n\n\n<p><sup>C<\/sup><span style=\"text-decoration: underline;\">Wann<\/span> i am <span style=\"text-decoration: underline;\">Frei<\/span>tag vom <sup>G<\/sup><span style=\"text-decoration: underline;\">H\u00fctt<\/span> hoam <span style=\"text-decoration: underline;\">w\u00fc<\/span><br><span style=\"text-decoration: underline;\">trau<\/span> i mi z\u2019<span style=\"text-decoration: underline;\">Fua\u00df<\/span> nimmer <sup>C<\/sup>z\u2019<span style=\"text-decoration: underline;\">Haus<\/span>.<br>Mi <span style=\"text-decoration: underline;\">hoit<\/span> a <span style=\"text-decoration: underline;\">Taxi<\/span> vom <sup>G<\/sup><span style=\"text-decoration: underline;\">Hubert<\/span> ab<br>und <span style=\"text-decoration: underline;\">bringt<\/span> mi <span style=\"text-decoration: underline;\">bis<\/span> vor mei <sup>C<\/sup><span style=\"text-decoration: underline;\">Haus<\/span>.<\/p>\n\n\n\n<p>Wei\u2018<sup>F<\/sup><span style=\"text-decoration: underline;\">i<\/span> hab <span style=\"text-decoration: underline;\">oft<\/span> bei der <sup>C<\/sup><span style=\"text-decoration: underline;\">Nacht<\/span><br>ganz <sup>G<\/sup><span style=\"text-decoration: underline;\">schlechte<\/span> Er<span style=\"text-decoration: underline;\">fahrungen<\/span> <sup>C<\/sup>g\u2018<span style=\"text-decoration: underline;\">macht<\/span>.<\/p>\n\n\n\n<p><strong>Es war net <sup>C<\/sup><u>auf<span style=\"text-decoration: underline;\">g\u2019straht<\/span><\/u> und i war <u>ang&#8217;straht<\/u><br>drum hat\u2019s mi <sup>G<\/sup><u>herg&#8217;straht<\/u>, ois wia net g\u2019<u>scheit<\/u>.<br>Is ana <u>ang&#8217;straht<\/u>, dann g\u2018heart hoit <u>mehr g&#8217;straht<\/u><br>sonst i a <sup>C<\/sup><u>herg&#8217;straht<\/u> vor olle <u>Leit<\/u>.<\/strong><\/p>\n\n\n\n<p><sup>C<\/sup>Wann\u2019s sowas <span style=\"text-decoration: underline;\">zam<\/span>\u2019drahn, dann mua\u00df i <span style=\"text-decoration: underline;\">auf<\/span>drahn,<br>a wann\u2019s mi <sup>F<\/sup><span style=\"text-decoration: underline;\">ein<\/span>drahn f\u00fcr lange <span style=\"text-decoration: underline;\">Zeit<\/span>.<\/p>\n\n\n\n<p><strong>Is ana <sup>F<\/sup><u>ang&#8217;straht<\/u>, dann g\u2018heart hoit <sup>C<\/sup><u>mehr g&#8217;straht<\/u><\/strong><strong><br>sonst is a <sup>G<\/sup><u>herg&#8217;straht<\/u> ois wia net <sup>C<\/sup><u>g\u2018scheit<\/u>.<br>Is ana <sup>F<\/sup><u>ang&#8217;straht<\/u>, dann g\u2018heart hoit <sup>C<\/sup><u>mehr g&#8217;straht<\/u><br>sonst i a <sup>G<\/sup><u>herg&#8217;straht<\/u> vor olle <u>Leit<\/u>.<\/strong><\/p>\n\n\n\n<p><em>Zwischenspiel<\/em><\/p>\n\n\n\n<p><sup>C<\/sup><span style=\"text-decoration: underline;\">Wia<\/span> i da <span style=\"text-decoration: underline;\">friedlich<\/span> am <sup>G<\/sup><span style=\"text-decoration: underline;\">Glatteis<\/span> huck<br><span style=\"text-decoration: underline;\">redt<\/span> mi a <span style=\"text-decoration: underline;\">Noacht<\/span>woachta <sup>C<\/sup><span style=\"text-decoration: underline;\">an<\/span>.<br><span style=\"text-decoration: underline;\">Sagn<\/span> sie Herr, <span style=\"text-decoration: underline;\">tanz\u2019n<\/span> sie <sup>G<\/sup><span style=\"text-decoration: underline;\">Tschitabox<\/span><br>oder den <span style=\"text-decoration: underline;\">sterb<\/span>enden <sup>C<\/sup><span style=\"text-decoration: underline;\">Schwan<\/span>.<\/p>\n\n\n\n<p>Da <sup>F<\/sup><span style=\"text-decoration: underline;\">soag<\/span> i, geh <span style=\"text-decoration: underline;\">froagn\u2019s<\/span> net so <sup>C<\/sup><span style=\"text-decoration: underline;\">bled<\/span>,<br>ich <sup>G<\/sup><span style=\"text-decoration: underline;\">bin<\/span> doch <span style=\"text-decoration: underline;\">nicht<\/span> vom <sup>C<\/sup><span style=\"text-decoration: underline;\">Ballett<\/span>.<\/p>\n\n\n\n<p><strong>Es war net <sup>C<\/sup><u>aufg\u2019straht<\/u> und i war <u>ang&#8217;straht<\/u><\/strong><strong><br>drum hat\u2019s mi <sup>G<\/sup><u>herg&#8217;straht<\/u>, ois wia net <u>g\u2019scheit<\/u>.<br>Is ana <u>ang&#8217;straht<\/u>, dann g\u2018heart hoit <u>mehr g&#8217;straht<\/u><br>sonst i a <sup>C<\/sup><u>herg&#8217;straht<\/u> vor olle <u>Leit<\/u>.<\/strong><\/p>\n\n\n\n<p><em>Zwischenspiel<\/em><\/p>\n\n\n\n<p><sup>C<\/sup><span style=\"text-decoration: underline;\">Wia<\/span>\u2018i <span style=\"text-decoration: underline;\">wieder<\/span> am <sup>G<\/sup><span style=\"text-decoration: underline;\">Glatteis<\/span> hock<br><span style=\"text-decoration: underline;\">rutscht<\/span> ma a <span style=\"text-decoration: underline;\">Funk<\/span>straf ins <sup>C<\/sup><span style=\"text-decoration: underline;\">Gnack<\/span>.<br>Sie <span style=\"text-decoration: underline;\">helfm<\/span>\u2019a <span style=\"text-decoration: underline;\">bis<\/span> i oacht <sup>G<\/sup><span style=\"text-decoration: underline;\">Zen\u2018d<\/span> aus<span style=\"text-decoration: underline;\">spuck<\/span>.<br>Mei <span style=\"text-decoration: underline;\">Bluat<\/span> rinnt vom <span style=\"text-decoration: underline;\">Funk<\/span>strafm\u2019<sup>C<\/sup><span style=\"text-decoration: underline;\">lack<\/span><\/p>\n\n\n\n<p>I <sup>F<\/sup><span style=\"text-decoration: underline;\">bin<\/span> dann vor\u2019s <span style=\"text-decoration: underline;\">G\u2019richt<\/span> und hab <sup>C<\/sup><span style=\"text-decoration: underline;\">kloagt<\/span>.<br>Was <sup>G<\/sup><span style=\"text-decoration: underline;\">glaubm\u2019s<\/span> ham di <span style=\"text-decoration: underline;\">Kiwara<\/span> <sup>C<\/sup>g\u2018<span style=\"text-decoration: underline;\">soagt<\/span>:<\/p>\n\n\n\n<p><strong>[: Es war net <sup>C<\/sup><u>aufg\u2019straht<\/u> und er war <u>ang&#8217;straht<\/u><\/strong><strong><br>drum hat\u2019s eam <sup>G<\/sup><u>herg&#8217;straht<\/u> ois wia net <u>g\u2019scheit<\/u>.<br>Is ana <u>ang&#8217;straht<\/u>, dann g\u2018heart hoit <u>mehr g&#8217;straht<\/u><br>sonst is a <sup>C<\/sup><u>herg&#8217;straht<\/u> vor olle <u>Leit<\/u>.<\/strong><\/p>\n\n\n\n<p><sup>C<\/sup>Wir ham eam <span style=\"text-decoration: underline;\">auf<\/span>zaht, dann hat er <span style=\"text-decoration: underline;\">an<\/span>draht.<br>Dann ham an <strong><sup>F<\/sup><\/strong><span style=\"text-decoration: underline;\">ein<\/span>draht f\u00fcr a <span style=\"text-decoration: underline;\">Zeit<\/span>.<\/p>\n\n\n\n<p><strong>Is ana <sup>F<\/sup><u>ang&#8217;straht<\/u>, dann g\u2018heart hoit <sup>C<\/sup><u>mehr g&#8217;straht<\/u><\/strong><strong><br>sonst is a <sup>G<\/sup><u>herg&#8217;straht<\/u> ois wia net <sup>C<\/sup><u>g\u2019scheit<\/u>.<br>Is ana <sup>F<\/sup><u>ang&#8217;straht<\/u>, dann g\u2018heart hoit <sup>C<\/sup><u>mehr g&#8217;straht<\/u><br>sonst is a <sup>G<\/sup><u>herg&#8217;straht<\/u> vor olle <sup>C<\/sup><u>Leit<\/u>.<\/strong><\/p>\n\n\n\n<p><em>Zwischenspiel<strong> <\/strong><\/em><strong>:]<\/strong><\/p>\n\n\n\n<p><a href=\"#Inhaltsverzeichnis\" data-type=\"internal\" data-id=\"#Inhaltsverzeichnis\">Zum Inhaltsverzeichnis<\/a><\/p>\n\n\n\n<hr class=\"wp-block-separator has-alpha-channel-opacity is-style-wide\"\/>\n\n\n\n<p class=\"has-medium-font-size\" id=\"20\"><strong>Fotos von Moosi und Demi<\/strong><\/p>\n\n\n\n<figure class=\"wp-block-gallery has-nested-images columns-1 is-cropped wp-block-gallery-1 is-layout-flex wp-block-gallery-is-layout-flex\">\n<figure class=\"wp-block-image size-large\"><img loading=\"lazy\" decoding=\"async\" width=\"1024\" height=\"716\" data-id=\"461\" src=\"https:\/\/demj.bplaced.net\/tv\/wp-content\/uploads\/2024\/12\/1967-06-Schulauflug-Huetteneck-1024x716.jpg\" alt=\"\" class=\"wp-image-461\" srcset=\"https:\/\/demj.bplaced.net\/tv\/wp-content\/uploads\/2024\/12\/1967-06-Schulauflug-Huetteneck-1024x716.jpg 1024w, https:\/\/demj.bplaced.net\/tv\/wp-content\/uploads\/2024\/12\/1967-06-Schulauflug-Huetteneck-300x210.jpg 300w, https:\/\/demj.bplaced.net\/tv\/wp-content\/uploads\/2024\/12\/1967-06-Schulauflug-Huetteneck-768x537.jpg 768w, https:\/\/demj.bplaced.net\/tv\/wp-content\/uploads\/2024\/12\/1967-06-Schulauflug-Huetteneck.jpg 1144w\" sizes=\"auto, (max-width: 1024px) 100vw, 1024px\" \/><figcaption class=\"wp-element-caption\">1967 Schulausflug aufs H\u00fctteneck<\/figcaption><\/figure>\n\n\n\n<figure class=\"wp-block-image size-large\"><img loading=\"lazy\" decoding=\"async\" width=\"1024\" height=\"732\" data-id=\"462\" src=\"https:\/\/demj.bplaced.net\/tv\/wp-content\/uploads\/2024\/12\/1968-02-Schikurs-Saalbach-1-1024x732.jpg\" alt=\"\" class=\"wp-image-462\" srcset=\"https:\/\/demj.bplaced.net\/tv\/wp-content\/uploads\/2024\/12\/1968-02-Schikurs-Saalbach-1-1024x732.jpg 1024w, https:\/\/demj.bplaced.net\/tv\/wp-content\/uploads\/2024\/12\/1968-02-Schikurs-Saalbach-1-300x214.jpg 300w, https:\/\/demj.bplaced.net\/tv\/wp-content\/uploads\/2024\/12\/1968-02-Schikurs-Saalbach-1-768x549.jpg 768w, https:\/\/demj.bplaced.net\/tv\/wp-content\/uploads\/2024\/12\/1968-02-Schikurs-Saalbach-1.jpg 1119w\" sizes=\"auto, (max-width: 1024px) 100vw, 1024px\" \/><figcaption class=\"wp-element-caption\">1968 Schulschikurs in Saalbach<\/figcaption><\/figure>\n\n\n\n<figure class=\"wp-block-image size-large\"><img loading=\"lazy\" decoding=\"async\" width=\"1024\" height=\"715\" data-id=\"463\" src=\"https:\/\/demj.bplaced.net\/tv\/wp-content\/uploads\/2024\/12\/1968-02-Schikurs-Saalbach-2-1024x715.jpg\" alt=\"\" class=\"wp-image-463\" srcset=\"https:\/\/demj.bplaced.net\/tv\/wp-content\/uploads\/2024\/12\/1968-02-Schikurs-Saalbach-2-1024x715.jpg 1024w, https:\/\/demj.bplaced.net\/tv\/wp-content\/uploads\/2024\/12\/1968-02-Schikurs-Saalbach-2-300x209.jpg 300w, https:\/\/demj.bplaced.net\/tv\/wp-content\/uploads\/2024\/12\/1968-02-Schikurs-Saalbach-2-768x536.jpg 768w, https:\/\/demj.bplaced.net\/tv\/wp-content\/uploads\/2024\/12\/1968-02-Schikurs-Saalbach-2.jpg 1146w\" sizes=\"auto, (max-width: 1024px) 100vw, 1024px\" \/><figcaption class=\"wp-element-caption\">1968 Schulschikurs in Saalbach<\/figcaption><\/figure>\n\n\n\n<figure class=\"wp-block-image size-large\"><img loading=\"lazy\" decoding=\"async\" width=\"831\" height=\"1024\" data-id=\"464\" src=\"https:\/\/demj.bplaced.net\/tv\/wp-content\/uploads\/2024\/12\/1968-06-Berlin-Deutsches-Turnfest-831x1024.jpg\" alt=\"\" class=\"wp-image-464\" srcset=\"https:\/\/demj.bplaced.net\/tv\/wp-content\/uploads\/2024\/12\/1968-06-Berlin-Deutsches-Turnfest-831x1024.jpg 831w, https:\/\/demj.bplaced.net\/tv\/wp-content\/uploads\/2024\/12\/1968-06-Berlin-Deutsches-Turnfest-243x300.jpg 243w, https:\/\/demj.bplaced.net\/tv\/wp-content\/uploads\/2024\/12\/1968-06-Berlin-Deutsches-Turnfest-768x947.jpg 768w, https:\/\/demj.bplaced.net\/tv\/wp-content\/uploads\/2024\/12\/1968-06-Berlin-Deutsches-Turnfest-1246x1536.jpg 1246w, https:\/\/demj.bplaced.net\/tv\/wp-content\/uploads\/2024\/12\/1968-06-Berlin-Deutsches-Turnfest.jpg 1650w\" sizes=\"auto, (max-width: 831px) 100vw, 831px\" \/><figcaption class=\"wp-element-caption\">1968 Deutsches Turnfest in Berlin<\/figcaption><\/figure>\n\n\n\n<figure class=\"wp-block-image size-large\"><img loading=\"lazy\" decoding=\"async\" width=\"879\" height=\"1024\" data-id=\"465\" src=\"https:\/\/demj.bplaced.net\/tv\/wp-content\/uploads\/2024\/12\/1969-07-Hochkoenig-1-879x1024.jpg\" alt=\"\" class=\"wp-image-465\" srcset=\"https:\/\/demj.bplaced.net\/tv\/wp-content\/uploads\/2024\/12\/1969-07-Hochkoenig-1-879x1024.jpg 879w, https:\/\/demj.bplaced.net\/tv\/wp-content\/uploads\/2024\/12\/1969-07-Hochkoenig-1-258x300.jpg 258w, https:\/\/demj.bplaced.net\/tv\/wp-content\/uploads\/2024\/12\/1969-07-Hochkoenig-1-768x894.jpg 768w, https:\/\/demj.bplaced.net\/tv\/wp-content\/uploads\/2024\/12\/1969-07-Hochkoenig-1-1319x1536.jpg 1319w, https:\/\/demj.bplaced.net\/tv\/wp-content\/uploads\/2024\/12\/1969-07-Hochkoenig-1-1759x2048.jpg 1759w, https:\/\/demj.bplaced.net\/tv\/wp-content\/uploads\/2024\/12\/1969-07-Hochkoenig-1.jpg 2000w\" sizes=\"auto, (max-width: 879px) 100vw, 879px\" \/><figcaption class=\"wp-element-caption\">1969 Hochk\u00f6nig<\/figcaption><\/figure>\n\n\n\n<figure class=\"wp-block-image size-large\"><img loading=\"lazy\" decoding=\"async\" width=\"1024\" height=\"683\" data-id=\"466\" src=\"https:\/\/demj.bplaced.net\/tv\/wp-content\/uploads\/2024\/12\/1969-07-Hochkoenig-2-1024x683.jpg\" alt=\"\" class=\"wp-image-466\" srcset=\"https:\/\/demj.bplaced.net\/tv\/wp-content\/uploads\/2024\/12\/1969-07-Hochkoenig-2-1024x683.jpg 1024w, https:\/\/demj.bplaced.net\/tv\/wp-content\/uploads\/2024\/12\/1969-07-Hochkoenig-2-300x200.jpg 300w, https:\/\/demj.bplaced.net\/tv\/wp-content\/uploads\/2024\/12\/1969-07-Hochkoenig-2-768x512.jpg 768w, https:\/\/demj.bplaced.net\/tv\/wp-content\/uploads\/2024\/12\/1969-07-Hochkoenig-2-1536x1024.jpg 1536w, https:\/\/demj.bplaced.net\/tv\/wp-content\/uploads\/2024\/12\/1969-07-Hochkoenig-2-2048x1365.jpg 2048w\" sizes=\"auto, (max-width: 1024px) 100vw, 1024px\" \/><figcaption class=\"wp-element-caption\">1969 Hochk\u00f6nig<\/figcaption><\/figure>\n\n\n\n<figure class=\"wp-block-image size-large\"><img loading=\"lazy\" decoding=\"async\" width=\"1017\" height=\"800\" data-id=\"467\" src=\"https:\/\/demj.bplaced.net\/tv\/wp-content\/uploads\/2024\/12\/1969-07-Hochkoenig-3.jpg\" alt=\"\" class=\"wp-image-467\" srcset=\"https:\/\/demj.bplaced.net\/tv\/wp-content\/uploads\/2024\/12\/1969-07-Hochkoenig-3.jpg 1017w, https:\/\/demj.bplaced.net\/tv\/wp-content\/uploads\/2024\/12\/1969-07-Hochkoenig-3-300x236.jpg 300w, https:\/\/demj.bplaced.net\/tv\/wp-content\/uploads\/2024\/12\/1969-07-Hochkoenig-3-768x604.jpg 768w\" sizes=\"auto, (max-width: 1017px) 100vw, 1017px\" \/><figcaption class=\"wp-element-caption\">1969 Hochk\u00f6nig<\/figcaption><\/figure>\n<\/figure>\n\n\n\n<p><a href=\"#Inhaltsverzeichnis\" data-type=\"internal\" data-id=\"#Inhaltsverzeichnis\">Zum Inhaltsverzeichnis<\/a><\/p>\n\n\n\n<hr class=\"wp-block-separator has-alpha-channel-opacity is-style-wide\"\/>\n","protected":false},"excerpt":{"rendered":"<p>Inhaltsverzeichnis 1&nbsp;&nbsp;&nbsp;&nbsp; Turner, auf zum Streite &nbsp;&nbsp;&nbsp;&nbsp;&nbsp;&nbsp; Ein Ruf ist erklungen 2&nbsp;&nbsp;&nbsp;&nbsp; Bin ein fahrender Gesell &nbsp;&nbsp;&nbsp;&nbsp;&nbsp;&nbsp; L\u00fctzows wilde Jagt 3&nbsp;&nbsp;&nbsp;&nbsp; Wenn wir marschieren 4&nbsp;&nbsp;&nbsp;&nbsp; Wilde Gesellen &nbsp;&nbsp;&nbsp;&nbsp;&nbsp;&nbsp; Es klappert der Huf am Stege 5&nbsp;&nbsp;&nbsp;&nbsp; Aus grauer St\u00e4dte Mauern &nbsp;&nbsp;&nbsp;&nbsp;&nbsp;&nbsp; Wir ziehen \u00fcber die Stra\u00dfen 6&nbsp;&nbsp;&nbsp;&nbsp; Wohl ist die Welt so gro\u00df und weit 7&nbsp;&nbsp;&nbsp;&nbsp; [&hellip;]<\/p>\n","protected":false},"author":1,"featured_media":0,"parent":0,"menu_order":0,"comment_status":"closed","ping_status":"closed","template":"","meta":{"footnotes":""},"class_list":["post-349","page","type-page","status-publish","hentry"],"_links":{"self":[{"href":"https:\/\/demj.bplaced.net\/tv\/wp-json\/wp\/v2\/pages\/349","targetHints":{"allow":["GET"]}}],"collection":[{"href":"https:\/\/demj.bplaced.net\/tv\/wp-json\/wp\/v2\/pages"}],"about":[{"href":"https:\/\/demj.bplaced.net\/tv\/wp-json\/wp\/v2\/types\/page"}],"author":[{"embeddable":true,"href":"https:\/\/demj.bplaced.net\/tv\/wp-json\/wp\/v2\/users\/1"}],"replies":[{"embeddable":true,"href":"https:\/\/demj.bplaced.net\/tv\/wp-json\/wp\/v2\/comments?post=349"}],"version-history":[{"count":110,"href":"https:\/\/demj.bplaced.net\/tv\/wp-json\/wp\/v2\/pages\/349\/revisions"}],"predecessor-version":[{"id":507,"href":"https:\/\/demj.bplaced.net\/tv\/wp-json\/wp\/v2\/pages\/349\/revisions\/507"}],"wp:attachment":[{"href":"https:\/\/demj.bplaced.net\/tv\/wp-json\/wp\/v2\/media?parent=349"}],"curies":[{"name":"wp","href":"https:\/\/api.w.org\/{rel}","templated":true}]}}