{"id":41,"date":"2024-10-04T11:54:37","date_gmt":"2024-10-04T09:54:37","guid":{"rendered":"https:\/\/demj.bplaced.net\/tv\/?page_id=41"},"modified":"2024-10-05T11:43:27","modified_gmt":"2024-10-05T09:43:27","slug":"riegenausflug-2023","status":"publish","type":"page","link":"https:\/\/demj.bplaced.net\/tv\/riegenausflug-2023\/","title":{"rendered":"Riegenausflug 2023"},"content":{"rendered":"\n<p>Im Gegensatz zum Vorjahr, trafen wir uns heuer am 22. September 2023 bei wundersch\u00f6nem Herbstwetter vor der Turnhalle. Mit einer halbst\u00fcndigen Verz\u00f6gerung, ging die Fahrt um 7:30 Uhr zu unserem ersten Ziel des Tages, nach Matrei in Osttirol los. Am Steuer der Kleinbusse &#8211; &nbsp;Moosi und Hans Edelm\u00fcller. Die Planung und Organisation des Ausfluges \u00fcbernahm, perfekt wie immer, &nbsp;Alfons Mairhofer.<\/p>\n\n\n\n<p>Die Fahrt der 13 Turner f\u00fchrte \u00fcber Salzburg \u2013 Lofer \u2013 Mittersill \u2013 Felbertauerntunnel \u2013 nach Matrei in Osttirol, dem Herz des Nationalparks Hohe Tauern. Selbstverst\u00e4ndlich wurde kurz vor Saalfelden auch die von Pepi Eisenk\u00f6ck vorbereitete und von Hubert Stadler gespendete obligate Knackerjause verspeist. Kurz vor Mittag erreichten wir dann den Berggasthof Gossenhof im Ortsteil Zedlach auf 1230m Seeh\u00f6he. Einfach gut, nach rund vierst\u00fcndiger Anreise aus dem Bus aussteigen, sich endlich strecken k\u00f6nnen und das wundersch\u00f6ne Bergpanorama bestaunen. Da darf dann auch der Juchaza vom Moosi beim Betreten des Gastgartens nicht fehlen \u2013 da rei\u00dft es alle!<\/p>\n\n\n\n<p>Nach dem sehr guten Mittagessen gings dann hinunter ins Zentrum von Matrei wo wir Peter Mattersberger trafen. Er, ein pensionierter Lehrer,&nbsp; zog sehr rasch mit seinen umfangreichen Erz\u00e4hlungen \u00fcber Geschichte und Kultur unsere Aufmerksamkeit auf sich. In der St. Albankirche &nbsp;erz\u00e4hlte er von Johann Patterer, einem der bedeutendsten Bildhauer des Sp\u00e4tbarock. Auf einem Rundgang durchs Ortszentrum informierte er uns anschaulich \u00fcber die Wildwasser -Schutzbauten des Bretterwandbaches, und im \u201eKlaubauf\u201c-Museum ging es um diesen einmaligen Osttiroler Brauch des \u201eKlaubaufgehen\u201c, einer besonderen Art des Krampuslaufs. Anschlie\u00dfend besuchten wir noch die Filialkirche St. Nikolaus. Ein wahres romanisches Juwel, von dessen Kirchturm aus wir zudem noch einen beeindruckenden Ausblick auf Matrei und das obere Iseltal genie\u00dfen konnten. Anschlie\u00dfend, ganz kurz vor einer einsetzenden Kulturvergiftung, fuhren wir dann das letzte St\u00fcck des Tages, weiter nach Sillian ins Hotel Gesser zum Einchecken und einem erstes Bierchen in einem feinen, familiengef\u00fchrten 20-Zimmerhotel mit sehr guter K\u00fcche. Nach dem exzellenten Abendessen wurde noch in sehr gem\u00fctlicher Runde zusammengesessen und zudem ein neuer Opa angesungen.<\/p>\n\n\n\n<figure class=\"wp-block-gallery has-nested-images columns-default is-cropped wp-block-gallery-1 is-layout-flex wp-block-gallery-is-layout-flex\">\n<figure class=\"wp-block-image size-large\"><a href=\"https:\/\/demj.bplaced.net\/tv\/wp-content\/uploads\/2024\/10\/IMG_0550-scaled.jpg\"><img loading=\"lazy\" decoding=\"async\" width=\"1024\" height=\"768\" data-id=\"43\" src=\"https:\/\/demj.bplaced.net\/tv\/wp-content\/uploads\/2024\/10\/IMG_0550-1024x768.jpg\" alt=\"\" class=\"wp-image-43\" srcset=\"https:\/\/demj.bplaced.net\/tv\/wp-content\/uploads\/2024\/10\/IMG_0550-1024x768.jpg 1024w, https:\/\/demj.bplaced.net\/tv\/wp-content\/uploads\/2024\/10\/IMG_0550-300x225.jpg 300w, https:\/\/demj.bplaced.net\/tv\/wp-content\/uploads\/2024\/10\/IMG_0550-768x576.jpg 768w, https:\/\/demj.bplaced.net\/tv\/wp-content\/uploads\/2024\/10\/IMG_0550-1536x1152.jpg 1536w, https:\/\/demj.bplaced.net\/tv\/wp-content\/uploads\/2024\/10\/IMG_0550-2048x1536.jpg 2048w\" sizes=\"auto, (max-width: 1024px) 100vw, 1024px\" \/><\/a><\/figure>\n<\/figure>\n\n\n\n<figure class=\"wp-block-gallery has-nested-images columns-default is-cropped wp-block-gallery-2 is-layout-flex wp-block-gallery-is-layout-flex\">\n<figure class=\"wp-block-image size-large\"><a href=\"https:\/\/demj.bplaced.net\/tv\/wp-content\/uploads\/2024\/10\/IMG_0574-scaled.jpg\"><img loading=\"lazy\" decoding=\"async\" width=\"1024\" height=\"768\" data-id=\"44\" src=\"https:\/\/demj.bplaced.net\/tv\/wp-content\/uploads\/2024\/10\/IMG_0574-1024x768.jpg\" alt=\"\" class=\"wp-image-44\" srcset=\"https:\/\/demj.bplaced.net\/tv\/wp-content\/uploads\/2024\/10\/IMG_0574-1024x768.jpg 1024w, https:\/\/demj.bplaced.net\/tv\/wp-content\/uploads\/2024\/10\/IMG_0574-300x225.jpg 300w, https:\/\/demj.bplaced.net\/tv\/wp-content\/uploads\/2024\/10\/IMG_0574-768x576.jpg 768w, https:\/\/demj.bplaced.net\/tv\/wp-content\/uploads\/2024\/10\/IMG_0574-1536x1152.jpg 1536w, https:\/\/demj.bplaced.net\/tv\/wp-content\/uploads\/2024\/10\/IMG_0574-2048x1536.jpg 2048w\" sizes=\"auto, (max-width: 1024px) 100vw, 1024px\" \/><\/a><\/figure>\n<\/figure>\n\n\n\n<p><strong>2.Tag<\/strong> \u2013 Nach einem reichhaltigen Fr\u00fchst\u00fcck und bei wundersch\u00f6nem Sp\u00e4tsommerwetter fuhren wir diesen Tag ins nahe S\u00fcdirol, nach Sexten. Mit der Rotwand-Seilbahn gings flott auf 1925 m in die Bergwelt der Dolomiten. Wie in den letzten Jahren bereits meistens, teilte sich die Wanderschar in 2 Gruppen. Die Genusswanderer absolvierten die Familienrunde mit anschlie\u00dfender \u201eRegeneration\u201c auf der sonnigen Terrasse der Almwirtschaft. Die Aktivwanderer machten sich zu einer rund zweist\u00fcndigen Bergwanderung zum Kreuzbergpass auf. Im dortigen Bergrestaurant trafen sich dann beide Gruppen wieder zu einem kleinen Mittagessen, bevor es wieder hinunter ins Tal nach Innichen ging. Bei einem gem\u00fctlichen Rundgang durch durch die Fu\u00dfgeherzone stachen vor allem die beiden Kirchen, die in ihrer Art unterschiedlicher nicht sein k\u00f6nnten, besonders ins Auge. Einerseits die romanische Stiftskirche, andererseits die Pfarrkirche St. Michael aus der \u00dcbergangszeit vom Barock zum Rokoko. Nach einer knappen Stunde fuhren wir wieder ins Hotel nach Sillian und die meisten genossen noch im Garten bei einem (?) Seiterl den wundersch\u00f6nen sp\u00e4teren Nachmittag.<\/p>\n\n\n\n<figure class=\"wp-block-gallery has-nested-images columns-default is-cropped wp-block-gallery-3 is-layout-flex wp-block-gallery-is-layout-flex\">\n<figure class=\"wp-block-image size-large\"><a href=\"https:\/\/demj.bplaced.net\/tv\/wp-content\/uploads\/2024\/10\/IMG_0599-scaled.jpg\"><img loading=\"lazy\" decoding=\"async\" width=\"1024\" height=\"768\" data-id=\"45\" src=\"https:\/\/demj.bplaced.net\/tv\/wp-content\/uploads\/2024\/10\/IMG_0599-1024x768.jpg\" alt=\"\" class=\"wp-image-45\" srcset=\"https:\/\/demj.bplaced.net\/tv\/wp-content\/uploads\/2024\/10\/IMG_0599-1024x768.jpg 1024w, https:\/\/demj.bplaced.net\/tv\/wp-content\/uploads\/2024\/10\/IMG_0599-300x225.jpg 300w, https:\/\/demj.bplaced.net\/tv\/wp-content\/uploads\/2024\/10\/IMG_0599-768x576.jpg 768w, https:\/\/demj.bplaced.net\/tv\/wp-content\/uploads\/2024\/10\/IMG_0599-1536x1152.jpg 1536w, https:\/\/demj.bplaced.net\/tv\/wp-content\/uploads\/2024\/10\/IMG_0599-2048x1536.jpg 2048w\" sizes=\"auto, (max-width: 1024px) 100vw, 1024px\" \/><\/a><\/figure>\n<\/figure>\n\n\n\n<figure class=\"wp-block-gallery has-nested-images columns-default is-cropped wp-block-gallery-4 is-layout-flex wp-block-gallery-is-layout-flex\">\n<figure class=\"wp-block-image size-large\"><a href=\"https:\/\/demj.bplaced.net\/tv\/wp-content\/uploads\/2024\/10\/IMG_0605-scaled.jpg\"><img loading=\"lazy\" decoding=\"async\" width=\"1024\" height=\"768\" data-id=\"46\" src=\"https:\/\/demj.bplaced.net\/tv\/wp-content\/uploads\/2024\/10\/IMG_0605-1024x768.jpg\" alt=\"\" class=\"wp-image-46\" srcset=\"https:\/\/demj.bplaced.net\/tv\/wp-content\/uploads\/2024\/10\/IMG_0605-1024x768.jpg 1024w, https:\/\/demj.bplaced.net\/tv\/wp-content\/uploads\/2024\/10\/IMG_0605-300x225.jpg 300w, https:\/\/demj.bplaced.net\/tv\/wp-content\/uploads\/2024\/10\/IMG_0605-768x576.jpg 768w, https:\/\/demj.bplaced.net\/tv\/wp-content\/uploads\/2024\/10\/IMG_0605-1536x1152.jpg 1536w, https:\/\/demj.bplaced.net\/tv\/wp-content\/uploads\/2024\/10\/IMG_0605-2048x1536.jpg 2048w\" sizes=\"auto, (max-width: 1024px) 100vw, 1024px\" \/><\/a><\/figure>\n<\/figure>\n\n\n\n<p><strong>3.Tag<\/strong> \u2013 Nach dem Fr\u00fchst\u00fcck und check out stand ein ganz besonders interessantes Tagesprogramm bevor \u2013 der Besuch des Villgratentales. Es ist eines der urspr\u00fcnglichsten Hocht\u00e4ler der Alpen und mit einem Landschaftsbild, das &nbsp;mit seiner auff\u00e4lligen Holzarchitektur auf den steil abfallenden Bergwiesen hervorsticht. Bereits vor Jahrzehnten haben sich die Einheimischen bewusst f\u00fcr einen sanften Tourismus entschlossen, sodass es keine gro\u00dfen Hotelkomplexe oder andere Verschandelungen gibt.&nbsp; \u00dcber Au\u00dfervillgraten fuhren wir bis zum Talschluss in das kleine Dorf Kalkstein mit seiner bekannten Wallfahrtskirche Maria Schnee &#8211; einer sehenswerten kleinen Bergkirche samt Friedhof. Dort befindet sich auch das Grab des umstrittenen Wilderers Pius Walder. Ein zuf\u00e4llig anwesender Einheimischer gab uns seine durchaus interessante Sichtweise zu diesem Todesfall bekannt.<\/p>\n\n\n\n<p>Nun gings wieder talabw\u00e4rts ins Freilichtmuseum Alpines Leben Innervillgraten. In einer sehenswerten Ansammlung wurden hier uralte Geb\u00e4ude des Tales wiedererrichtet und in funktionsf\u00e4higem Zustand erhalten. Einhof, Getreidem\u00fchle, Lodenstampf, Venezianergatter. Diese 1883 erbaute und denkmalgesch\u00fctzte S\u00e4ge ist das Herzst\u00fcck des Museums und zugleich das letzte funktionierende Venezianer-S\u00e4gewerk in \u00d6sterreich.&nbsp; Durch den Villgratenbach wird mittels einer ausgekl\u00fcgelter Wasserf\u00fchrung und Wasserr\u00e4dern die Str\u00f6mungsenergie des Wassers ausgen\u00fctzt. In h\u00f6chst beeindruckenden Demonstrationen wurde uns vorgef\u00fchrt, wie aus Getreide Mehl, aus Schafwolle Loden und aus einem Baumstamm Bretter hergestellt wurden. Im Einhof, einem der letzten des Villgratentales, konnte in den Innenr\u00e4umen&nbsp; eine reichliche Ausstellung von Handwerkzeugen und Ger\u00e4tschaften, eine Rauchkuchl, Schlafr\u00e4ume uvm. besichtigt werden. &nbsp;Nach zwei h\u00f6chst interessanten Stunden verabschiedeten wir uns von unserer charmanten F\u00fchrerin und fuhren weiter zum nahen Sinkersee \u2013 einem wundersch\u00f6nen Naturdenkmal.<\/p>\n\n\n\n<figure class=\"wp-block-gallery has-nested-images columns-default is-cropped wp-block-gallery-5 is-layout-flex wp-block-gallery-is-layout-flex\">\n<figure class=\"wp-block-image size-large\"><a href=\"https:\/\/demj.bplaced.net\/tv\/wp-content\/uploads\/2024\/10\/IMG_0644-scaled.jpg\"><img loading=\"lazy\" decoding=\"async\" width=\"1024\" height=\"768\" data-id=\"47\" src=\"https:\/\/demj.bplaced.net\/tv\/wp-content\/uploads\/2024\/10\/IMG_0644-1024x768.jpg\" alt=\"\" class=\"wp-image-47\" srcset=\"https:\/\/demj.bplaced.net\/tv\/wp-content\/uploads\/2024\/10\/IMG_0644-1024x768.jpg 1024w, https:\/\/demj.bplaced.net\/tv\/wp-content\/uploads\/2024\/10\/IMG_0644-300x225.jpg 300w, https:\/\/demj.bplaced.net\/tv\/wp-content\/uploads\/2024\/10\/IMG_0644-768x576.jpg 768w, https:\/\/demj.bplaced.net\/tv\/wp-content\/uploads\/2024\/10\/IMG_0644-1536x1152.jpg 1536w, https:\/\/demj.bplaced.net\/tv\/wp-content\/uploads\/2024\/10\/IMG_0644-2048x1536.jpg 2048w\" sizes=\"auto, (max-width: 1024px) 100vw, 1024px\" \/><\/a><\/figure>\n<\/figure>\n\n\n\n<figure class=\"wp-block-gallery has-nested-images columns-default is-cropped wp-block-gallery-6 is-layout-flex wp-block-gallery-is-layout-flex\">\n<figure class=\"wp-block-image size-large\"><a href=\"https:\/\/demj.bplaced.net\/tv\/wp-content\/uploads\/2024\/10\/IMG_0667-scaled.jpg\"><img loading=\"lazy\" decoding=\"async\" width=\"1024\" height=\"768\" data-id=\"48\" src=\"https:\/\/demj.bplaced.net\/tv\/wp-content\/uploads\/2024\/10\/IMG_0667-1024x768.jpg\" alt=\"\" class=\"wp-image-48\" srcset=\"https:\/\/demj.bplaced.net\/tv\/wp-content\/uploads\/2024\/10\/IMG_0667-1024x768.jpg 1024w, https:\/\/demj.bplaced.net\/tv\/wp-content\/uploads\/2024\/10\/IMG_0667-300x225.jpg 300w, https:\/\/demj.bplaced.net\/tv\/wp-content\/uploads\/2024\/10\/IMG_0667-768x576.jpg 768w, https:\/\/demj.bplaced.net\/tv\/wp-content\/uploads\/2024\/10\/IMG_0667-1536x1152.jpg 1536w, https:\/\/demj.bplaced.net\/tv\/wp-content\/uploads\/2024\/10\/IMG_0667-2048x1536.jpg 2048w\" sizes=\"auto, (max-width: 1024px) 100vw, 1024px\" \/><\/a><\/figure>\n<\/figure>\n\n\n\n<p>Der letzte Programmpunkt war noch der Besuch der Oberstalleralm auf 1883m und anschlie\u00dfend die Jausenstation Unterstaller Alm, wo wir noch zum Mittagessen einkehrten, bevor wir die Heimreise antraten.<\/p>\n\n\n\n<figure class=\"wp-block-gallery has-nested-images columns-default is-cropped wp-block-gallery-7 is-layout-flex wp-block-gallery-is-layout-flex\">\n<figure class=\"wp-block-image size-large\"><a href=\"https:\/\/demj.bplaced.net\/tv\/wp-content\/uploads\/2024\/10\/IMG_0714-scaled.jpg\"><img loading=\"lazy\" decoding=\"async\" width=\"1024\" height=\"768\" data-id=\"49\" src=\"https:\/\/demj.bplaced.net\/tv\/wp-content\/uploads\/2024\/10\/IMG_0714-1024x768.jpg\" alt=\"\" class=\"wp-image-49\" srcset=\"https:\/\/demj.bplaced.net\/tv\/wp-content\/uploads\/2024\/10\/IMG_0714-1024x768.jpg 1024w, https:\/\/demj.bplaced.net\/tv\/wp-content\/uploads\/2024\/10\/IMG_0714-300x225.jpg 300w, https:\/\/demj.bplaced.net\/tv\/wp-content\/uploads\/2024\/10\/IMG_0714-768x576.jpg 768w, https:\/\/demj.bplaced.net\/tv\/wp-content\/uploads\/2024\/10\/IMG_0714-1536x1152.jpg 1536w, https:\/\/demj.bplaced.net\/tv\/wp-content\/uploads\/2024\/10\/IMG_0714-2048x1536.jpg 2048w\" sizes=\"auto, (max-width: 1024px) 100vw, 1024px\" \/><\/a><\/figure>\n<\/figure>\n\n\n\n<figure class=\"wp-block-gallery has-nested-images columns-default is-cropped wp-block-gallery-8 is-layout-flex wp-block-gallery-is-layout-flex\">\n<figure class=\"wp-block-image size-large\"><a href=\"https:\/\/demj.bplaced.net\/tv\/wp-content\/uploads\/2024\/10\/IMG_0722-scaled.jpg\"><img loading=\"lazy\" decoding=\"async\" width=\"1024\" height=\"768\" data-id=\"50\" src=\"https:\/\/demj.bplaced.net\/tv\/wp-content\/uploads\/2024\/10\/IMG_0722-1024x768.jpg\" alt=\"\" class=\"wp-image-50\" srcset=\"https:\/\/demj.bplaced.net\/tv\/wp-content\/uploads\/2024\/10\/IMG_0722-1024x768.jpg 1024w, https:\/\/demj.bplaced.net\/tv\/wp-content\/uploads\/2024\/10\/IMG_0722-300x225.jpg 300w, https:\/\/demj.bplaced.net\/tv\/wp-content\/uploads\/2024\/10\/IMG_0722-768x576.jpg 768w, https:\/\/demj.bplaced.net\/tv\/wp-content\/uploads\/2024\/10\/IMG_0722-1536x1152.jpg 1536w, https:\/\/demj.bplaced.net\/tv\/wp-content\/uploads\/2024\/10\/IMG_0722-2048x1536.jpg 2048w\" sizes=\"auto, (max-width: 1024px) 100vw, 1024px\" \/><\/a><\/figure>\n<\/figure>\n\n\n\n<p>Wiederum ging ein sehr sch\u00f6ner Riegenausflug nach einer flotten R\u00fcckfahrt \u00fcber das Kleine Deutsche Eck zu Ende.&nbsp; Ganz gro\u00dfen Dank an unsere Fahrer Moosi und Hans Edelm\u00fcll<a><\/a>er und unserem Organisator Alfons !!!&nbsp;<\/p>\n\n\n\n<p>Herbert Aigner<\/p>\n","protected":false},"excerpt":{"rendered":"<p>Im Gegensatz zum Vorjahr, trafen wir uns heuer am 22. September 2023 bei wundersch\u00f6nem Herbstwetter vor der Turnhalle. Mit einer halbst\u00fcndigen Verz\u00f6gerung, ging die Fahrt um 7:30 Uhr zu unserem ersten Ziel des Tages, nach Matrei in Osttirol los. Am Steuer der Kleinbusse &#8211; &nbsp;Moosi und Hans Edelm\u00fcller. Die Planung und Organisation des Ausfluges \u00fcbernahm, [&hellip;]<\/p>\n","protected":false},"author":1,"featured_media":0,"parent":0,"menu_order":0,"comment_status":"closed","ping_status":"closed","template":"","meta":{"footnotes":""},"class_list":["post-41","page","type-page","status-publish","hentry"],"_links":{"self":[{"href":"https:\/\/demj.bplaced.net\/tv\/wp-json\/wp\/v2\/pages\/41","targetHints":{"allow":["GET"]}}],"collection":[{"href":"https:\/\/demj.bplaced.net\/tv\/wp-json\/wp\/v2\/pages"}],"about":[{"href":"https:\/\/demj.bplaced.net\/tv\/wp-json\/wp\/v2\/types\/page"}],"author":[{"embeddable":true,"href":"https:\/\/demj.bplaced.net\/tv\/wp-json\/wp\/v2\/users\/1"}],"replies":[{"embeddable":true,"href":"https:\/\/demj.bplaced.net\/tv\/wp-json\/wp\/v2\/comments?post=41"}],"version-history":[{"count":11,"href":"https:\/\/demj.bplaced.net\/tv\/wp-json\/wp\/v2\/pages\/41\/revisions"}],"predecessor-version":[{"id":106,"href":"https:\/\/demj.bplaced.net\/tv\/wp-json\/wp\/v2\/pages\/41\/revisions\/106"}],"wp:attachment":[{"href":"https:\/\/demj.bplaced.net\/tv\/wp-json\/wp\/v2\/media?parent=41"}],"curies":[{"name":"wp","href":"https:\/\/api.w.org\/{rel}","templated":true}]}}