{"id":509,"date":"2025-10-12T10:38:06","date_gmt":"2025-10-12T08:38:06","guid":{"rendered":"https:\/\/demj.bplaced.net\/tv\/?page_id=509"},"modified":"2025-10-18T12:59:27","modified_gmt":"2025-10-18T10:59:27","slug":"riegenausflug-2025","status":"publish","type":"page","link":"https:\/\/demj.bplaced.net\/tv\/riegenausflug-2025\/","title":{"rendered":"Riegenausflug 2025"},"content":{"rendered":"\n<p><strong><a href=\"https:\/\/demj.bplaced.net\/tv\/fotos-vom-riegenausflug-2025\/\" data-type=\"page\" data-id=\"534\">Alle Fotos vom Riegenausflug<\/a><\/strong><\/p>\n\n\n\n<p><strong>Bericht \u00fcber den Riegenausflug vom 1. bis 3. Oktober von Herbert Aigner:<\/strong><\/p>\n\n\n\n<p>Im Vorjahr sind wir auf den Geschmack gekommen, unser Ausflugsziel in einer relativ kurzen Fahrzeit zu erreichen, daher wurde heuer das Gebiet um den Wolfgangsee gew\u00e4hlt. Bei gutem Wetter trafen sich 15 Turnbr\u00fcder (drei davon waren erstmals dabei) am 1.Oktober bei der Turnhalle zur Abfahrt. Los ging es \u00fcber die Autobahn und auf der B 145 den Traunsee entlang nach Ebensee zum privaten Natur(schau)-Museum von Stefan Gratzer.<\/p>\n\n\n\n<figure data-wp-context=\"{&quot;imageId&quot;:&quot;69f5d21f11b8e&quot;}\" data-wp-interactive=\"core\/image\" data-wp-key=\"69f5d21f11b8e\" class=\"wp-block-image size-large wp-lightbox-container\"><img loading=\"lazy\" decoding=\"async\" width=\"1024\" height=\"768\" data-wp-class--hide=\"state.isContentHidden\" data-wp-class--show=\"state.isContentVisible\" data-wp-init=\"callbacks.setButtonStyles\" data-wp-on--click=\"actions.showLightbox\" data-wp-on--load=\"callbacks.setButtonStyles\" data-wp-on-window--resize=\"callbacks.setButtonStyles\" src=\"https:\/\/demj.bplaced.net\/tv\/wp-content\/uploads\/2025\/10\/IMG_9023-1-1024x768.jpg\" alt=\"\" class=\"wp-image-520\" srcset=\"https:\/\/demj.bplaced.net\/tv\/wp-content\/uploads\/2025\/10\/IMG_9023-1-1024x768.jpg 1024w, https:\/\/demj.bplaced.net\/tv\/wp-content\/uploads\/2025\/10\/IMG_9023-1-300x225.jpg 300w, https:\/\/demj.bplaced.net\/tv\/wp-content\/uploads\/2025\/10\/IMG_9023-1-768x576.jpg 768w, https:\/\/demj.bplaced.net\/tv\/wp-content\/uploads\/2025\/10\/IMG_9023-1-1536x1152.jpg 1536w, https:\/\/demj.bplaced.net\/tv\/wp-content\/uploads\/2025\/10\/IMG_9023-1-2048x1536.jpg 2048w\" sizes=\"auto, (max-width: 1024px) 100vw, 1024px\" \/><button\n\t\t\tclass=\"lightbox-trigger\"\n\t\t\ttype=\"button\"\n\t\t\taria-haspopup=\"dialog\"\n\t\t\taria-label=\"Vergr\u00f6\u00dfern\"\n\t\t\tdata-wp-init=\"callbacks.initTriggerButton\"\n\t\t\tdata-wp-on--click=\"actions.showLightbox\"\n\t\t\tdata-wp-style--right=\"state.imageButtonRight\"\n\t\t\tdata-wp-style--top=\"state.imageButtonTop\"\n\t\t>\n\t\t\t<svg xmlns=\"http:\/\/www.w3.org\/2000\/svg\" width=\"12\" height=\"12\" fill=\"none\" viewBox=\"0 0 12 12\">\n\t\t\t\t<path fill=\"#fff\" d=\"M2 0a2 2 0 0 0-2 2v2h1.5V2a.5.5 0 0 1 .5-.5h2V0H2Zm2 10.5H2a.5.5 0 0 1-.5-.5V8H0v2a2 2 0 0 0 2 2h2v-1.5ZM8 12v-1.5h2a.5.5 0 0 0 .5-.5V8H12v2a2 2 0 0 1-2 2H8Zm2-12a2 2 0 0 1 2 2v2h-1.5V2a.5.5 0 0 0-.5-.5H8V0h2Z\" \/>\n\t\t\t<\/svg>\n\t\t<\/button><\/figure>\n\n\n\n<p>Er empfing uns gleich sehr freundlich und man sp\u00fcrte von Beginn an, dass dieser Mann \u2013 von Beruf Pr\u00e4paratormeister \u2013 h\u00f6chstwahrscheinlich anders tickt als andere Menschen. Als leidenschaftlicher Sammler f\u00fchrte er uns stolz durch sein 2009 neu errichtetes Museum mit \u00fcber 700 m\u00b2 Ausstellungsfl\u00e4che, in dem Tierpr\u00e4parate der verschiedensten heimischen Naturr\u00e4ume zu bestaunen sind. Mit seiner unglaublichen Begeisterung zur Natur zieht er uns bald in seinen Bann. \u201eDie Ausstellung muss den Besuchern gefallen und nicht zwingend eine hohe wissenschaftliche Bedeutung haben &#8211; wie etwa das Haus der Natur in Salzburg\u201c, so sein Credo. Fazit dieser zwei Stunden &#8211; sehr sehenswert! Direkt im Anschluss an die F\u00fchrung genossen wir gleich im Garten vor dem Museum die obligate Jause mit Knacker, Geb\u00e4ck und Bier, organisiert von Pepi Eisenk\u00f6ck.<\/p>\n\n\n\n<figure data-wp-context=\"{&quot;imageId&quot;:&quot;69f5d21f11e7a&quot;}\" data-wp-interactive=\"core\/image\" data-wp-key=\"69f5d21f11e7a\" class=\"wp-block-image size-large wp-lightbox-container\"><img loading=\"lazy\" decoding=\"async\" width=\"1024\" height=\"768\" data-wp-class--hide=\"state.isContentHidden\" data-wp-class--show=\"state.isContentVisible\" data-wp-init=\"callbacks.setButtonStyles\" data-wp-on--click=\"actions.showLightbox\" data-wp-on--load=\"callbacks.setButtonStyles\" data-wp-on-window--resize=\"callbacks.setButtonStyles\" src=\"https:\/\/demj.bplaced.net\/tv\/wp-content\/uploads\/2025\/10\/IMG_9033-1024x768.jpg\" alt=\"\" class=\"wp-image-519\" srcset=\"https:\/\/demj.bplaced.net\/tv\/wp-content\/uploads\/2025\/10\/IMG_9033-1024x768.jpg 1024w, https:\/\/demj.bplaced.net\/tv\/wp-content\/uploads\/2025\/10\/IMG_9033-300x225.jpg 300w, https:\/\/demj.bplaced.net\/tv\/wp-content\/uploads\/2025\/10\/IMG_9033-768x576.jpg 768w, https:\/\/demj.bplaced.net\/tv\/wp-content\/uploads\/2025\/10\/IMG_9033-1536x1152.jpg 1536w, https:\/\/demj.bplaced.net\/tv\/wp-content\/uploads\/2025\/10\/IMG_9033-2048x1536.jpg 2048w\" sizes=\"auto, (max-width: 1024px) 100vw, 1024px\" \/><button\n\t\t\tclass=\"lightbox-trigger\"\n\t\t\ttype=\"button\"\n\t\t\taria-haspopup=\"dialog\"\n\t\t\taria-label=\"Vergr\u00f6\u00dfern\"\n\t\t\tdata-wp-init=\"callbacks.initTriggerButton\"\n\t\t\tdata-wp-on--click=\"actions.showLightbox\"\n\t\t\tdata-wp-style--right=\"state.imageButtonRight\"\n\t\t\tdata-wp-style--top=\"state.imageButtonTop\"\n\t\t>\n\t\t\t<svg xmlns=\"http:\/\/www.w3.org\/2000\/svg\" width=\"12\" height=\"12\" fill=\"none\" viewBox=\"0 0 12 12\">\n\t\t\t\t<path fill=\"#fff\" d=\"M2 0a2 2 0 0 0-2 2v2h1.5V2a.5.5 0 0 1 .5-.5h2V0H2Zm2 10.5H2a.5.5 0 0 1-.5-.5V8H0v2a2 2 0 0 0 2 2h2v-1.5ZM8 12v-1.5h2a.5.5 0 0 0 .5-.5V8H12v2a2 2 0 0 1-2 2H8Zm2-12a2 2 0 0 1 2 2v2h-1.5V2a.5.5 0 0 0-.5-.5H8V0h2Z\" \/>\n\t\t\t<\/svg>\n\t\t<\/button><\/figure>\n\n\n\n<p>Weiter ging die Fahrt \u00fcber Bad Ischl nach Strobl. Raus aus den Autos und auf zu unserer knapp zweist\u00fcndigen Wanderung auf dem Panoramaweg um den B\u00fcrglstein, mit herrlichem Blick auf Strobl, den Wolfgangsee und die angrenzende Bergwelt.<\/p>\n\n\n\n<figure data-wp-context=\"{&quot;imageId&quot;:&quot;69f5d21f120b0&quot;}\" data-wp-interactive=\"core\/image\" data-wp-key=\"69f5d21f120b0\" class=\"wp-block-image size-large wp-lightbox-container\"><img loading=\"lazy\" decoding=\"async\" width=\"1024\" height=\"768\" data-wp-class--hide=\"state.isContentHidden\" data-wp-class--show=\"state.isContentVisible\" data-wp-init=\"callbacks.setButtonStyles\" data-wp-on--click=\"actions.showLightbox\" data-wp-on--load=\"callbacks.setButtonStyles\" data-wp-on-window--resize=\"callbacks.setButtonStyles\" src=\"https:\/\/demj.bplaced.net\/tv\/wp-content\/uploads\/2025\/10\/IMG_9042-1024x768.jpg\" alt=\"\" class=\"wp-image-513\" srcset=\"https:\/\/demj.bplaced.net\/tv\/wp-content\/uploads\/2025\/10\/IMG_9042-1024x768.jpg 1024w, https:\/\/demj.bplaced.net\/tv\/wp-content\/uploads\/2025\/10\/IMG_9042-300x225.jpg 300w, https:\/\/demj.bplaced.net\/tv\/wp-content\/uploads\/2025\/10\/IMG_9042-768x576.jpg 768w, https:\/\/demj.bplaced.net\/tv\/wp-content\/uploads\/2025\/10\/IMG_9042-1536x1152.jpg 1536w, https:\/\/demj.bplaced.net\/tv\/wp-content\/uploads\/2025\/10\/IMG_9042-2048x1536.jpg 2048w\" sizes=\"auto, (max-width: 1024px) 100vw, 1024px\" \/><button\n\t\t\tclass=\"lightbox-trigger\"\n\t\t\ttype=\"button\"\n\t\t\taria-haspopup=\"dialog\"\n\t\t\taria-label=\"Vergr\u00f6\u00dfern\"\n\t\t\tdata-wp-init=\"callbacks.initTriggerButton\"\n\t\t\tdata-wp-on--click=\"actions.showLightbox\"\n\t\t\tdata-wp-style--right=\"state.imageButtonRight\"\n\t\t\tdata-wp-style--top=\"state.imageButtonTop\"\n\t\t>\n\t\t\t<svg xmlns=\"http:\/\/www.w3.org\/2000\/svg\" width=\"12\" height=\"12\" fill=\"none\" viewBox=\"0 0 12 12\">\n\t\t\t\t<path fill=\"#fff\" d=\"M2 0a2 2 0 0 0-2 2v2h1.5V2a.5.5 0 0 1 .5-.5h2V0H2Zm2 10.5H2a.5.5 0 0 1-.5-.5V8H0v2a2 2 0 0 0 2 2h2v-1.5ZM8 12v-1.5h2a.5.5 0 0 0 .5-.5V8H12v2a2 2 0 0 1-2 2H8Zm2-12a2 2 0 0 1 2 2v2h-1.5V2a.5.5 0 0 0-.5-.5H8V0h2Z\" \/>\n\t\t\t<\/svg>\n\t\t<\/button><\/figure>\n\n\n\n<figure data-wp-context=\"{&quot;imageId&quot;:&quot;69f5d21f122ac&quot;}\" data-wp-interactive=\"core\/image\" data-wp-key=\"69f5d21f122ac\" class=\"wp-block-image size-large wp-lightbox-container\"><img loading=\"lazy\" decoding=\"async\" width=\"1024\" height=\"768\" data-wp-class--hide=\"state.isContentHidden\" data-wp-class--show=\"state.isContentVisible\" data-wp-init=\"callbacks.setButtonStyles\" data-wp-on--click=\"actions.showLightbox\" data-wp-on--load=\"callbacks.setButtonStyles\" data-wp-on-window--resize=\"callbacks.setButtonStyles\" src=\"https:\/\/demj.bplaced.net\/tv\/wp-content\/uploads\/2025\/10\/IMG_9047-1024x768.jpg\" alt=\"\" class=\"wp-image-514\" srcset=\"https:\/\/demj.bplaced.net\/tv\/wp-content\/uploads\/2025\/10\/IMG_9047-1024x768.jpg 1024w, https:\/\/demj.bplaced.net\/tv\/wp-content\/uploads\/2025\/10\/IMG_9047-300x225.jpg 300w, https:\/\/demj.bplaced.net\/tv\/wp-content\/uploads\/2025\/10\/IMG_9047-768x576.jpg 768w, https:\/\/demj.bplaced.net\/tv\/wp-content\/uploads\/2025\/10\/IMG_9047-1536x1152.jpg 1536w, https:\/\/demj.bplaced.net\/tv\/wp-content\/uploads\/2025\/10\/IMG_9047-2048x1536.jpg 2048w\" sizes=\"auto, (max-width: 1024px) 100vw, 1024px\" \/><button\n\t\t\tclass=\"lightbox-trigger\"\n\t\t\ttype=\"button\"\n\t\t\taria-haspopup=\"dialog\"\n\t\t\taria-label=\"Vergr\u00f6\u00dfern\"\n\t\t\tdata-wp-init=\"callbacks.initTriggerButton\"\n\t\t\tdata-wp-on--click=\"actions.showLightbox\"\n\t\t\tdata-wp-style--right=\"state.imageButtonRight\"\n\t\t\tdata-wp-style--top=\"state.imageButtonTop\"\n\t\t>\n\t\t\t<svg xmlns=\"http:\/\/www.w3.org\/2000\/svg\" width=\"12\" height=\"12\" fill=\"none\" viewBox=\"0 0 12 12\">\n\t\t\t\t<path fill=\"#fff\" d=\"M2 0a2 2 0 0 0-2 2v2h1.5V2a.5.5 0 0 1 .5-.5h2V0H2Zm2 10.5H2a.5.5 0 0 1-.5-.5V8H0v2a2 2 0 0 0 2 2h2v-1.5ZM8 12v-1.5h2a.5.5 0 0 0 .5-.5V8H12v2a2 2 0 0 1-2 2H8Zm2-12a2 2 0 0 1 2 2v2h-1.5V2a.5.5 0 0 0-.5-.5H8V0h2Z\" \/>\n\t\t\t<\/svg>\n\t\t<\/button><\/figure>\n\n\n\n<p>Anschlie\u00dfend fuhren wir zur St\u00e4rkung in die Pizzeria \u201eHias\u201c am Campingplatz in der Berau, bevor es endg\u00fcltig ins Quartier \u201eDer Wiesenhof\u201c nach Abersee weiterging. Nach der Zimmerverteilung wurde von manchen noch eine Erkundungsrunde zum nahegelegenen Wolfgangsee unternommen. Ein exzellentes Abendessen und ein recht gem\u00fctliches Zusammensein, bei dem wir unseren Satti zu seinem 89. Geburtstag kr\u00e4ftig \u201eangesungen\u201c haben, rundeten den ersten Ausflugstag w\u00fcrdig ab.<\/p>\n\n\n\n<p>2. Tag \u2013 Nach reichhaltigem Fr\u00fchst\u00fcck ging es bei bedecktem Himmel um 9 Uhr mit den Autos los ans gegen\u00fcberliegende Seeufer nach Ried am Wolfgangsee. Es erfolgte die Aufteilung in Genusswanderer und Normalwanderer. Erstere gingen zur Schiffstation und fuhren mit dem Linienschiff nach F\u00fcrberg. Die anderen 10 Wanderer machten sich bereit f\u00fcr den steilen und schwei\u00dftreibenden Wander- und Pilgerweg \u00fcber den Falkenstein hin\u00fcber nach F\u00fcrberg. Nach gro\u00dfartigem Ausblick vom \u201eGschmo-Platzl\u201c oberhalb der Falkensteinwand auf den See und die Bergwelt erreichten wir das Kircherl am Falkenstein mit seiner Legende um den Hl. Wolfgang.<\/p>\n\n\n\n<figure data-wp-context=\"{&quot;imageId&quot;:&quot;69f5d21f124ec&quot;}\" data-wp-interactive=\"core\/image\" data-wp-key=\"69f5d21f124ec\" class=\"wp-block-image size-large wp-lightbox-container\"><img loading=\"lazy\" decoding=\"async\" width=\"1024\" height=\"768\" data-wp-class--hide=\"state.isContentHidden\" data-wp-class--show=\"state.isContentVisible\" data-wp-init=\"callbacks.setButtonStyles\" data-wp-on--click=\"actions.showLightbox\" data-wp-on--load=\"callbacks.setButtonStyles\" data-wp-on-window--resize=\"callbacks.setButtonStyles\" src=\"https:\/\/demj.bplaced.net\/tv\/wp-content\/uploads\/2025\/10\/IMG_9142-1024x768.jpg\" alt=\"\" class=\"wp-image-517\" srcset=\"https:\/\/demj.bplaced.net\/tv\/wp-content\/uploads\/2025\/10\/IMG_9142-1024x768.jpg 1024w, https:\/\/demj.bplaced.net\/tv\/wp-content\/uploads\/2025\/10\/IMG_9142-300x225.jpg 300w, https:\/\/demj.bplaced.net\/tv\/wp-content\/uploads\/2025\/10\/IMG_9142-768x576.jpg 768w, https:\/\/demj.bplaced.net\/tv\/wp-content\/uploads\/2025\/10\/IMG_9142-1536x1152.jpg 1536w, https:\/\/demj.bplaced.net\/tv\/wp-content\/uploads\/2025\/10\/IMG_9142-2048x1536.jpg 2048w\" sizes=\"auto, (max-width: 1024px) 100vw, 1024px\" \/><button\n\t\t\tclass=\"lightbox-trigger\"\n\t\t\ttype=\"button\"\n\t\t\taria-haspopup=\"dialog\"\n\t\t\taria-label=\"Vergr\u00f6\u00dfern\"\n\t\t\tdata-wp-init=\"callbacks.initTriggerButton\"\n\t\t\tdata-wp-on--click=\"actions.showLightbox\"\n\t\t\tdata-wp-style--right=\"state.imageButtonRight\"\n\t\t\tdata-wp-style--top=\"state.imageButtonTop\"\n\t\t>\n\t\t\t<svg xmlns=\"http:\/\/www.w3.org\/2000\/svg\" width=\"12\" height=\"12\" fill=\"none\" viewBox=\"0 0 12 12\">\n\t\t\t\t<path fill=\"#fff\" d=\"M2 0a2 2 0 0 0-2 2v2h1.5V2a.5.5 0 0 1 .5-.5h2V0H2Zm2 10.5H2a.5.5 0 0 1-.5-.5V8H0v2a2 2 0 0 0 2 2h2v-1.5ZM8 12v-1.5h2a.5.5 0 0 0 .5-.5V8H12v2a2 2 0 0 1-2 2H8Zm2-12a2 2 0 0 1 2 2v2h-1.5V2a.5.5 0 0 0-.5-.5H8V0h2Z\" \/>\n\t\t\t<\/svg>\n\t\t<\/button><\/figure>\n\n\n\n<p>Schlie\u00dflich ging es dann steil bergab zum Gasthof &amp; Hotel F\u00fcrberg, wo man wieder mit den Genusswanderern zusammentraf und eine gem\u00fctliche Einkehr zur St\u00e4rkung einlegte. Zur\u00fcck zu den Autos ging es wieder teils zu Fu\u00df \u00fcber den Falkenstein, teils mit dem Schiff. Letzte Station f\u00fcr diesen Tag war dann Sankt Wolfgang. Vom Parkplatz spazierten wir ins Zentrum. Nat\u00fcrlich kannte jeder von uns diesen sch\u00f6nen Ort, sehenswert ist er immer wieder, insbesondere die Kirche mit ihrem herrlichen Fl\u00fcgelaltar. Nach einiger Zeit des Bestaunens und so mancher Andacht geschah etwas wirklich Besonderes: Unser Hermann Wetzlmair ist von seinem Platz aufgestanden und stimmte spontan und solo das Marienlied \u201eMeerstern ich dich gr\u00fcsse\u201c an. Das Ambiente der Kirche, zusammen mit ihrer grandiosen Akustik unterst\u00fctzte ihn dabei, sodass eine unvergessliche Stimmung entstand und letztlich in einem gro\u00dfen Applaus endete \u2013 einfach gro\u00dfartig !! Danke &#8211; Hermann.<\/p>\n\n\n\n<figure data-wp-context=\"{&quot;imageId&quot;:&quot;69f5d21f126ff&quot;}\" data-wp-interactive=\"core\/image\" data-wp-key=\"69f5d21f126ff\" class=\"wp-block-image size-large wp-lightbox-container\"><img loading=\"lazy\" decoding=\"async\" width=\"1024\" height=\"727\" data-wp-class--hide=\"state.isContentHidden\" data-wp-class--show=\"state.isContentVisible\" data-wp-init=\"callbacks.setButtonStyles\" data-wp-on--click=\"actions.showLightbox\" data-wp-on--load=\"callbacks.setButtonStyles\" data-wp-on-window--resize=\"callbacks.setButtonStyles\" src=\"https:\/\/demj.bplaced.net\/tv\/wp-content\/uploads\/2025\/10\/IMG_9106a-1024x727.jpg\" alt=\"\" class=\"wp-image-528\" srcset=\"https:\/\/demj.bplaced.net\/tv\/wp-content\/uploads\/2025\/10\/IMG_9106a-1024x727.jpg 1024w, https:\/\/demj.bplaced.net\/tv\/wp-content\/uploads\/2025\/10\/IMG_9106a-300x213.jpg 300w, https:\/\/demj.bplaced.net\/tv\/wp-content\/uploads\/2025\/10\/IMG_9106a-768x545.jpg 768w, https:\/\/demj.bplaced.net\/tv\/wp-content\/uploads\/2025\/10\/IMG_9106a-1536x1090.jpg 1536w, https:\/\/demj.bplaced.net\/tv\/wp-content\/uploads\/2025\/10\/IMG_9106a-2048x1454.jpg 2048w\" sizes=\"auto, (max-width: 1024px) 100vw, 1024px\" \/><button\n\t\t\tclass=\"lightbox-trigger\"\n\t\t\ttype=\"button\"\n\t\t\taria-haspopup=\"dialog\"\n\t\t\taria-label=\"Vergr\u00f6\u00dfern\"\n\t\t\tdata-wp-init=\"callbacks.initTriggerButton\"\n\t\t\tdata-wp-on--click=\"actions.showLightbox\"\n\t\t\tdata-wp-style--right=\"state.imageButtonRight\"\n\t\t\tdata-wp-style--top=\"state.imageButtonTop\"\n\t\t>\n\t\t\t<svg xmlns=\"http:\/\/www.w3.org\/2000\/svg\" width=\"12\" height=\"12\" fill=\"none\" viewBox=\"0 0 12 12\">\n\t\t\t\t<path fill=\"#fff\" d=\"M2 0a2 2 0 0 0-2 2v2h1.5V2a.5.5 0 0 1 .5-.5h2V0H2Zm2 10.5H2a.5.5 0 0 1-.5-.5V8H0v2a2 2 0 0 0 2 2h2v-1.5ZM8 12v-1.5h2a.5.5 0 0 0 .5-.5V8H12v2a2 2 0 0 1-2 2H8Zm2-12a2 2 0 0 1 2 2v2h-1.5V2a.5.5 0 0 0-.5-.5H8V0h2Z\" \/>\n\t\t\t<\/svg>\n\t\t<\/button><\/figure>\n\n\n\n<p>Anschlie\u00dfend war Zeit f\u00fcr Kuchen und Kaffee im Kaffeehaus Wallner und eine letzten Runde durch das Gewirr aus Hotels und Gesch\u00e4ften. Danach ging es zur\u00fcck in unser Quartier nach Abersee. Inzwischen ist die Sonne herausgekommen. Manche n\u00fctzten das f\u00fcr ein Seiterl im sonnigen Gastgarten. Zum Abendessen bekamen wir ein sensationelles Bratl serviert. Bei bester Stimmung ging der Tag sp\u00e4ter mit kr\u00e4ftigem Gesang zu Ende.<\/p>\n\n\n\n<p>3. Tag \u2013 Das Wetter wurde \u00fcber Nacht sehr sch\u00f6n und w\u00e4rmer. Ganz in unserer N\u00e4he befindet sich bei Strobl das Blinklingmoos, ein ca. 20 ha gro\u00dfes Hochmoor, welches in den letzten Jahren wieder renaturiert und \u201ewiedervern\u00e4sst\u201c wird.<\/p>\n\n\n\n<figure data-wp-context=\"{&quot;imageId&quot;:&quot;69f5d21f1292d&quot;}\" data-wp-interactive=\"core\/image\" data-wp-key=\"69f5d21f1292d\" class=\"wp-block-image size-large wp-lightbox-container\"><img loading=\"lazy\" decoding=\"async\" width=\"1024\" height=\"768\" data-wp-class--hide=\"state.isContentHidden\" data-wp-class--show=\"state.isContentVisible\" data-wp-init=\"callbacks.setButtonStyles\" data-wp-on--click=\"actions.showLightbox\" data-wp-on--load=\"callbacks.setButtonStyles\" data-wp-on-window--resize=\"callbacks.setButtonStyles\" src=\"https:\/\/demj.bplaced.net\/tv\/wp-content\/uploads\/2025\/10\/IMG_9127-1024x768.jpg\" alt=\"\" class=\"wp-image-515\" srcset=\"https:\/\/demj.bplaced.net\/tv\/wp-content\/uploads\/2025\/10\/IMG_9127-1024x768.jpg 1024w, https:\/\/demj.bplaced.net\/tv\/wp-content\/uploads\/2025\/10\/IMG_9127-300x225.jpg 300w, https:\/\/demj.bplaced.net\/tv\/wp-content\/uploads\/2025\/10\/IMG_9127-768x576.jpg 768w, https:\/\/demj.bplaced.net\/tv\/wp-content\/uploads\/2025\/10\/IMG_9127-1536x1152.jpg 1536w, https:\/\/demj.bplaced.net\/tv\/wp-content\/uploads\/2025\/10\/IMG_9127-2048x1536.jpg 2048w\" sizes=\"auto, (max-width: 1024px) 100vw, 1024px\" \/><button\n\t\t\tclass=\"lightbox-trigger\"\n\t\t\ttype=\"button\"\n\t\t\taria-haspopup=\"dialog\"\n\t\t\taria-label=\"Vergr\u00f6\u00dfern\"\n\t\t\tdata-wp-init=\"callbacks.initTriggerButton\"\n\t\t\tdata-wp-on--click=\"actions.showLightbox\"\n\t\t\tdata-wp-style--right=\"state.imageButtonRight\"\n\t\t\tdata-wp-style--top=\"state.imageButtonTop\"\n\t\t>\n\t\t\t<svg xmlns=\"http:\/\/www.w3.org\/2000\/svg\" width=\"12\" height=\"12\" fill=\"none\" viewBox=\"0 0 12 12\">\n\t\t\t\t<path fill=\"#fff\" d=\"M2 0a2 2 0 0 0-2 2v2h1.5V2a.5.5 0 0 1 .5-.5h2V0H2Zm2 10.5H2a.5.5 0 0 1-.5-.5V8H0v2a2 2 0 0 0 2 2h2v-1.5ZM8 12v-1.5h2a.5.5 0 0 0 .5-.5V8H12v2a2 2 0 0 1-2 2H8Zm2-12a2 2 0 0 1 2 2v2h-1.5V2a.5.5 0 0 0-.5-.5H8V0h2Z\" \/>\n\t\t\t<\/svg>\n\t\t<\/button><\/figure>\n\n\n\n<figure data-wp-context=\"{&quot;imageId&quot;:&quot;69f5d21f12b16&quot;}\" data-wp-interactive=\"core\/image\" data-wp-key=\"69f5d21f12b16\" class=\"wp-block-image size-large wp-lightbox-container\"><img loading=\"lazy\" decoding=\"async\" width=\"1024\" height=\"768\" data-wp-class--hide=\"state.isContentHidden\" data-wp-class--show=\"state.isContentVisible\" data-wp-init=\"callbacks.setButtonStyles\" data-wp-on--click=\"actions.showLightbox\" data-wp-on--load=\"callbacks.setButtonStyles\" data-wp-on-window--resize=\"callbacks.setButtonStyles\" src=\"https:\/\/demj.bplaced.net\/tv\/wp-content\/uploads\/2025\/10\/IMG_9139-1024x768.jpg\" alt=\"\" class=\"wp-image-516\" srcset=\"https:\/\/demj.bplaced.net\/tv\/wp-content\/uploads\/2025\/10\/IMG_9139-1024x768.jpg 1024w, https:\/\/demj.bplaced.net\/tv\/wp-content\/uploads\/2025\/10\/IMG_9139-300x225.jpg 300w, https:\/\/demj.bplaced.net\/tv\/wp-content\/uploads\/2025\/10\/IMG_9139-768x576.jpg 768w, https:\/\/demj.bplaced.net\/tv\/wp-content\/uploads\/2025\/10\/IMG_9139-1536x1152.jpg 1536w, https:\/\/demj.bplaced.net\/tv\/wp-content\/uploads\/2025\/10\/IMG_9139-2048x1536.jpg 2048w\" sizes=\"auto, (max-width: 1024px) 100vw, 1024px\" \/><button\n\t\t\tclass=\"lightbox-trigger\"\n\t\t\ttype=\"button\"\n\t\t\taria-haspopup=\"dialog\"\n\t\t\taria-label=\"Vergr\u00f6\u00dfern\"\n\t\t\tdata-wp-init=\"callbacks.initTriggerButton\"\n\t\t\tdata-wp-on--click=\"actions.showLightbox\"\n\t\t\tdata-wp-style--right=\"state.imageButtonRight\"\n\t\t\tdata-wp-style--top=\"state.imageButtonTop\"\n\t\t>\n\t\t\t<svg xmlns=\"http:\/\/www.w3.org\/2000\/svg\" width=\"12\" height=\"12\" fill=\"none\" viewBox=\"0 0 12 12\">\n\t\t\t\t<path fill=\"#fff\" d=\"M2 0a2 2 0 0 0-2 2v2h1.5V2a.5.5 0 0 1 .5-.5h2V0H2Zm2 10.5H2a.5.5 0 0 1-.5-.5V8H0v2a2 2 0 0 0 2 2h2v-1.5ZM8 12v-1.5h2a.5.5 0 0 0 .5-.5V8H12v2a2 2 0 0 1-2 2H8Zm2-12a2 2 0 0 1 2 2v2h-1.5V2a.5.5 0 0 0-.5-.5H8V0h2Z\" \/>\n\t\t\t<\/svg>\n\t\t<\/button><\/figure>\n\n\n\n<p>Vom h\u00f6lzernen Aussichtsturm aus, ist dieses sch\u00f6ne Moor, im Zusammenspiel mit der Kulisse aus Bergen und See, ein sehenswertes Naturschutzgebiet \u2013 ein \u00f6kologisches Juwel im Flachgau. Wir wandern auf dem Rundweg gut eine halbe Stunde zur\u00fcck zum Ausgangspunkt. Anschlie\u00dfend geht hin\u00fcber nach St. Wolfgang. Gut aufgew\u00e4rmt und durstig gehen wir auf dem Sattelweg zum Schwarzensee \u2013 ein immer wieder sch\u00f6nes Platzl &#8211; und die Einkehr im Almstadl ist uns auch sehr willkommen. Gutes Bier und eine kleine St\u00e4rkung runden das gem\u00fctliche in der Sonne Sitzen so richtig ab. Von dort weg geht es heimw\u00e4rts. Zuvor kehren wir noch in der Steckerlfischbraterei Wenk in Lambach\/Stadl Paura auf 14 Saiblinge und eine Makrele ein \u2013 k\u00f6stlich!<br>Wieder ging ein sehr abwechslungsreicher und lustiger Riegenausflug zu Ende. Gro\u00dfen Dank an unsere Fahrer Moosi und Walter und unseren Organisator Alfons, der diesmal kr\u00e4ftig von Moosi unterst\u00fctzt wurde !!!<\/p>\n\n\n\n<p class=\"has-text-align-center\">Gem\u00fctlich &amp; sch\u00f6n war`s !!<br>Herbert Aigner<\/p>\n","protected":false},"excerpt":{"rendered":"<p>Alle Fotos vom Riegenausflug Bericht \u00fcber den Riegenausflug vom 1. bis 3. Oktober von Herbert Aigner: Im Vorjahr sind wir auf den Geschmack gekommen, unser Ausflugsziel in einer relativ kurzen Fahrzeit zu erreichen, daher wurde heuer das Gebiet um den Wolfgangsee gew\u00e4hlt. Bei gutem Wetter trafen sich 15 Turnbr\u00fcder (drei davon waren erstmals dabei) am [&hellip;]<\/p>\n","protected":false},"author":1,"featured_media":0,"parent":0,"menu_order":0,"comment_status":"closed","ping_status":"closed","template":"","meta":{"footnotes":""},"class_list":["post-509","page","type-page","status-publish","hentry"],"_links":{"self":[{"href":"https:\/\/demj.bplaced.net\/tv\/wp-json\/wp\/v2\/pages\/509","targetHints":{"allow":["GET"]}}],"collection":[{"href":"https:\/\/demj.bplaced.net\/tv\/wp-json\/wp\/v2\/pages"}],"about":[{"href":"https:\/\/demj.bplaced.net\/tv\/wp-json\/wp\/v2\/types\/page"}],"author":[{"embeddable":true,"href":"https:\/\/demj.bplaced.net\/tv\/wp-json\/wp\/v2\/users\/1"}],"replies":[{"embeddable":true,"href":"https:\/\/demj.bplaced.net\/tv\/wp-json\/wp\/v2\/comments?post=509"}],"version-history":[{"count":8,"href":"https:\/\/demj.bplaced.net\/tv\/wp-json\/wp\/v2\/pages\/509\/revisions"}],"predecessor-version":[{"id":606,"href":"https:\/\/demj.bplaced.net\/tv\/wp-json\/wp\/v2\/pages\/509\/revisions\/606"}],"wp:attachment":[{"href":"https:\/\/demj.bplaced.net\/tv\/wp-json\/wp\/v2\/media?parent=509"}],"curies":[{"name":"wp","href":"https:\/\/api.w.org\/{rel}","templated":true}]}}