{"id":65,"date":"2024-10-05T10:43:07","date_gmt":"2024-10-05T08:43:07","guid":{"rendered":"https:\/\/demj.bplaced.net\/tv\/?page_id=65"},"modified":"2024-10-05T11:50:17","modified_gmt":"2024-10-05T09:50:17","slug":"riegenausflug-2022","status":"publish","type":"page","link":"https:\/\/demj.bplaced.net\/tv\/riegenausflug-2022\/","title":{"rendered":"Riegenausflug 2022"},"content":{"rendered":"\n<p>Es war wieder soweit &#8211; 14 Turner trafen sich am 26. September 2022 um 8 Uhr zur Abfahrt bei der Turnhalle, ein weiterer stieg noch in Taiskirchen zu, sodass sich insgesamt 15 Mann \u00fcber Ried \u2013 Stra\u00dfwalchen \u2013 Salzburg \u2013 Rosenheim zum heurigen Ausflugsziel, <strong>Innsbruck<\/strong>, aufmachten. &nbsp;Nahezu bereits selbstverst\u00e4ndlich die Rollenverteilung: Planung und Organisation \u2013 Alfons Mairhofer, Kleinbusfahrer \u2013 Moosi und Walter Heher, &nbsp;Jausenchef \u2013 Pepi Eisenk\u00f6ck. Leider war die Wettervorschau diesmal nicht auf unserer Seite. Trotzdem wurde, bei k\u00fchlen Temperaturen und tief h\u00e4ngenden Wolken, die obligate Knackerjause mit Bier am Rastplatz Chiemsee eingenommen. Von dort ging es dann direkt ins Hotel Dollinger in Innsbruck weiter, wo auch gleich die Zimmer bezogen wurden. Zudem erhielt jeder von uns eine <em>\u201eInnsbruck Card All Inclusive\u201c<\/em>, mit der wir 48 Stunden alle \u00d6ffis und Bergbahnen Innsbrucks benutzen konnten. Bereits um halb zwei standen wir dann auch schon an der Talstation der neuen Nordketten Standseilbahn. Ein technisches Meisterwerk, gepaart mit einer sehr gef\u00e4lligen Architektur von Zaha Hadid Architects ! Nach einer Fahrzeit von nur 8 Minuten erreichten wir die Station Hungerburg und stiegen darauffolgend in die Seegrubenbahn und Hafelekarbahn um. Insgesamt schafften wir es somit in sehr kurzer Zeit &nbsp;aus der Altstadt auf das \u201eTop of Innsbruck\u201c, welches sich schon angeschneit pr\u00e4sentierte. Auch die ersten Schneeb\u00e4lle wurden geworfen. Kurze Nebel-Wolkenfenster lie\u00dfen tolle Panoramablicke auf die Stadt, das Inntal und den Alpenhauptkamm zu. In der anderen Richtung schaute man in das wildromantische Karwendelgebirge mit seinen schroffen Gipfeln. 10 Mann wanderten letztlich noch hinauf zur 2.344 m hohen Hafelekarspitze mit seinem Gipfelkreuz. Nach einer gemeinsamen kleinen Rast und St\u00e4rkung im Panoramarestaurant ging es wieder mit den Seilbahnen hinab&nbsp; ins Tal und der erste Altstadtbummel konnte beginnen. Durch die Hofburg zum Goldenen Dachl, vorbei an wundersch\u00f6nen H\u00e4usern aus der Kaiserzeit \u2013 allseits gut bekannt, aber immer wieder sch\u00f6n anzusehen! Dann die verdiente Rast im Stiftskeller. Im Gastgarten sitzend wurden endlich 15 Biergl\u00e4ser zum gemeinsamen Prost zusammengesto\u00dfen und der edle Spender angesungen. Naja, das war wohl so z\u00fcnftig, dass s\u00e4mtliche Touristen nur noch sooo geschaut haben!<\/p>\n\n\n\n<div class=\"wp-block-group has-global-padding is-layout-constrained wp-block-group-is-layout-constrained\">\n<figure class=\"wp-block-gallery has-nested-images columns-1 is-cropped wp-block-gallery-1 is-layout-flex wp-block-gallery-is-layout-flex\">\n<figure class=\"wp-block-image size-large\"><a href=\"https:\/\/demj.bplaced.net\/tv\/wp-content\/uploads\/2024\/10\/Bild1.png\"><img loading=\"lazy\" decoding=\"async\" width=\"371\" height=\"279\" data-id=\"68\" src=\"https:\/\/demj.bplaced.net\/tv\/wp-content\/uploads\/2024\/10\/Bild1.png\" alt=\"\" class=\"wp-image-68\" srcset=\"https:\/\/demj.bplaced.net\/tv\/wp-content\/uploads\/2024\/10\/Bild1.png 371w, https:\/\/demj.bplaced.net\/tv\/wp-content\/uploads\/2024\/10\/Bild1-300x226.png 300w\" sizes=\"auto, (max-width: 371px) 100vw, 371px\" \/><\/a><\/figure>\n\n\n\n<figure class=\"wp-block-image size-large\"><a href=\"https:\/\/demj.bplaced.net\/tv\/wp-content\/uploads\/2024\/10\/Bild2.png\"><img loading=\"lazy\" decoding=\"async\" width=\"371\" height=\"279\" data-id=\"70\" src=\"https:\/\/demj.bplaced.net\/tv\/wp-content\/uploads\/2024\/10\/Bild2.png\" alt=\"\" class=\"wp-image-70\" srcset=\"https:\/\/demj.bplaced.net\/tv\/wp-content\/uploads\/2024\/10\/Bild2.png 371w, https:\/\/demj.bplaced.net\/tv\/wp-content\/uploads\/2024\/10\/Bild2-300x226.png 300w\" sizes=\"auto, (max-width: 371px) 100vw, 371px\" \/><\/a><\/figure>\n<\/figure>\n<\/div>\n\n\n\n<p>Der Ausklang des ersten Tages fand anschlie\u00dfend mit einem gem\u00fctlichen Abendessen im Hotel statt. Leider erwies sich sp\u00e4ter unser Gastgeber als Spa\u00dfbremse und drehte bereits um elf die Lichter ab \u2013 nicht zu glauben, aber wahr.<\/p>\n\n\n\n<p><strong>2.Tag<\/strong> \u2013 Nach dem reichhaltigen Fr\u00fchst\u00fcck gingen wir zum Bus und&nbsp; fuhren hinaus zum Schloss Ambras. Eine sehr sch\u00f6ne Schlossanlage mit beeindruckenden R\u00e4umlichkeiten (z.B. Spanischer Saal) und Exponaten aus der Renaissancezeit \u2013 wirklich sehenswert. Nach ausreichend Kulturgeschichte gingen wir wieder zum Bus und fuhren weiter zum Innsbrucker Hausberg, dem Patscherkofel. Mit der neuen, 2017 errichteten Seilbahn, ging es wieder flott hinauf zur modernen Bergstation auf 1.965 m. Das Wetter lie\u00df es zu, dass sieben Mann zum bereits angeschneiten Gipfel \u2013 2.246 m, mit dem weithin sichtbaren Sendemast aufstiegen. Die verbliebene Gruppe f\u00fchrte in der n\u00e4heren Umgebung der Bergstation ebenfalls eine kleinere Wanderung durch und kehrte schon fr\u00fcher ins Bergrestaurant ein, wo letztlich wieder alle zusammentrafen. In der Zwischenzeit erhielt Alfons von seiner Tochter Ines, die bereits seit einiger Zeit in Innsbruck lebt, einen Anruf mit dem Angebot, das Tiroler Landhaus besichtigen zu k\u00f6nnen. Dieses Angebot wurde nat\u00fcrlich angenommen und wir fuhren wieder mit der Seilbahn hinunter nach Patsch und dem Bus zur\u00fcck in die Stadt. Dort trafen wir uns mit Ines, die uns am Weg zum Landtagsgeb\u00e4ude noch einiges \u00fcber Innsbruck erz\u00e4hlte und uns zum Landtagsabgeordneten der NEOS, Dominik Oberhofer f\u00fchrte. In einer \u00e4u\u00dferst interessant und kurzweilig gehaltenen F\u00fchrung durch das ehrw\u00fcrdige Geb\u00e4ude, erz\u00e4hlte er uns vieles \u00fcber die Geschichte, Gegenwart und auch Besonderheiten des Tiroler Landtags. Mittelpunkt der F\u00fchrung war nat\u00fcrlich der Plenarsaal, der sich im wundersch\u00f6nen, renovierten barocken Sitzungssaal des Landhauses befindet.<\/p>\n\n\n\n<p>Im Anschluss an den Abstecher ins Landhaus ging es wieder in die historische Altstadt zum Stadtturm beim Alten Rathaus. \u00dcber 133 Stufen einer doppell\u00e4ufigen Wendeltreppe gelangten wir auf die Aussichtsplattform und hatten von dort einen wunderbaren Ausblick auf Innsbruck und seine faszinierende angeschneite Bergkulisse. Wieder heruntergestiegen, beendeten wir, wie bereits am Vortag, unser Tagesprogramm im Stiftskeller bei einem verdienten Bier und wanderten letztlich wieder \u00fcber die Innbr\u00fccke zur\u00fcck ins Hotel zum Abendessen und gem\u00fctlichem Zusammensein. An dieser Stelle einen ganz herzlichen Dank an Ines Mairhofer f\u00fcr ihr spontanes Engagement und ihre interessanten G\u00b4schichtln !!<\/p>\n\n\n\n<figure class=\"wp-block-gallery has-nested-images columns-1 is-cropped wp-block-gallery-2 is-layout-flex wp-block-gallery-is-layout-flex\">\n<figure class=\"wp-block-image size-large\"><img loading=\"lazy\" decoding=\"async\" width=\"676\" height=\"404\" data-id=\"75\" src=\"https:\/\/demj.bplaced.net\/tv\/wp-content\/uploads\/2024\/10\/Bild4a.png\" alt=\"\" class=\"wp-image-75\" srcset=\"https:\/\/demj.bplaced.net\/tv\/wp-content\/uploads\/2024\/10\/Bild4a.png 676w, https:\/\/demj.bplaced.net\/tv\/wp-content\/uploads\/2024\/10\/Bild4a-300x179.png 300w\" sizes=\"auto, (max-width: 676px) 100vw, 676px\" \/><\/figure>\n\n\n\n<figure class=\"wp-block-image size-full\"><a href=\"https:\/\/demj.bplaced.net\/tv\/wp-content\/uploads\/2024\/10\/Bild4.png\"><img loading=\"lazy\" decoding=\"async\" width=\"479\" height=\"360\" data-id=\"73\" src=\"https:\/\/demj.bplaced.net\/tv\/wp-content\/uploads\/2024\/10\/Bild4.png\" alt=\"\" class=\"wp-image-73\" srcset=\"https:\/\/demj.bplaced.net\/tv\/wp-content\/uploads\/2024\/10\/Bild4.png 479w, https:\/\/demj.bplaced.net\/tv\/wp-content\/uploads\/2024\/10\/Bild4-300x225.png 300w\" sizes=\"auto, (max-width: 479px) 100vw, 479px\" \/><\/a><\/figure>\n\n\n\n<figure class=\"wp-block-image size-full\"><a href=\"https:\/\/demj.bplaced.net\/tv\/wp-content\/uploads\/2024\/10\/Bild5.png\"><img loading=\"lazy\" decoding=\"async\" width=\"271\" height=\"325\" data-id=\"74\" src=\"https:\/\/demj.bplaced.net\/tv\/wp-content\/uploads\/2024\/10\/Bild5.png\" alt=\"\" class=\"wp-image-74\" srcset=\"https:\/\/demj.bplaced.net\/tv\/wp-content\/uploads\/2024\/10\/Bild5.png 271w, https:\/\/demj.bplaced.net\/tv\/wp-content\/uploads\/2024\/10\/Bild5-250x300.png 250w\" sizes=\"auto, (max-width: 271px) 100vw, 271px\" \/><\/a><\/figure>\n<\/figure>\n\n\n\n<p>&nbsp;<strong>3.Tag<\/strong> \u2013 Beim Fr\u00fchst\u00fcck wurde bereits erfreut festgestellt, dass bisher das Wetter, entgegen den urspr\u00fcnglichen Prognosen,&nbsp; eigentlich durchaus brauchbar war. Heute stand nach dem Checkout ein besonders interessantes Ziel am Programm \u2013 die Glockengie\u00dferei Grassmayer. Bereits in der 14. Generation wird dieser \u00e4lteste \u00f6sterreichische Familienbetrieb seit 1599 betrieben. Empfangen wurden wir von der Seniorchefin, Frau Elisabeth Grassmayer, eine sehr sympathische Tirolerin mit Charme und Witz und knackigem Dialekt. Beim Rundgang durch den Betrieb gelang es ihr in k\u00fcrzester Zeit, uns in die Welt der Herstellung von Glocken aller Art zu entf\u00fchren. Zuerst ging es durch das Firmenmuseum, dann ein Zeitraffer-Videofilm \u00fcber die Herstellung einer Glocke. Zwischendurch gab sie uns sehr viele interessante Informationen \u00fcber Glockenberechnung, Bronze und an einigen Stationen wurden die Schallschwingungen einer Glocke sp\u00fcrbar gemacht. Insgesamt eine sehr interessante Betriebsbesichtigung !&nbsp;<\/p>\n\n\n\n<figure class=\"wp-block-gallery has-nested-images columns-1 is-cropped wp-block-gallery-3 is-layout-flex wp-block-gallery-is-layout-flex\">\n<figure class=\"wp-block-image size-full\"><a href=\"https:\/\/demj.bplaced.net\/tv\/wp-content\/uploads\/2024\/10\/Bild6.png\"><img loading=\"lazy\" decoding=\"async\" width=\"613\" height=\"365\" data-id=\"77\" src=\"https:\/\/demj.bplaced.net\/tv\/wp-content\/uploads\/2024\/10\/Bild6.png\" alt=\"\" class=\"wp-image-77\" srcset=\"https:\/\/demj.bplaced.net\/tv\/wp-content\/uploads\/2024\/10\/Bild6.png 613w, https:\/\/demj.bplaced.net\/tv\/wp-content\/uploads\/2024\/10\/Bild6-300x179.png 300w\" sizes=\"auto, (max-width: 613px) 100vw, 613px\" \/><\/a><\/figure>\n\n\n\n<figure class=\"wp-block-image size-full\"><a href=\"https:\/\/demj.bplaced.net\/tv\/wp-content\/uploads\/2024\/10\/Bild7.png\"><img loading=\"lazy\" decoding=\"async\" width=\"402\" height=\"302\" data-id=\"78\" src=\"https:\/\/demj.bplaced.net\/tv\/wp-content\/uploads\/2024\/10\/Bild7.png\" alt=\"\" class=\"wp-image-78\" srcset=\"https:\/\/demj.bplaced.net\/tv\/wp-content\/uploads\/2024\/10\/Bild7.png 402w, https:\/\/demj.bplaced.net\/tv\/wp-content\/uploads\/2024\/10\/Bild7-300x225.png 300w\" sizes=\"auto, (max-width: 402px) 100vw, 402px\" \/><\/a><\/figure>\n<\/figure>\n\n\n\n<p>Die letzte Station vor der R\u00fcckfahrt war dann noch das sch\u00f6ne Alpbachtal. In einer rund halbst\u00fcndigen Wanderung gingen wir hinauf zum &nbsp;<em>Jausenst\u00fcberl Oberthaler<\/em>, einem Bergbauernhof wie aus dem Bilderbuch. Die freundliche B\u00e4uerin servierte uns Getr\u00e4nke und eine sehr gschmackige Jause,&nbsp; genau das Richtige zum Abschluss unseres Ausfluges.<\/p>\n\n\n\n<figure class=\"wp-block-gallery has-nested-images columns-1 is-cropped wp-block-gallery-4 is-layout-flex wp-block-gallery-is-layout-flex\">\n<figure class=\"wp-block-image size-full\"><a href=\"https:\/\/demj.bplaced.net\/tv\/wp-content\/uploads\/2024\/10\/Bild8.png\"><img loading=\"lazy\" decoding=\"async\" width=\"389\" height=\"293\" data-id=\"79\" src=\"https:\/\/demj.bplaced.net\/tv\/wp-content\/uploads\/2024\/10\/Bild8.png\" alt=\"\" class=\"wp-image-79\" srcset=\"https:\/\/demj.bplaced.net\/tv\/wp-content\/uploads\/2024\/10\/Bild8.png 389w, https:\/\/demj.bplaced.net\/tv\/wp-content\/uploads\/2024\/10\/Bild8-300x226.png 300w\" sizes=\"auto, (max-width: 389px) 100vw, 389px\" \/><\/a><\/figure>\n\n\n\n<figure class=\"wp-block-image size-full\"><a href=\"https:\/\/demj.bplaced.net\/tv\/wp-content\/uploads\/2024\/10\/Bild9.png\"><img loading=\"lazy\" decoding=\"async\" width=\"271\" height=\"204\" data-id=\"80\" src=\"https:\/\/demj.bplaced.net\/tv\/wp-content\/uploads\/2024\/10\/Bild9.png\" alt=\"\" class=\"wp-image-80\"\/><\/a><\/figure>\n<\/figure>\n\n\n\n<p>Wiederum ging ein sehr abwechslungsreicher und lustiger Riegenausflug nach einer R\u00fcckfahrt \u00fcber das Gro\u00dfe Deutsche Eck zu Ende. &nbsp;Ganz gro\u00dfen Dank an unsere Fahrer Moosi und Walter und unserem Organisator Alfons !!!<\/p>\n\n\n\n<p>Herbert Aigner<\/p>\n\n\n\n<p><a id=\"_msocom_1\"><\/a><\/p>\n","protected":false},"excerpt":{"rendered":"<p>Es war wieder soweit &#8211; 14 Turner trafen sich am 26. September 2022 um 8 Uhr zur Abfahrt bei der Turnhalle, ein weiterer stieg noch in Taiskirchen zu, sodass sich insgesamt 15 Mann \u00fcber Ried \u2013 Stra\u00dfwalchen \u2013 Salzburg \u2013 Rosenheim zum heurigen Ausflugsziel, Innsbruck, aufmachten. &nbsp;Nahezu bereits selbstverst\u00e4ndlich die Rollenverteilung: Planung und Organisation \u2013 [&hellip;]<\/p>\n","protected":false},"author":1,"featured_media":0,"parent":0,"menu_order":0,"comment_status":"closed","ping_status":"closed","template":"","meta":{"footnotes":""},"class_list":["post-65","page","type-page","status-publish","hentry"],"_links":{"self":[{"href":"https:\/\/demj.bplaced.net\/tv\/wp-json\/wp\/v2\/pages\/65","targetHints":{"allow":["GET"]}}],"collection":[{"href":"https:\/\/demj.bplaced.net\/tv\/wp-json\/wp\/v2\/pages"}],"about":[{"href":"https:\/\/demj.bplaced.net\/tv\/wp-json\/wp\/v2\/types\/page"}],"author":[{"embeddable":true,"href":"https:\/\/demj.bplaced.net\/tv\/wp-json\/wp\/v2\/users\/1"}],"replies":[{"embeddable":true,"href":"https:\/\/demj.bplaced.net\/tv\/wp-json\/wp\/v2\/comments?post=65"}],"version-history":[{"count":23,"href":"https:\/\/demj.bplaced.net\/tv\/wp-json\/wp\/v2\/pages\/65\/revisions"}],"predecessor-version":[{"id":113,"href":"https:\/\/demj.bplaced.net\/tv\/wp-json\/wp\/v2\/pages\/65\/revisions\/113"}],"wp:attachment":[{"href":"https:\/\/demj.bplaced.net\/tv\/wp-json\/wp\/v2\/media?parent=65"}],"curies":[{"name":"wp","href":"https:\/\/api.w.org\/{rel}","templated":true}]}}