{"id":9,"date":"2024-10-03T20:34:51","date_gmt":"2024-10-03T18:34:51","guid":{"rendered":"https:\/\/demj.bplaced.net\/tv\/?page_id=9"},"modified":"2024-11-06T14:14:16","modified_gmt":"2024-11-06T13:14:16","slug":"riegenausflug-2024","status":"publish","type":"page","link":"https:\/\/demj.bplaced.net\/tv\/riegenausflug-2024\/","title":{"rendered":"Riegenausflug 2024"},"content":{"rendered":"\n<p><a href=\"https:\/\/demj.bplaced.net\/tv\/fotos-von-herbert-2024\/\" data-type=\"page\" data-id=\"147\"><strong>Alle Fotos vom Riegenausflug<\/strong><\/a><\/p>\n\n\n\n<p><strong>Bericht \u00fcber den Riegenausflug vom 1. bis 3. Oktober von Herbert Aigner:<\/strong><\/p>\n\n\n\n<p>Warum in die Ferne schweifen, wenn das Gute und Sch\u00f6ne so nahe liegt. Diesem Motto folgend ging es am 1. Oktober um 8 Uhr ab zu unserem Riegenausflug. Das diesj\u00e4hrige Ziel war das M\u00fchlviertel mit Freistadt und seiner n\u00e4heren Umgebung. Perfekt wie immer, die Planung\/Organisation von Alfons Mairhofer und die bew\u00e4hrten Kleinbusfahrer \u2013 Moosi und Walter Heher. \u00dcber Eferding und Gramastetten ging es bei starker Bew\u00f6lkung vorerst nach Bad Leonfelden. Vermutlich erstmals in der langen Ausflugsgeschichte gab es nicht die obligate Knackerjause, sondern die erste St\u00e4rkung im \u201eGrenzgenuss-Bistro\u201c. Dort war dann auch gleich der Ausgangspunkt unserer ersten Aktivit\u00e4t, einer gem\u00fctlichen Wanderung zur Europ\u00e4ischen Wasserscheide, vorbei an interessanten alten landwirtschaftlichen Gebrauchsgegenst\u00e4nden aus Granit.<\/p>\n\n\n\n<figure class=\"wp-block-gallery has-nested-images columns-1 is-cropped wp-block-gallery-1 is-layout-flex wp-block-gallery-is-layout-flex\">\n<figure class=\"wp-block-image size-large\"><a href=\"https:\/\/demj.bplaced.net\/tv\/wp-content\/uploads\/2024\/10\/IMG_6060-1.jpg\"><img loading=\"lazy\" decoding=\"async\" width=\"1024\" height=\"768\" data-id=\"222\" src=\"https:\/\/demj.bplaced.net\/tv\/wp-content\/uploads\/2024\/10\/IMG_6060-1-1024x768.jpg\" alt=\"\" class=\"wp-image-222\" srcset=\"https:\/\/demj.bplaced.net\/tv\/wp-content\/uploads\/2024\/10\/IMG_6060-1-1024x768.jpg 1024w, https:\/\/demj.bplaced.net\/tv\/wp-content\/uploads\/2024\/10\/IMG_6060-1-300x225.jpg 300w, https:\/\/demj.bplaced.net\/tv\/wp-content\/uploads\/2024\/10\/IMG_6060-1-768x576.jpg 768w, https:\/\/demj.bplaced.net\/tv\/wp-content\/uploads\/2024\/10\/IMG_6060-1.jpg 1333w\" sizes=\"auto, (max-width: 1024px) 100vw, 1024px\" \/><\/a><\/figure>\n\n\n\n<figure class=\"wp-block-image size-large\"><a href=\"https:\/\/demj.bplaced.net\/tv\/wp-content\/uploads\/2024\/10\/IMG_6062-1.jpg\"><img loading=\"lazy\" decoding=\"async\" width=\"1024\" height=\"768\" data-id=\"224\" src=\"https:\/\/demj.bplaced.net\/tv\/wp-content\/uploads\/2024\/10\/IMG_6062-1-1024x768.jpg\" alt=\"\" class=\"wp-image-224\" srcset=\"https:\/\/demj.bplaced.net\/tv\/wp-content\/uploads\/2024\/10\/IMG_6062-1-1024x768.jpg 1024w, https:\/\/demj.bplaced.net\/tv\/wp-content\/uploads\/2024\/10\/IMG_6062-1-300x225.jpg 300w, https:\/\/demj.bplaced.net\/tv\/wp-content\/uploads\/2024\/10\/IMG_6062-1-768x576.jpg 768w, https:\/\/demj.bplaced.net\/tv\/wp-content\/uploads\/2024\/10\/IMG_6062-1.jpg 1333w\" sizes=\"auto, (max-width: 1024px) 100vw, 1024px\" \/><\/a><\/figure>\n<\/figure>\n\n\n\n<p>Nach dieser gut 1,5-st\u00fcndigen Wanderung gings nun wieder weiter nach Freistadt ins \u201eHotel zum goldenen Hirschen\u201c beim B\u00f6hmertor. Die Zimmer waren relativ rasch verteilt, sodass dann noch etwas Zeit f\u00fcr ein erstes Seiterl blieb, denn um 14 Uhr wartete bereits Frau Heidi Kreischer mit einer Stadtf\u00fchrung auf uns. Treffpunkt war beim Schlossmuseum mit seinem 50 Meter hohen Schlossturm. Mit ihrem sehr beeindruckenden Fachwissen \u00fcber ihre Heimatstadt erz\u00e4hlte uns die pensionierte Lehrerin in ihrer lockeren und sympathischen Art vieles \u00fcber die Stadtgeschichte aus dem Mittelalter, der Zeit w\u00e4hrend der Besatzung nach dem Zweiten Weltkrieg und des Eisernen Vorhangs &#8211; bis herauf in die Gegenwart. Wir spazierten dann weiter \u00fcber den Hauptplatz mit seinen beeindruckenden H\u00e4usern und Brunnen hin\u00fcber zur Stadtpfarrkirche aus dem 13. Jahrhundert. Nach vielen interessanten Details \u00fcber die Kirche, bestiegen wir den Kirchturm bis zur Turmstube mit vier Balkonen, von denen wir einen tollen Ausblick auf den darunterliegenden Stadtplatz und Fernblick in alle Himmelsrichtungen hatten. Weiter gings durch die historischen Gassen \u00fcber den Dechantplatz und H\u00f6llplatz zum beeindruckenden Linzertor, von dort \u00fcber die Salzgasse zum kleinen-feinen Veranstaltungszentrum \u201eSalzhof\u201c und final zum Hotel zur\u00fcck, wo die F\u00fchrung endete. Sicherlich hat die Landesaustellung 2013 viel dazu beigetragen, dass sich uns diese 8000 Einwohner-Stadt heute als pulsierende Schul- und Bezirksstadt mit einem beeindruckenden historischen Hintergrund in dieser Sch\u00f6nheit pr\u00e4sentierte. Den Abschluss des ersten Tages bildete noch das Abendessen im Hotel und ein lustig-gem\u00fctliches Zusammensein in der Ratsherrenstube am Hauptplatz.<\/p>\n\n\n\n<figure class=\"wp-block-gallery has-nested-images columns-1 is-cropped wp-block-gallery-2 is-layout-flex wp-block-gallery-is-layout-flex\">\n<figure class=\"wp-block-image size-large\"><a href=\"https:\/\/demj.bplaced.net\/tv\/wp-content\/uploads\/2024\/10\/Alfons2.jpeg\"><img loading=\"lazy\" decoding=\"async\" width=\"1024\" height=\"768\" data-id=\"328\" src=\"https:\/\/demj.bplaced.net\/tv\/wp-content\/uploads\/2024\/10\/Alfons2-1024x768.jpeg\" alt=\"\" class=\"wp-image-328\" srcset=\"https:\/\/demj.bplaced.net\/tv\/wp-content\/uploads\/2024\/10\/Alfons2-1024x768.jpeg 1024w, https:\/\/demj.bplaced.net\/tv\/wp-content\/uploads\/2024\/10\/Alfons2-300x225.jpeg 300w, https:\/\/demj.bplaced.net\/tv\/wp-content\/uploads\/2024\/10\/Alfons2-768x576.jpeg 768w, https:\/\/demj.bplaced.net\/tv\/wp-content\/uploads\/2024\/10\/Alfons2-1536x1152.jpeg 1536w, https:\/\/demj.bplaced.net\/tv\/wp-content\/uploads\/2024\/10\/Alfons2.jpeg 2048w\" sizes=\"auto, (max-width: 1024px) 100vw, 1024px\" \/><\/a><\/figure>\n\n\n\n<figure class=\"wp-block-image size-large\"><a href=\"https:\/\/demj.bplaced.net\/tv\/wp-content\/uploads\/2024\/10\/IMG_6101.jpg\"><img loading=\"lazy\" decoding=\"async\" width=\"1024\" height=\"768\" data-id=\"167\" src=\"https:\/\/demj.bplaced.net\/tv\/wp-content\/uploads\/2024\/10\/IMG_6101-1024x768.jpg\" alt=\"\" class=\"wp-image-167\" srcset=\"https:\/\/demj.bplaced.net\/tv\/wp-content\/uploads\/2024\/10\/IMG_6101-1024x768.jpg 1024w, https:\/\/demj.bplaced.net\/tv\/wp-content\/uploads\/2024\/10\/IMG_6101-300x225.jpg 300w, https:\/\/demj.bplaced.net\/tv\/wp-content\/uploads\/2024\/10\/IMG_6101-768x576.jpg 768w, https:\/\/demj.bplaced.net\/tv\/wp-content\/uploads\/2024\/10\/IMG_6101.jpg 1333w\" sizes=\"auto, (max-width: 1024px) 100vw, 1024px\" \/><\/a><\/figure>\n<\/figure>\n\n\n\n<p>Nach insgesamt knapp einer Stunde Naturwandern pur trafen wir uns dann mit den restlichen Turnbr\u00fcdern im \u201e14er Treff\u201c an der B125 auf eine Rast und k\u00f6stliches Freist\u00e4dter Bier, gewisserma\u00dfen zum Aufw\u00e4rmen f\u00fcr das folgende Nachmittagsprogramm.<br>In insgesamt gut 7 km waren wir nun wieder auf demselben Weg zur\u00fcck in Freistadt angekommen. Nach einer kurzen Regenerationszeit spazierten wir dann geschlossen zur Brauerei, wo uns um 15 Uhr eine F\u00fchrung durch die Braucommune Freistadt erwartete.<br>Schon von au\u00dfen erkannte man, dass diese Brauerei etwas Besonderes darstellt \u2013 Historisches Brauhaus trifft modernste Brautechnik. Empfangen wurden wir von Frau Sieglinde Lehner-Penn und jeder bekam gleich zur Begr\u00fc\u00dfung in der \u201eKathedrale\u201c (Sudhaus) ein Glas Junghopfenpils. Somit war gleich der wichtige Sympathie-Funke \u00fcbergesprungen. Nach den ersten \u00fcblichen Informationen betreffend Betriebsgr\u00f6\u00dfe, Biersorten (13), Bieraussto\u00df, Regionalit\u00e4t, Qualit\u00e4tsanspruch, Nachhaltigkeit usw. ist wohl die Gesellschaftsform \u201eCommune\u201c eine weltweite Einmaligkeit: seit 1777 ist (grundb\u00fccherlich festgeschrieben) die Brauerei zu 100% im Besitz von 149 H\u00e4usern innerhalb der Stadtmauern und somit Privatbesitz und unverk\u00e4uflich. Kurzweilig und sehr informativ ging es dann, dem Brauprozess folgend, durch den modernen Betrieb mit zwischenzeitlichen Verkostungen. Wir erfuhren viel Neues \u00fcber diese Vorzeige-Brauerei mit ihrer Gesamtphilosophie \u2013 einfach begeisternd! Im zwanglosen Zusammenstehen gab es dann zum Abschluss der F\u00fchrung noch einen Abschiedstrunk. Als unseren Dank haben wir nat\u00fcrlich die Sieglinde in der hallenden Kathedrale dann noch ganz kr\u00e4ftig angesungen, bevor wir r\u00e4umlich ins angeschlossene Brauhaus zum sehr guten Abendessen wechselten \u2013 einfach toll !!<\/p>\n\n\n\n<figure class=\"wp-block-gallery has-nested-images columns-1 is-cropped wp-block-gallery-3 is-layout-flex wp-block-gallery-is-layout-flex\">\n<figure class=\"wp-block-image size-large\"><a href=\"https:\/\/demj.bplaced.net\/tv\/wp-content\/uploads\/2024\/10\/IMG_6140-1.jpg\"><img loading=\"lazy\" decoding=\"async\" width=\"1024\" height=\"768\" data-id=\"274\" src=\"https:\/\/demj.bplaced.net\/tv\/wp-content\/uploads\/2024\/10\/IMG_6140-1-1024x768.jpg\" alt=\"\" class=\"wp-image-274\" srcset=\"https:\/\/demj.bplaced.net\/tv\/wp-content\/uploads\/2024\/10\/IMG_6140-1-1024x768.jpg 1024w, https:\/\/demj.bplaced.net\/tv\/wp-content\/uploads\/2024\/10\/IMG_6140-1-300x225.jpg 300w, https:\/\/demj.bplaced.net\/tv\/wp-content\/uploads\/2024\/10\/IMG_6140-1-768x576.jpg 768w, https:\/\/demj.bplaced.net\/tv\/wp-content\/uploads\/2024\/10\/IMG_6140-1.jpg 1333w\" sizes=\"auto, (max-width: 1024px) 100vw, 1024px\" \/><\/a><\/figure>\n\n\n\n<figure class=\"wp-block-image size-large\"><a href=\"https:\/\/demj.bplaced.net\/tv\/wp-content\/uploads\/2024\/10\/IMG_6167-1.jpg\"><img loading=\"lazy\" decoding=\"async\" width=\"768\" height=\"1024\" data-id=\"267\" src=\"https:\/\/demj.bplaced.net\/tv\/wp-content\/uploads\/2024\/10\/IMG_6167-1-768x1024.jpg\" alt=\"\" class=\"wp-image-267\" srcset=\"https:\/\/demj.bplaced.net\/tv\/wp-content\/uploads\/2024\/10\/IMG_6167-1-768x1024.jpg 768w, https:\/\/demj.bplaced.net\/tv\/wp-content\/uploads\/2024\/10\/IMG_6167-1-225x300.jpg 225w, https:\/\/demj.bplaced.net\/tv\/wp-content\/uploads\/2024\/10\/IMG_6167-1.jpg 1000w\" sizes=\"auto, (max-width: 768px) 100vw, 768px\" \/><\/a><\/figure>\n<\/figure>\n\n\n\n<p>Nur der Vollst\u00e4ndigkeit halber muss noch erw\u00e4hnt werden, dass dieser Tag vermutlich f\u00fcr die meisten sehr anstrengend gewesen sein muss. Nur mehr Alfons und der Verfasser dieser Zeilen wollten um 20:30 Uhr der inzwischen eingetretenen \u00dcberhopfung, in einer sehr netten Vinothek im n\u00e4chtlichen Freistadt mittels steirischem Weissburgunder entgegenwirken.<\/p>\n\n\n\n<p>3. Tag \u2013 Das Wetter war auch an diesem Tag, entgegen den urspr\u00fcnglichen Prognosen, bisher durchaus brauchbar. Nach dem Fr\u00fchst\u00fcck und Checkout stand die Wanderung von Freistadt nach Kefermarkt auf dem Programm und die Wanderergruppe machte sich um 8 Uhr auf den Weg. Dieser \u201eBurgen- und Schl\u00f6sserweg\u201c f\u00fchrte anfangs gleich flott bergauf durch sch\u00f6ne W\u00e4lder und \u00fcber weiche Wiesenwege nach Lasberg, vorbei an Burg Dornach, dann der Feistritz entlang und sp\u00e4ter gerade der Feldaist und Eisenbahn entlang bis nach Kefermarkt. Nach 2,5 Stunden und 11 km trafen wir uns dann mit den anderen, mit dem Auto nachgereisten T\u00fcrnbr\u00fcdern im Cafe St\u00f6ckl. Anschlie\u00dfend besichtigten wir die Pfarrkirche von Kefermarkt mit seinem faszinierenden und ber\u00fchmten Fl\u00fcgelaltar. Im Anschluss daran gingen wir zu Fu\u00df hinauf zum Schloss Weinberg, wo wir Herrn Gerhard Danner trafen. Er f\u00fchrte uns mit sehr gro\u00dfem Wissen und Engagement durch das bedeutende Renaissanceschloss, welches u.a. auch sehr beeindruckende Prunkr\u00e4ume mit Stuckarbeiten und kunstvolles Inventar aufzuweisen hat. Nach der F\u00fchrung gings dann direkt zum versp\u00e4teten Mittagessen in die nahe Schlossbrauerei (Erste O\u00f6. Gasthausbrauerei). Sitzen und die St\u00e4rkung tat nun wirklich gut.<\/p>\n\n\n\n<figure class=\"wp-block-gallery has-nested-images columns-1 is-cropped wp-block-gallery-4 is-layout-flex wp-block-gallery-is-layout-flex\">\n<figure class=\"wp-block-image size-large\"><a href=\"https:\/\/demj.bplaced.net\/tv\/wp-content\/uploads\/2024\/10\/IMG_6201.jpg\"><img loading=\"lazy\" decoding=\"async\" width=\"1024\" height=\"768\" data-id=\"212\" src=\"https:\/\/demj.bplaced.net\/tv\/wp-content\/uploads\/2024\/10\/IMG_6201-1024x768.jpg\" alt=\"\" class=\"wp-image-212\" srcset=\"https:\/\/demj.bplaced.net\/tv\/wp-content\/uploads\/2024\/10\/IMG_6201-1024x768.jpg 1024w, https:\/\/demj.bplaced.net\/tv\/wp-content\/uploads\/2024\/10\/IMG_6201-300x225.jpg 300w, https:\/\/demj.bplaced.net\/tv\/wp-content\/uploads\/2024\/10\/IMG_6201-768x576.jpg 768w, https:\/\/demj.bplaced.net\/tv\/wp-content\/uploads\/2024\/10\/IMG_6201.jpg 1333w\" sizes=\"auto, (max-width: 1024px) 100vw, 1024px\" \/><\/a><\/figure>\n\n\n\n<figure class=\"wp-block-image size-large\"><a href=\"https:\/\/demj.bplaced.net\/tv\/wp-content\/uploads\/2024\/10\/IMG_6204.jpg\"><img loading=\"lazy\" decoding=\"async\" width=\"1024\" height=\"768\" data-id=\"214\" src=\"https:\/\/demj.bplaced.net\/tv\/wp-content\/uploads\/2024\/10\/IMG_6204-1024x768.jpg\" alt=\"\" class=\"wp-image-214\" srcset=\"https:\/\/demj.bplaced.net\/tv\/wp-content\/uploads\/2024\/10\/IMG_6204-1024x768.jpg 1024w, https:\/\/demj.bplaced.net\/tv\/wp-content\/uploads\/2024\/10\/IMG_6204-300x225.jpg 300w, https:\/\/demj.bplaced.net\/tv\/wp-content\/uploads\/2024\/10\/IMG_6204-768x576.jpg 768w, https:\/\/demj.bplaced.net\/tv\/wp-content\/uploads\/2024\/10\/IMG_6204.jpg 1333w\" sizes=\"auto, (max-width: 1024px) 100vw, 1024px\" \/><\/a><\/figure>\n<\/figure>\n\n\n\n<p>Der Abschlusspunkt des heurigen Riegenausflugs war dann noch der Besuch einer Bauernkrapfen-Schleiferei. Nicht wirklich ganz leicht zu finden, befindet sich da \u201eirgendwo\u201c in der N\u00e4he von Tragwein im M\u00fchlviertel ein sch\u00f6ner, gro\u00dfer Bauernhof mit einer originellen Gesch\u00e4ftsidee. Im Rahmen einer Schaub\u00e4ckerei werden da t\u00e4glich bis zu 4.000 wunderbare Bauernkrapfen hergestellt und in den verschiedensten Varianten serviert bzw. zum Nachhause mitnehmen verkauft.<br>Wiederum ging ein sehr abwechslungsreicher und lustiger Riegenausflug zu Ende. Ganz gro\u00dfen Dank an unsere Fahrer Moosi und Walter und unseren Organisator Alfons !!!<\/p>\n\n\n\n<p class=\"has-text-align-center\">Herbert Aigner<\/p>\n","protected":false},"excerpt":{"rendered":"<p>Alle Fotos vom Riegenausflug Bericht \u00fcber den Riegenausflug vom 1. bis 3. Oktober von Herbert Aigner: Warum in die Ferne schweifen, wenn das Gute und Sch\u00f6ne so nahe liegt. Diesem Motto folgend ging es am 1. Oktober um 8 Uhr ab zu unserem Riegenausflug. Das diesj\u00e4hrige Ziel war das M\u00fchlviertel mit Freistadt und seiner n\u00e4heren [&hellip;]<\/p>\n","protected":false},"author":1,"featured_media":0,"parent":0,"menu_order":0,"comment_status":"closed","ping_status":"closed","template":"","meta":{"footnotes":""},"class_list":["post-9","page","type-page","status-publish","hentry"],"_links":{"self":[{"href":"https:\/\/demj.bplaced.net\/tv\/wp-json\/wp\/v2\/pages\/9","targetHints":{"allow":["GET"]}}],"collection":[{"href":"https:\/\/demj.bplaced.net\/tv\/wp-json\/wp\/v2\/pages"}],"about":[{"href":"https:\/\/demj.bplaced.net\/tv\/wp-json\/wp\/v2\/types\/page"}],"author":[{"embeddable":true,"href":"https:\/\/demj.bplaced.net\/tv\/wp-json\/wp\/v2\/users\/1"}],"replies":[{"embeddable":true,"href":"https:\/\/demj.bplaced.net\/tv\/wp-json\/wp\/v2\/comments?post=9"}],"version-history":[{"count":9,"href":"https:\/\/demj.bplaced.net\/tv\/wp-json\/wp\/v2\/pages\/9\/revisions"}],"predecessor-version":[{"id":346,"href":"https:\/\/demj.bplaced.net\/tv\/wp-json\/wp\/v2\/pages\/9\/revisions\/346"}],"wp:attachment":[{"href":"https:\/\/demj.bplaced.net\/tv\/wp-json\/wp\/v2\/media?parent=9"}],"curies":[{"name":"wp","href":"https:\/\/api.w.org\/{rel}","templated":true}]}}